{"id":354,"date":"2020-03-17T08:49:12","date_gmt":"2020-03-17T08:49:12","guid":{"rendered":"https:\/\/tsf-duelmen.de\/?page_id=354"},"modified":"2024-02-17T18:09:49","modified_gmt":"2024-02-17T18:09:49","slug":"satzung","status":"publish","type":"page","link":"https:\/\/tsf-duelmen.de\/index.php\/satzung\/","title":{"rendered":"Satzung"},"content":{"rendered":"\t\t<div data-elementor-type=\"wp-page\" data-elementor-id=\"354\" class=\"elementor elementor-354\" data-elementor-post-type=\"page\">\n\t\t\t\t\t\t<section class=\"elementor-section elementor-top-section elementor-element elementor-element-1b9a17f elementor-section-boxed elementor-section-height-default elementor-section-height-default\" data-id=\"1b9a17f\" data-element_type=\"section\" data-e-type=\"section\">\n\t\t\t\t\t\t<div class=\"elementor-container elementor-column-gap-default\">\n\t\t\t\t\t<div class=\"elementor-column elementor-col-100 elementor-top-column elementor-element elementor-element-0430412\" data-id=\"0430412\" data-element_type=\"column\" data-e-type=\"column\">\n\t\t\t<div class=\"elementor-widget-wrap elementor-element-populated\">\n\t\t\t\t\t\t<div class=\"elementor-element elementor-element-3b081e4 elementor-widget elementor-widget-heading\" data-id=\"3b081e4\" data-element_type=\"widget\" data-e-type=\"widget\" data-widget_type=\"heading.default\">\n\t\t\t\t<div class=\"elementor-widget-container\">\n\t\t\t\t\t<h2 class=\"elementor-heading-title elementor-size-default\">Satzung<\/h2>\t\t\t\t<\/div>\n\t\t\t\t<\/div>\n\t\t\t\t\t<\/div>\n\t\t<\/div>\n\t\t\t\t\t<\/div>\n\t\t<\/section>\n\t\t\t\t<section class=\"elementor-section elementor-top-section elementor-element elementor-element-11cb1e5 elementor-section-boxed elementor-section-height-default elementor-section-height-default\" data-id=\"11cb1e5\" data-element_type=\"section\" data-e-type=\"section\">\n\t\t\t\t\t\t<div class=\"elementor-container elementor-column-gap-default\">\n\t\t\t\t\t<div class=\"elementor-column elementor-col-100 elementor-top-column elementor-element elementor-element-ae6c730\" data-id=\"ae6c730\" data-element_type=\"column\" data-e-type=\"column\">\n\t\t\t<div class=\"elementor-widget-wrap elementor-element-populated\">\n\t\t\t\t\t\t<div class=\"elementor-element elementor-element-20ffef3 elementor-widget elementor-widget-text-editor\" data-id=\"20ffef3\" data-element_type=\"widget\" data-e-type=\"widget\" data-widget_type=\"text-editor.default\">\n\t\t\t\t<div class=\"elementor-widget-container\">\n\t\t\t\t\t\t\t\t\t<p align=\"left\" style=\"margin-bottom: 22.5pt; background-image: initial; background-position: initial; background-size: initial; background-repeat: initial; background-attachment: initial; background-origin: initial; background-clip: initial;\"><b style=\"font-size: inherit; color: var( --e-global-color-text ); font-family: var( --e-global-typography-text-font-family ), Sans-serif; text-align: right;\"><span style=\"font-size:20.0pt; font-family:&quot;Calibri&quot;,sans-serif;mso-ascii-theme-font:minor-latin;mso-fareast-font-family: &quot;Times New Roman&quot;;mso-hansi-theme-font:minor-latin;mso-bidi-theme-font:minor-latin; color:black;mso-color-alt:windowtext;mso-font-kerning:18.0pt;mso-fareast-language: DE\">Satzung der Tanzsportfreunde D\u00fclmen e. V.<br><\/span><\/b><\/p>\n<p align=\"left\" style=\"margin-bottom: 7.5pt; background-image: initial; background-position: initial; background-size: initial; background-repeat: initial; background-attachment: initial; background-origin: initial; background-clip: initial;\"><span style=\"font-family:&quot;Calibri&quot;,sans-serif;mso-ascii-theme-font: minor-latin;mso-fareast-font-family:&quot;Times New Roman&quot;;mso-hansi-theme-font: minor-latin;mso-bidi-theme-font:minor-latin;color:black;mso-color-alt:windowtext; mso-fareast-language:DE\">Aufgrund der besseren Lesbarkeit verwenden wir im&nbsp;Rahmen dieser Satzung die m\u00e4nnliche Form f\u00fcr Funktionstr\u00e4ger. <br>Die weibliche Form&nbsp;ist dabei stets impliziert.<\/span><span style=\"font-family:&quot;Calibri&quot;,sans-serif; mso-ascii-theme-font:minor-latin;mso-fareast-font-family:&quot;Times New Roman&quot;; mso-hansi-theme-font:minor-latin;mso-bidi-theme-font:minor-latin;mso-fareast-language: DE\"><o:p><\/o:p><\/span><\/p>\n<p align=\"left\" style=\"margin-bottom: 7.5pt; background-image: initial; background-position: initial; background-size: initial; background-repeat: initial; background-attachment: initial; background-origin: initial; background-clip: initial;\"><font face=\"Calibri, sans-serif\">Stand vom&nbsp;<\/font><span style=\"font-family: Calibri, sans-serif; font-size: 12pt; color: var( --e-global-color-text ); font-weight: var( --e-global-typography-text-font-weight );\">12.11.2021<\/span><\/p>\n<p align=\"left\" style=\"margin-bottom: 7.5pt; background-image: initial; background-position: initial; background-size: initial; background-repeat: initial; background-attachment: initial; background-origin: initial; background-clip: initial;\"><b><span style=\"font-family:&quot;Calibri&quot;,sans-serif;mso-ascii-theme-font:minor-latin; mso-fareast-font-family:&quot;Times New Roman&quot;;mso-hansi-theme-font:minor-latin; mso-bidi-theme-font:minor-latin;color:black;mso-color-alt:windowtext; mso-fareast-language:DE\">Pr\u00e4ambel<\/span><\/b><b><span style=\"font-family:&quot;Calibri&quot;,sans-serif;mso-ascii-theme-font: minor-latin;mso-fareast-font-family:&quot;Times New Roman&quot;;mso-hansi-theme-font: minor-latin;mso-bidi-theme-font:minor-latin;mso-fareast-language:DE\"><o:p><\/o:p><\/span><\/b><\/p>\n<p align=\"left\" style=\"margin-bottom: 7.5pt; background-image: initial; background-position: initial; background-size: initial; background-repeat: initial; background-attachment: initial; background-origin: initial; background-clip: initial;\"><span style=\"font-family:&quot;Calibri&quot;,sans-serif;mso-ascii-theme-font: minor-latin;mso-fareast-font-family:&quot;Times New Roman&quot;;mso-hansi-theme-font: minor-latin;mso-bidi-theme-font:minor-latin;color:black;mso-color-alt:windowtext; mso-fareast-language:DE\">Die TanzSportFreunde D\u00fclmen e.V. bekennen sich zur&nbsp;freiheitlich demokratischen Grundordnung der Bundesrepublik Deutschland und des<br>Landes Nordrhein-Westfalen. <\/span><span style=\"font-family:&quot;Calibri&quot;,sans-serif; mso-ascii-theme-font:minor-latin;mso-fareast-font-family:&quot;Times New Roman&quot;; mso-hansi-theme-font:minor-latin;mso-bidi-theme-font:minor-latin;mso-fareast-language: DE\"><o:p><\/o:p><\/span><\/p>\n<p align=\"left\" style=\"margin-bottom: 7.5pt; background-image: initial; background-position: initial; background-size: initial; background-repeat: initial; background-attachment: initial; background-origin: initial; background-clip: initial;\"><span style=\"font-family:&quot;Calibri&quot;,sans-serif;mso-ascii-theme-font: minor-latin;mso-fareast-font-family:&quot;Times New Roman&quot;;mso-hansi-theme-font: minor-latin;mso-bidi-theme-font:minor-latin;color:black;mso-color-alt:windowtext; mso-fareast-language:DE\">Der Verein, seine Amtstr\u00e4ger und Mitarbeiter bekennen&nbsp;sich zu den Grunds\u00e4tzen eines umfassenden Kinder- und Jugendschutzes und treten<br>f\u00fcr die k\u00f6rperliche und seelische Unversehrtheit und Selbstbestimmung der&nbsp;anvertrauten Kinder und Jugendlichen ein. Der Verein, seine Amtstr\u00e4ger und<br>Mitarbeiter pflegen eine Aufmerksamkeitskultur zur Verhinderung sexualisierter&nbsp;Gewalt im Sport. Die TanzSportFreunde D\u00fclmen e.V. stehen f\u00fcr Fairness und<br>treten f\u00fcr einen doping- und manipulationsfreien Sport ein.<\/span><span style=\"font-family:&quot;Calibri&quot;,sans-serif;mso-ascii-theme-font:minor-latin; mso-fareast-font-family:&quot;Times New Roman&quot;;mso-hansi-theme-font:minor-latin; mso-bidi-theme-font:minor-latin;mso-fareast-language:DE\"><o:p><\/o:p><\/span><\/p>\n<p align=\"left\" style=\"margin-bottom: 7.5pt; background-image: initial; background-position: initial; background-size: initial; background-repeat: initial; background-attachment: initial; background-origin: initial; background-clip: initial;\"><span style=\"font-family:&quot;Calibri&quot;,sans-serif;mso-ascii-theme-font: minor-latin;mso-fareast-font-family:&quot;Times New Roman&quot;;mso-hansi-theme-font: minor-latin;mso-bidi-theme-font:minor-latin;color:black;mso-color-alt:windowtext; mso-fareast-language:DE\">Der Verein ist parteipolitisch und religi\u00f6s neutral&nbsp;und vertritt den Grundsatz religi\u00f6ser, weltanschaulicher und ethnischer<br>Toleranz und Neutralit\u00e4t. Er tritt rassistischen, verfassungs- und&nbsp;fremdenfeindlichen Bestrebungen sowie jeder Form von Gewalt, unabh\u00e4ngig davon,<br>ob sie verbaler, k\u00f6rperlicher, seelischer oder sexualisierter Art ist,&nbsp;entgegen. Er verfolgt die Gleichstellung der Geschlechter und f\u00f6rdert die Inklusion.<\/span><span style=\"font-family:&quot;Calibri&quot;,sans-serif;mso-ascii-theme-font: minor-latin;mso-fareast-font-family:&quot;Times New Roman&quot;;mso-hansi-theme-font: minor-latin;mso-bidi-theme-font:minor-latin;mso-fareast-language:DE\"><o:p><\/o:p><\/span><\/p>\n<p align=\"left\" style=\"margin-bottom: 6pt; background-image: initial; background-position: initial; background-size: initial; background-repeat: initial; background-attachment: initial; background-origin: initial; background-clip: initial;\"><span style=\"font-family:&quot;Calibri&quot;,sans-serif;mso-ascii-theme-font: minor-latin;mso-fareast-font-family:&quot;Times New Roman&quot;;mso-hansi-theme-font: minor-latin;mso-bidi-theme-font:minor-latin;mso-fareast-language:DE\">&nbsp;<\/span><\/p>\n<p align=\"left\" style=\"margin-bottom: 7.5pt; background-image: initial; background-position: initial; background-size: initial; background-repeat: initial; background-attachment: initial; background-origin: initial; background-clip: initial;\"><b><span style=\"font-family:&quot;Calibri&quot;,sans-serif;mso-ascii-theme-font: minor-latin;mso-fareast-font-family:&quot;Times New Roman&quot;;mso-hansi-theme-font: minor-latin;mso-bidi-theme-font:minor-latin;color:black;mso-color-alt:windowtext; mso-fareast-language:DE\">\u00a7 1 Name, Sitz, Gesch\u00e4ftsjahr<\/span><\/b><span style=\"font-family:&quot;Calibri&quot;,sans-serif;mso-ascii-theme-font:minor-latin; mso-fareast-font-family:&quot;Times New Roman&quot;;mso-hansi-theme-font:minor-latin; mso-bidi-theme-font:minor-latin;mso-fareast-language:DE\"><o:p><\/o:p><\/span><\/p>\n<p align=\"left\" style=\"background-image: initial; background-position: initial; background-size: initial; background-repeat: initial; background-attachment: initial; background-origin: initial; background-clip: initial;\"><span style=\"font-family:&quot;Calibri&quot;,sans-serif;mso-ascii-theme-font:minor-latin; mso-fareast-font-family:&quot;Times New Roman&quot;;mso-hansi-theme-font:minor-latin; mso-bidi-theme-font:minor-latin;color:black;mso-color-alt:windowtext; mso-fareast-language:DE\">l. Der am 07. November 1985 gegr\u00fcndete Verein f\u00fchrt&nbsp;den Namen TanzSportFreunde D\u00fclmen e.V. und hat seinen Sitz in D\u00fclmen.<\/span><span style=\"font-family:&quot;Calibri&quot;,sans-serif;mso-ascii-theme-font:minor-latin; mso-fareast-font-family:&quot;Times New Roman&quot;;mso-hansi-theme-font:minor-latin; mso-bidi-theme-font:minor-latin;mso-fareast-language:DE\"><o:p><\/o:p><\/span><\/p>\n<p align=\"left\" style=\"background-image: initial; background-position: initial; background-size: initial; background-repeat: initial; background-attachment: initial; background-origin: initial; background-clip: initial;\"><span style=\"font-family:&quot;Calibri&quot;,sans-serif;mso-ascii-theme-font:minor-latin; mso-fareast-font-family:&quot;Times New Roman&quot;;mso-hansi-theme-font:minor-latin; mso-bidi-theme-font:minor-latin;color:black;mso-color-alt:windowtext; mso-fareast-language:DE\">2. Der Verein ist in das Vereinsregister beim&nbsp;Amtsgericht Coesfeld unter der Nummer 4205 eingetragen.<\/span><span style=\"font-family:&quot;Calibri&quot;,sans-serif;mso-ascii-theme-font:minor-latin; mso-fareast-font-family:&quot;Times New Roman&quot;;mso-hansi-theme-font:minor-latin; mso-bidi-theme-font:minor-latin;mso-fareast-language:DE\"><o:p><\/o:p><\/span><\/p>\n<p align=\"left\" style=\"background-image: initial; background-position: initial; background-size: initial; background-repeat: initial; background-attachment: initial; background-origin: initial; background-clip: initial;\"><span style=\"font-family:&quot;Calibri&quot;,sans-serif;mso-ascii-theme-font:minor-latin; mso-fareast-font-family:&quot;Times New Roman&quot;;mso-hansi-theme-font:minor-latin; mso-bidi-theme-font:minor-latin;color:black;mso-color-alt:windowtext; mso-fareast-language:DE\">3. Das Gesch\u00e4ftsjahr ist das Kalenderjahr.<\/span><span style=\"font-family:&quot;Calibri&quot;,sans-serif;mso-ascii-theme-font:minor-latin; mso-fareast-font-family:&quot;Times New Roman&quot;;mso-hansi-theme-font:minor-latin; mso-bidi-theme-font:minor-latin;mso-fareast-language:DE\"><o:p><\/o:p><\/span><\/p>\n<p align=\"left\" style=\"margin-bottom: 6pt; background-image: initial; background-position: initial; background-size: initial; background-repeat: initial; background-attachment: initial; background-origin: initial; background-clip: initial;\"><span style=\"font-family:&quot;Calibri&quot;,sans-serif;mso-ascii-theme-font: minor-latin;mso-fareast-font-family:&quot;Times New Roman&quot;;mso-hansi-theme-font: minor-latin;mso-bidi-theme-font:minor-latin;mso-fareast-language:DE\">&nbsp;<\/span><\/p>\n<p align=\"left\" style=\"margin-bottom: 7.5pt; background-image: initial; background-position: initial; background-size: initial; background-repeat: initial; background-attachment: initial; background-origin: initial; background-clip: initial;\"><b><span style=\"font-family:&quot;Calibri&quot;,sans-serif;mso-ascii-theme-font: minor-latin;mso-fareast-font-family:&quot;Times New Roman&quot;;mso-hansi-theme-font: minor-latin;mso-bidi-theme-font:minor-latin;color:black;mso-color-alt:windowtext; mso-fareast-language:DE\">\u00a7 2 Zweck, Verbandsmitgliedschaften<\/span><\/b><span style=\"font-family:&quot;Calibri&quot;,sans-serif;mso-ascii-theme-font:minor-latin; mso-fareast-font-family:&quot;Times New Roman&quot;;mso-hansi-theme-font:minor-latin; mso-bidi-theme-font:minor-latin;mso-fareast-language:DE\"><o:p><\/o:p><\/span><\/p>\n<p align=\"left\" style=\"background-image: initial; background-position: initial; background-size: initial; background-repeat: initial; background-attachment: initial; background-origin: initial; background-clip: initial;\"><span style=\"font-family:&quot;Calibri&quot;,sans-serif;mso-ascii-theme-font:minor-latin; mso-fareast-font-family:&quot;Times New Roman&quot;;mso-hansi-theme-font:minor-latin; mso-bidi-theme-font:minor-latin;color:black;mso-color-alt:windowtext; mso-fareast-language:DE\">1. Zweck des Vereines ist<\/span><span style=\"font-family:&quot;Calibri&quot;,sans-serif;mso-ascii-theme-font:minor-latin; mso-fareast-font-family:&quot;Times New Roman&quot;;mso-hansi-theme-font:minor-latin; mso-bidi-theme-font:minor-latin;mso-fareast-language:DE\"><o:p><\/o:p><\/span><\/p>\n<p align=\"left\" style=\"background-image: initial; background-position: initial; background-size: initial; background-repeat: initial; background-attachment: initial; background-origin: initial; background-clip: initial;\"><span style=\"font-family:&quot;Calibri&quot;,sans-serif;mso-ascii-theme-font:minor-latin; mso-fareast-font-family:&quot;Times New Roman&quot;;mso-hansi-theme-font:minor-latin; mso-bidi-theme-font:minor-latin;color:black;mso-color-alt:windowtext; mso-fareast-language:DE\">a) ausschlie\u00dflich und unmittelbar die F\u00f6rderung und&nbsp;Pflege des Tanzsportes in der Stadt D\u00fclmen und im M\u00fcnsterland,<\/span><span style=\"font-family:&quot;Calibri&quot;,sans-serif;mso-ascii-theme-font:minor-latin; mso-fareast-font-family:&quot;Times New Roman&quot;;mso-hansi-theme-font:minor-latin; mso-bidi-theme-font:minor-latin;mso-fareast-language:DE\"><o:p><\/o:p><\/span><\/p>\n<p align=\"left\" style=\"background-image: initial; background-position: initial; background-size: initial; background-repeat: initial; background-attachment: initial; background-origin: initial; background-clip: initial;\"><span style=\"font-family:&quot;Calibri&quot;,sans-serif;mso-ascii-theme-font:minor-latin; mso-fareast-font-family:&quot;Times New Roman&quot;;mso-hansi-theme-font:minor-latin; mso-bidi-theme-font:minor-latin;color:black;mso-color-alt:windowtext; mso-fareast-language:DE\">b) die Gesundheitsf\u00f6rderung,<\/span><span style=\"font-family:&quot;Calibri&quot;,sans-serif;mso-ascii-theme-font:minor-latin; mso-fareast-font-family:&quot;Times New Roman&quot;;mso-hansi-theme-font:minor-latin; mso-bidi-theme-font:minor-latin;mso-fareast-language:DE\"><o:p><\/o:p><\/span><\/p>\n<p align=\"left\" style=\"background-image: initial; background-position: initial; background-size: initial; background-repeat: initial; background-attachment: initial; background-origin: initial; background-clip: initial;\"><span style=\"font-family:&quot;Calibri&quot;,sans-serif;mso-ascii-theme-font:minor-latin; mso-fareast-font-family:&quot;Times New Roman&quot;;mso-hansi-theme-font:minor-latin; mso-bidi-theme-font:minor-latin;color:black;mso-color-alt:windowtext; mso-fareast-language:DE\">c) die sportliche F\u00f6rderung von Jugendlichen und die&nbsp;Jugendpflege,<\/span><span style=\"font-family:&quot;Calibri&quot;,sans-serif;mso-ascii-theme-font: minor-latin;mso-fareast-font-family:&quot;Times New Roman&quot;;mso-hansi-theme-font: minor-latin;mso-bidi-theme-font:minor-latin;mso-fareast-language:DE\"><o:p><\/o:p><\/span><\/p>\n<p align=\"left\" style=\"background-image: initial; background-position: initial; background-size: initial; background-repeat: initial; background-attachment: initial; background-origin: initial; background-clip: initial;\"><span style=\"font-family:&quot;Calibri&quot;,sans-serif;mso-ascii-theme-font:minor-latin; mso-fareast-font-family:&quot;Times New Roman&quot;;mso-hansi-theme-font:minor-latin; mso-bidi-theme-font:minor-latin;color:black;mso-color-alt:windowtext; mso-fareast-language:DE\">d) \u00dcbungsstunden f\u00fcr die Mitglieder anzubieten, an&nbsp;Wettbewerben teilzunehmen und tanzsportliche Veranstaltungen auf nationaler und<br>internationaler Ebene durchzuf\u00fchren,<\/span><span style=\"font-family:&quot;Calibri&quot;,sans-serif; mso-ascii-theme-font:minor-latin;mso-fareast-font-family:&quot;Times New Roman&quot;; mso-hansi-theme-font:minor-latin;mso-bidi-theme-font:minor-latin;mso-fareast-language: DE\"><o:p><\/o:p><\/span><\/p>\n<p align=\"left\" style=\"background-image: initial; background-position: initial; background-size: initial; background-repeat: initial; background-attachment: initial; background-origin: initial; background-clip: initial;\"><span style=\"font-family:&quot;Calibri&quot;,sans-serif;mso-ascii-theme-font:minor-latin; mso-fareast-font-family:&quot;Times New Roman&quot;;mso-hansi-theme-font:minor-latin; mso-bidi-theme-font:minor-latin;color:black;mso-color-alt:windowtext; mso-fareast-language:DE\">e) die Vertretung der gemeinsamen Interessen seiner&nbsp;Mitglieder gegen\u00fcber dem Deutschen Tanzsportverband, dem Landestanzsportverband<br>TNW, anderen beh\u00f6rdlichen Einrichtungen und gegen\u00fcber Personen und<br>Gesellschaften.<\/span><span style=\"font-family:&quot;Calibri&quot;,sans-serif;mso-ascii-theme-font: minor-latin;mso-fareast-font-family:&quot;Times New Roman&quot;;mso-hansi-theme-font: minor-latin;mso-bidi-theme-font:minor-latin;mso-fareast-language:DE\"><o:p><\/o:p><\/span><\/p>\n<p align=\"left\" style=\"background-image: initial; background-position: initial; background-size: initial; background-repeat: initial; background-attachment: initial; background-origin: initial; background-clip: initial;\"><span style=\"font-family:&quot;Calibri&quot;,sans-serif;mso-ascii-theme-font:minor-latin; mso-fareast-font-family:&quot;Times New Roman&quot;;mso-hansi-theme-font:minor-latin; mso-bidi-theme-font:minor-latin;mso-fareast-language:DE\">&nbsp;<\/span><\/p>\n<p align=\"left\" style=\"background-image: initial; background-position: initial; background-size: initial; background-repeat: initial; background-attachment: initial; background-origin: initial; background-clip: initial;\"><span style=\"font-family:&quot;Calibri&quot;,sans-serif;mso-ascii-theme-font:minor-latin; mso-fareast-font-family:&quot;Times New Roman&quot;;mso-hansi-theme-font:minor-latin; mso-bidi-theme-font:minor-latin;color:black;mso-color-alt:windowtext; mso-fareast-language:DE\">2. Der Verein ist Mitglied im<\/span><span style=\"font-family:&quot;Calibri&quot;,sans-serif;mso-ascii-theme-font:minor-latin; mso-fareast-font-family:&quot;Times New Roman&quot;;mso-hansi-theme-font:minor-latin; mso-bidi-theme-font:minor-latin;mso-fareast-language:DE\"><o:p><\/o:p><\/span><\/p>\n<p align=\"left\" style=\"background-image: initial; background-position: initial; background-size: initial; background-repeat: initial; background-attachment: initial; background-origin: initial; background-clip: initial;\"><span style=\"font-family:&quot;Calibri&quot;,sans-serif;mso-ascii-theme-font:minor-latin; mso-fareast-font-family:&quot;Times New Roman&quot;;mso-hansi-theme-font:minor-latin; mso-bidi-theme-font:minor-latin;color:black;mso-color-alt:windowtext; mso-fareast-language:DE\">a) Deutschen Tanzsportverband e.V. (DTV)&nbsp;Spitzenverband im Deutschen Sportbund e.V.,<\/span><span style=\"font-family: &quot;Calibri&quot;,sans-serif;mso-ascii-theme-font:minor-latin;mso-fareast-font-family: &quot;Times New Roman&quot;;mso-hansi-theme-font:minor-latin;mso-bidi-theme-font:minor-latin; mso-fareast-language:DE\"><o:p><\/o:p><\/span><\/p>\n<p align=\"left\" style=\"background-image: initial; background-position: initial; background-size: initial; background-repeat: initial; background-attachment: initial; background-origin: initial; background-clip: initial;\"><span style=\"font-family:&quot;Calibri&quot;,sans-serif;mso-ascii-theme-font:minor-latin; mso-fareast-font-family:&quot;Times New Roman&quot;;mso-hansi-theme-font:minor-latin; mso-bidi-theme-font:minor-latin;color:black;mso-color-alt:windowtext; mso-fareast-language:DE\">b) Tanzsportverband Nordrhein-Westfalen e.V. (TNW)&nbsp;Fachverband im Landessportbund Nordrhein-Westfalen e.V.,<\/span><span style=\"font-family:&quot;Calibri&quot;,sans-serif;mso-ascii-theme-font:minor-latin; mso-fareast-font-family:&quot;Times New Roman&quot;;mso-hansi-theme-font:minor-latin; mso-bidi-theme-font:minor-latin;mso-fareast-language:DE\"><o:p><\/o:p><\/span><\/p>\n<p align=\"left\" style=\"background-image: initial; background-position: initial; background-size: initial; background-repeat: initial; background-attachment: initial; background-origin: initial; background-clip: initial;\"><span style=\"font-family:&quot;Calibri&quot;,sans-serif;mso-ascii-theme-font:minor-latin; mso-fareast-font-family:&quot;Times New Roman&quot;;mso-hansi-theme-font:minor-latin; mso-bidi-theme-font:minor-latin;color:black;mso-color-alt:windowtext; mso-fareast-language:DE\">c) Deutschen Tanzsportbund,<\/span><span style=\"font-family:&quot;Calibri&quot;,sans-serif;mso-ascii-theme-font:minor-latin; mso-fareast-font-family:&quot;Times New Roman&quot;;mso-hansi-theme-font:minor-latin; mso-bidi-theme-font:minor-latin;mso-fareast-language:DE\"><o:p><\/o:p><\/span><\/p>\n<p align=\"left\" style=\"background-image: initial; background-position: initial; background-size: initial; background-repeat: initial; background-attachment: initial; background-origin: initial; background-clip: initial;\"><span style=\"font-family:&quot;Calibri&quot;,sans-serif;mso-ascii-theme-font:minor-latin; mso-fareast-font-family:&quot;Times New Roman&quot;;mso-hansi-theme-font:minor-latin; mso-bidi-theme-font:minor-latin;color:black;mso-color-alt:windowtext; mso-fareast-language:DE\">d) Sporthilfe Nordrhein-Westfalen e.V.,<\/span><span style=\"font-family:&quot;Calibri&quot;,sans-serif;mso-ascii-theme-font:minor-latin; mso-fareast-font-family:&quot;Times New Roman&quot;;mso-hansi-theme-font:minor-latin; mso-bidi-theme-font:minor-latin;mso-fareast-language:DE\"><o:p><\/o:p><\/span><\/p>\n<p align=\"left\" style=\"background-image: initial; background-position: initial; background-size: initial; background-repeat: initial; background-attachment: initial; background-origin: initial; background-clip: initial;\"><span style=\"font-family:&quot;Calibri&quot;,sans-serif;mso-ascii-theme-font:minor-latin; mso-fareast-font-family:&quot;Times New Roman&quot;;mso-hansi-theme-font:minor-latin; mso-bidi-theme-font:minor-latin;color:black;mso-color-alt:windowtext; mso-fareast-language:DE\">e) Stadtsportring D\u00fclmen (SSR),<\/span><span style=\"font-family:&quot;Calibri&quot;,sans-serif;mso-ascii-theme-font:minor-latin; mso-fareast-font-family:&quot;Times New Roman&quot;;mso-hansi-theme-font:minor-latin; mso-bidi-theme-font:minor-latin;mso-fareast-language:DE\"><o:p><\/o:p><\/span><\/p>\n<p align=\"left\" style=\"background-image: initial; background-position: initial; background-size: initial; background-repeat: initial; background-attachment: initial; background-origin: initial; background-clip: initial;\"><span style=\"font-family:&quot;Calibri&quot;,sans-serif;mso-ascii-theme-font:minor-latin; mso-fareast-font-family:&quot;Times New Roman&quot;;mso-hansi-theme-font:minor-latin; mso-bidi-theme-font:minor-latin;color:black;mso-color-alt:windowtext; mso-fareast-language:DE\">f) KreisSportBund Coesfeld (KSB).<\/span><span style=\"font-family:&quot;Calibri&quot;,sans-serif;mso-ascii-theme-font:minor-latin; mso-fareast-font-family:&quot;Times New Roman&quot;;mso-hansi-theme-font:minor-latin; mso-bidi-theme-font:minor-latin;mso-fareast-language:DE\"><o:p><\/o:p><\/span><\/p>\n<p align=\"left\" style=\"margin-bottom: 6pt; background-image: initial; background-position: initial; background-size: initial; background-repeat: initial; background-attachment: initial; background-origin: initial; background-clip: initial;\"><span style=\"font-family:&quot;Calibri&quot;,sans-serif;mso-ascii-theme-font: minor-latin;mso-fareast-font-family:&quot;Times New Roman&quot;;mso-hansi-theme-font: minor-latin;mso-bidi-theme-font:minor-latin;mso-fareast-language:DE\">&nbsp;<\/span><\/p>\n<p align=\"left\" style=\"margin-bottom: 7.5pt; background-image: initial; background-position: initial; background-size: initial; background-repeat: initial; background-attachment: initial; background-origin: initial; background-clip: initial;\"><b><span style=\"font-family:&quot;Calibri&quot;,sans-serif;mso-ascii-theme-font: minor-latin;mso-fareast-font-family:&quot;Times New Roman&quot;;mso-hansi-theme-font: minor-latin;mso-bidi-theme-font:minor-latin;color:black;mso-color-alt:windowtext; mso-fareast-language:DE\">\u00a7 3 Gemeinn\u00fctzigkeit<\/span><\/b><span style=\"font-family: &quot;Calibri&quot;,sans-serif;mso-ascii-theme-font:minor-latin;mso-fareast-font-family: &quot;Times New Roman&quot;;mso-hansi-theme-font:minor-latin;mso-bidi-theme-font:minor-latin; mso-fareast-language:DE\"><o:p><\/o:p><\/span><\/p>\n<p align=\"left\" style=\"background-image: initial; background-position: initial; background-size: initial; background-repeat: initial; background-attachment: initial; background-origin: initial; background-clip: initial;\"><span style=\"font-family:&quot;Calibri&quot;,sans-serif;mso-ascii-theme-font:minor-latin; mso-fareast-font-family:&quot;Times New Roman&quot;;mso-hansi-theme-font:minor-latin; mso-bidi-theme-font:minor-latin;color:black;mso-color-alt:windowtext; mso-fareast-language:DE\">1. Der Verein verfolgt ausschlie\u00dflich und unmittelbar gemeinn\u00fctzige&nbsp;Zwecke im Sinne des Abschnittes \u201eSteuerbeg\u00fcnstigte Zwecke\u201c der Abgabenordnung.<\/span><span style=\"font-family:&quot;Calibri&quot;,sans-serif;mso-ascii-theme-font:minor-latin; mso-fareast-font-family:&quot;Times New Roman&quot;;mso-hansi-theme-font:minor-latin; mso-bidi-theme-font:minor-latin;mso-fareast-language:DE\"><o:p><\/o:p><\/span><\/p>\n<p align=\"left\" style=\"background-image: initial; background-position: initial; background-size: initial; background-repeat: initial; background-attachment: initial; background-origin: initial; background-clip: initial;\"><span style=\"font-family:&quot;Calibri&quot;,sans-serif;mso-ascii-theme-font:minor-latin; mso-fareast-font-family:&quot;Times New Roman&quot;;mso-hansi-theme-font:minor-latin; mso-bidi-theme-font:minor-latin;color:black;mso-color-alt:windowtext; mso-fareast-language:DE\">2. Der Verein ist selbstlos t\u00e4tig; er verfolgt nicht&nbsp;in erster Linie eigenwirtschaftliche Zwecke. Mittel des Vereins d\u00fcrfen nur f\u00fcr<br>satzungsgem\u00e4\u00dfe Zwecke verwendet werden. Die Mitglieder erhalten keine<br>Zuwendungen aus Mitteln des Vereines.<\/span><span style=\"font-family:&quot;Calibri&quot;,sans-serif; mso-ascii-theme-font:minor-latin;mso-fareast-font-family:&quot;Times New Roman&quot;; mso-hansi-theme-font:minor-latin;mso-bidi-theme-font:minor-latin;mso-fareast-language: DE\"><o:p><\/o:p><\/span><\/p>\n<p align=\"left\" style=\"background-image: initial; background-position: initial; background-size: initial; background-repeat: initial; background-attachment: initial; background-origin: initial; background-clip: initial;\"><span style=\"font-family:&quot;Calibri&quot;,sans-serif;mso-ascii-theme-font:minor-latin; mso-fareast-font-family:&quot;Times New Roman&quot;;mso-hansi-theme-font:minor-latin; mso-bidi-theme-font:minor-latin;color:black;mso-color-alt:windowtext; mso-fareast-language:DE\">3. Es darf keine Person durch Verwaltungsaufgaben, die&nbsp;den Zwecken des Vereins fremd sind, oder durch unverh\u00e4ltnism\u00e4\u00dfig hohe<br>Verg\u00fctungen beg\u00fcnstigt werden.<\/span><span style=\"font-family:&quot;Calibri&quot;,sans-serif; mso-ascii-theme-font:minor-latin;mso-fareast-font-family:&quot;Times New Roman&quot;; mso-hansi-theme-font:minor-latin;mso-bidi-theme-font:minor-latin;mso-fareast-language: DE\"><o:p><\/o:p><\/span><\/p>\n<p align=\"left\" style=\"background-image: initial; background-position: initial; background-size: initial; background-repeat: initial; background-attachment: initial; background-origin: initial; background-clip: initial;\"><span style=\"font-family:&quot;Calibri&quot;,sans-serif;mso-ascii-theme-font:minor-latin; mso-fareast-font-family:&quot;Times New Roman&quot;;mso-hansi-theme-font:minor-latin; mso-bidi-theme-font:minor-latin;color:black;mso-color-alt:windowtext; mso-fareast-language:DE\">4. Bei \u00c4nderungen des Abschnittes \u201eSteuerbeg\u00fcnstigte&nbsp;Zwecke\u201c der Abgabenordnung ist der Vorstand erm\u00e4chtigt, Satzungs\u00e4nderungen<br>vorzunehmen. Das gilt sinngem\u00e4\u00df auch f\u00fcr Auflagen der f\u00fcr den Verein<br>zust\u00e4ndigen Finanzverwaltung.<\/span><span style=\"font-family:&quot;Calibri&quot;,sans-serif; mso-ascii-theme-font:minor-latin;mso-fareast-font-family:&quot;Times New Roman&quot;; mso-hansi-theme-font:minor-latin;mso-bidi-theme-font:minor-latin;mso-fareast-language: DE\"><o:p><\/o:p><\/span><\/p>\n<p align=\"left\" style=\"margin-bottom: 6pt; background-image: initial; background-position: initial; background-size: initial; background-repeat: initial; background-attachment: initial; background-origin: initial; background-clip: initial;\"><span style=\"font-family:&quot;Calibri&quot;,sans-serif;mso-ascii-theme-font: minor-latin;mso-fareast-font-family:&quot;Times New Roman&quot;;mso-hansi-theme-font: minor-latin;mso-bidi-theme-font:minor-latin;mso-fareast-language:DE\">&nbsp;<\/span><\/p>\n<p align=\"left\" style=\"margin-bottom: 7.5pt; background-image: initial; background-position: initial; background-size: initial; background-repeat: initial; background-attachment: initial; background-origin: initial; background-clip: initial;\"><strong><span style=\"font-family:&quot;Calibri&quot;,sans-serif; mso-ascii-theme-font:minor-latin;mso-hansi-theme-font:minor-latin;mso-bidi-theme-font: minor-latin;color:black;mso-color-alt:windowtext\">\u00a7 4 Mitgliedschaft<\/span><\/strong><span style=\"font-family:&quot;Calibri&quot;,sans-serif;mso-ascii-theme-font:minor-latin; mso-hansi-theme-font:minor-latin;mso-bidi-theme-font:minor-latin\"><o:p><\/o:p><\/span><\/p>\n<p style=\"margin-bottom: 0cm; background-image: initial; background-position: initial; background-size: initial; background-repeat: initial; background-attachment: initial; background-origin: initial; background-clip: initial;\"><span style=\"font-family:&quot;Calibri&quot;,sans-serif; mso-ascii-theme-font:minor-latin;mso-hansi-theme-font:minor-latin;mso-bidi-theme-font: minor-latin;color:black;mso-color-alt:windowtext\">1. Mitglied des Vereins&nbsp;k\u00f6nnen nat\u00fcrliche und juristische Personen werden.<\/span><span style=\"font-family:&quot;Calibri&quot;,sans-serif;mso-ascii-theme-font:minor-latin; mso-hansi-theme-font:minor-latin;mso-bidi-theme-font:minor-latin\"><o:p><\/o:p><\/span><\/p>\n<p style=\"margin-bottom: 0cm; background-image: initial; background-position: initial; background-size: initial; background-repeat: initial; background-attachment: initial; background-origin: initial; background-clip: initial;\"><span style=\"font-family:&quot;Calibri&quot;,sans-serif; mso-ascii-theme-font:minor-latin;mso-hansi-theme-font:minor-latin;mso-bidi-theme-font: minor-latin;color:black;mso-color-alt:windowtext\">2. Der Verein f\u00fchrt<\/span><span style=\"font-family:&quot;Calibri&quot;,sans-serif;mso-ascii-theme-font:minor-latin; mso-hansi-theme-font:minor-latin;mso-bidi-theme-font:minor-latin\"><o:p><\/o:p><\/span><\/p>\n<p style=\"margin-bottom: 0cm; background-image: initial; background-position: initial; background-size: initial; background-repeat: initial; background-attachment: initial; background-origin: initial; background-clip: initial;\"><i><u><span style=\"font-family:&quot;Calibri&quot;,sans-serif;mso-ascii-theme-font: minor-latin;mso-hansi-theme-font:minor-latin;mso-bidi-theme-font:minor-latin; color:black;mso-color-alt:windowtext\">a) aktive Mitglieder<\/span><\/u><\/i><i><u><span style=\"font-family:&quot;Calibri&quot;,sans-serif; mso-ascii-theme-font:minor-latin;mso-hansi-theme-font:minor-latin;mso-bidi-theme-font: minor-latin\"><o:p><\/o:p><\/span><\/u><\/i><\/p>\n<p style=\"margin-bottom: 0cm; background-image: initial; background-position: initial; background-size: initial; background-repeat: initial; background-attachment: initial; background-origin: initial; background-clip: initial;\"><span style=\"font-family:&quot;Calibri&quot;,sans-serif; mso-ascii-theme-font:minor-latin;mso-hansi-theme-font:minor-latin;mso-bidi-theme-font: minor-latin;color:black;mso-color-alt:windowtext\">Aktive Mitglieder sind&nbsp;Mitglieder, die Angebote des Vereins im Rahmen der bestehenden Ordnungen nutzen<br>und\/oder am Wettkampfbetrieb teilnehmen k\u00f6nnen.<\/span><span style=\"font-family: &quot;Calibri&quot;,sans-serif;mso-ascii-theme-font:minor-latin;mso-hansi-theme-font: minor-latin;mso-bidi-theme-font:minor-latin\"><o:p><\/o:p><\/span><\/p>\n<p style=\"margin-bottom: 0cm; background-image: initial; background-position: initial; background-size: initial; background-repeat: initial; background-attachment: initial; background-origin: initial; background-clip: initial;\"><i><u><span style=\"font-family:&quot;Calibri&quot;,sans-serif;mso-ascii-theme-font: minor-latin;mso-hansi-theme-font:minor-latin;mso-bidi-theme-font:minor-latin; color:black;mso-color-alt:windowtext\">b) passive Mitglieder<\/span><\/u><\/i><i><u><span style=\"font-family:&quot;Calibri&quot;,sans-serif; mso-ascii-theme-font:minor-latin;mso-hansi-theme-font:minor-latin;mso-bidi-theme-font: minor-latin\"><o:p><\/o:p><\/span><\/u><\/i><\/p>\n<p style=\"margin-bottom: 0cm; background-image: initial; background-position: initial; background-size: initial; background-repeat: initial; background-attachment: initial; background-origin: initial; background-clip: initial;\"><span style=\"font-family:&quot;Calibri&quot;,sans-serif; mso-ascii-theme-font:minor-latin;mso-hansi-theme-font:minor-latin;mso-bidi-theme-font: minor-latin;color:black;mso-color-alt:windowtext\">F\u00fcr passive Mitglieder steht&nbsp;die F\u00f6rderung des Vereins im Vordergrund. Sie nutzen die sportlichen Angebote<br>des Vereins nicht.<\/span><span style=\"font-family:&quot;Calibri&quot;,sans-serif; mso-ascii-theme-font:minor-latin;mso-hansi-theme-font:minor-latin;mso-bidi-theme-font: minor-latin\"><o:p><\/o:p><\/span><\/p>\n<p style=\"margin-bottom: 0cm; background-image: initial; background-position: initial; background-size: initial; background-repeat: initial; background-attachment: initial; background-origin: initial; background-clip: initial;\"><i><u><span style=\"font-family:&quot;Calibri&quot;,sans-serif;mso-ascii-theme-font: minor-latin;mso-hansi-theme-font:minor-latin;mso-bidi-theme-font:minor-latin; color:black;mso-color-alt:windowtext\">c) Ehrenmitglieder<\/span><\/u><\/i><i><u><span style=\"font-family:&quot;Calibri&quot;,sans-serif; mso-ascii-theme-font:minor-latin;mso-hansi-theme-font:minor-latin;mso-bidi-theme-font: minor-latin\"><o:p><\/o:p><\/span><\/u><\/i><\/p>\n<p style=\"margin-bottom: 0cm; background-image: initial; background-position: initial; background-size: initial; background-repeat: initial; background-attachment: initial; background-origin: initial; background-clip: initial;\"><span style=\"font-family:&quot;Calibri&quot;,sans-serif; mso-ascii-theme-font:minor-latin;mso-hansi-theme-font:minor-latin;mso-bidi-theme-font: minor-latin;color:black;mso-color-alt:windowtext\">Ehrenmitglieder sind&nbsp;Einzelpersonen, die sich um den Tanzsport oder den Verein erhebliche Verdienste<br>erworben haben. Sie werden auf Vorschlag des Vorstandes von der<br>Mitgliederversammlung hierzu ernannt. Ihnen steht ein Stimmrecht in der<br>Mitgliederversammlung zu.<\/span><span style=\"font-family:&quot;Calibri&quot;,sans-serif; mso-ascii-theme-font:minor-latin;mso-hansi-theme-font:minor-latin;mso-bidi-theme-font: minor-latin\"><o:p><\/o:p><\/span><\/p>\n<p style=\"margin-bottom: 0cm; background-image: initial; background-position: initial; background-size: initial; background-repeat: initial; background-attachment: initial; background-origin: initial; background-clip: initial;\"><span style=\"font-family:&quot;Calibri&quot;,sans-serif; mso-ascii-theme-font:minor-latin;mso-hansi-theme-font:minor-latin;mso-bidi-theme-font: minor-latin;color:black;mso-color-alt:windowtext\">3. Der Antrag auf Aufnahme in&nbsp;den Verein hat schriftlich zu erfolgen. Jugendliche im Alter unter 18 Jahren<br>k\u00f6nnen nur mit Zustimmung des gesetzlichen Vertreters aufgenommen werden. Der<br>gesetzliche Vertreter haftet f\u00fcr die Erf\u00fcllung der Satzung seitens des<br>minderj\u00e4hrigen Mitgliedes. Ein Stimmrecht steht diesen Jugendlichen nur im<br>Rahmen der Jugendversammlung bzw. der Satzung zu.<\/span><span style=\"font-family: &quot;Calibri&quot;,sans-serif;mso-ascii-theme-font:minor-latin;mso-hansi-theme-font: minor-latin;mso-bidi-theme-font:minor-latin\"><o:p><\/o:p><\/span><\/p>\n<p style=\"margin-bottom: 0cm; background-image: initial; background-position: initial; background-size: initial; background-repeat: initial; background-attachment: initial; background-origin: initial; background-clip: initial;\"><span style=\"font-family:&quot;Calibri&quot;,sans-serif; mso-ascii-theme-font:minor-latin;mso-hansi-theme-font:minor-latin;mso-bidi-theme-font: minor-latin;color:black;mso-color-alt:windowtext\">4. Der Vorstand entscheidet&nbsp;\u00fcber die Aufnahme. Eine Ablehnung kann ohne Angaben von Gr\u00fcnden erfolgen.<\/span><span style=\"font-family:&quot;Calibri&quot;,sans-serif;mso-ascii-theme-font:minor-latin; mso-hansi-theme-font:minor-latin;mso-bidi-theme-font:minor-latin\"><o:p><\/o:p><\/span><\/p>\n<p style=\"margin-bottom: 0cm; background-image: initial; background-position: initial; background-size: initial; background-repeat: initial; background-attachment: initial; background-origin: initial; background-clip: initial;\"><span style=\"font-family:&quot;Calibri&quot;,sans-serif; mso-ascii-theme-font:minor-latin;mso-hansi-theme-font:minor-latin;mso-bidi-theme-font: minor-latin;color:black;mso-color-alt:windowtext\">5. Mit der Abgabe des&nbsp;unterzeichneten Aufnahmeantrages erkennen die Mitglieder sowie die<br>Vertretungsberechtigten minderj\u00e4hriger Kinder die Vereinssatzung und die<br>Ordnungen und Beschl\u00fcsse in der jeweils g\u00fcltigen Fassung an. Diese sind f\u00fcr<br>jedes Mitglied verbindlich.<\/span><span style=\"font-family:&quot;Calibri&quot;,sans-serif; mso-ascii-theme-font:minor-latin;mso-hansi-theme-font:minor-latin;mso-bidi-theme-font: minor-latin\"><o:p><\/o:p><\/span><\/p>\n<p style=\"margin-bottom: 0cm; background-image: initial; background-position: initial; background-size: initial; background-repeat: initial; background-attachment: initial; background-origin: initial; background-clip: initial;\"><span style=\"font-family:&quot;Calibri&quot;,sans-serif; mso-ascii-theme-font:minor-latin;mso-hansi-theme-font:minor-latin;mso-bidi-theme-font: minor-latin;color:black;mso-color-alt:windowtext\">6. Ein Aufnahmeanspruch&nbsp;besteht nicht. Die Ablehnung der Aufnahme muss nicht begr\u00fcndet werden. Ein vereinsinternes<br>Rechtsmittel gegen die Ablehnung der Aufnahme besteht nicht. Der Weg zu den<br>ordentlichen Gerichten bleibt unber\u00fchrt.<\/span><span style=\"font-family:&quot;Calibri&quot;,sans-serif; mso-ascii-theme-font:minor-latin;mso-hansi-theme-font:minor-latin;mso-bidi-theme-font: minor-latin\"><o:p><\/o:p><\/span><\/p>\n<p style=\"margin-bottom: 0cm; background-image: initial; background-position: initial; background-size: initial; background-repeat: initial; background-attachment: initial; background-origin: initial; background-clip: initial;\"><span style=\"font-family:&quot;Calibri&quot;,sans-serif; mso-ascii-theme-font:minor-latin;mso-hansi-theme-font:minor-latin;mso-bidi-theme-font: minor-latin;color:black;mso-color-alt:windowtext\">7. Alle Mitglieder haben die&nbsp;Pflicht, die Vereinsinteressen zu f\u00f6rdern, die Ziele des Vereines zu<br>unterst\u00fctzen und alles zu unterlassen, was dem Ansehen und dem Zweck des<br>Vereines entgegensteht.<\/span><span style=\"font-family:&quot;Calibri&quot;,sans-serif; mso-ascii-theme-font:minor-latin;mso-hansi-theme-font:minor-latin;mso-bidi-theme-font: minor-latin\"><o:p><\/o:p><\/span><\/p>\n<p style=\"margin-bottom: 0cm; background-image: initial; background-position: initial; background-size: initial; background-repeat: initial; background-attachment: initial; background-origin: initial; background-clip: initial;\"><span style=\"font-family:&quot;Calibri&quot;,sans-serif; mso-ascii-theme-font:minor-latin;mso-hansi-theme-font:minor-latin;mso-bidi-theme-font: minor-latin;color:black;mso-color-alt:windowtext\">Das Vereinseigentum ist<br>pfleglich zu behandeln.<\/span><span style=\"font-family:&quot;Calibri&quot;,sans-serif; mso-ascii-theme-font:minor-latin;mso-hansi-theme-font:minor-latin;mso-bidi-theme-font: minor-latin\"><o:p><\/o:p><\/span><\/p>\n<p style=\"margin-bottom: 0cm; background-image: initial; background-position: initial; background-size: initial; background-repeat: initial; background-attachment: initial; background-origin: initial; background-clip: initial;\"><span style=\"font-family:&quot;Calibri&quot;,sans-serif; mso-ascii-theme-font:minor-latin;mso-hansi-theme-font:minor-latin;mso-bidi-theme-font: minor-latin\">&nbsp;<\/span><\/p>\n<p style=\"margin-bottom: 0cm; background-image: initial; background-position: initial; background-size: initial; background-repeat: initial; background-attachment: initial; background-origin: initial; background-clip: initial;\"><span style=\"font-family:&quot;Calibri&quot;,sans-serif; mso-ascii-theme-font:minor-latin;mso-hansi-theme-font:minor-latin;mso-bidi-theme-font: minor-latin\">&nbsp;<\/span><\/p>\n<p style=\"margin-bottom: 0cm; background-image: initial; background-position: initial; background-size: initial; background-repeat: initial; background-attachment: initial; background-origin: initial; background-clip: initial;\"><span style=\"font-family:&quot;Calibri&quot;,sans-serif; mso-ascii-theme-font:minor-latin;mso-hansi-theme-font:minor-latin;mso-bidi-theme-font: minor-latin;color:black;mso-color-alt:windowtext\">7. Besondere Sportangebote&nbsp;und Kurse<\/span><span style=\"font-family:&quot;Calibri&quot;,sans-serif;mso-ascii-theme-font: minor-latin;mso-hansi-theme-font:minor-latin;mso-bidi-theme-font:minor-latin\"><o:p><\/o:p><\/span><\/p>\n<p style=\"margin-bottom: 0cm; background-image: initial; background-position: initial; background-size: initial; background-repeat: initial; background-attachment: initial; background-origin: initial; background-clip: initial;\"><span style=\"font-family:&quot;Calibri&quot;,sans-serif; mso-ascii-theme-font:minor-latin;mso-hansi-theme-font:minor-latin;mso-bidi-theme-font: minor-latin;color:black;mso-color-alt:windowtext\">a) Der gesch\u00e4ftsf\u00fchrende&nbsp;Vorstand kann besondere Sportangebote und Kurse einrichten. Der Gesamtvorstand<br>ist hiervon zu unterrichten.<\/span><span style=\"font-family:&quot;Calibri&quot;,sans-serif; mso-ascii-theme-font:minor-latin;mso-hansi-theme-font:minor-latin;mso-bidi-theme-font: minor-latin\"><o:p><\/o:p><\/span><\/p>\n<p style=\"margin-bottom: 0cm; background-image: initial; background-position: initial; background-size: initial; background-repeat: initial; background-attachment: initial; background-origin: initial; background-clip: initial;\"><span style=\"font-family:&quot;Calibri&quot;,sans-serif; mso-ascii-theme-font:minor-latin;mso-hansi-theme-font:minor-latin;mso-bidi-theme-font: minor-latin;color:black;mso-color-alt:windowtext\">b) Die besonderen&nbsp;Sportangebote und Kurse werden vom gesch\u00e4ftsf\u00fchrenden Vorstand oder deren<br>Beauftragten verwaltet und koordiniert.<\/span><span style=\"font-family:&quot;Calibri&quot;,sans-serif; mso-ascii-theme-font:minor-latin;mso-hansi-theme-font:minor-latin;mso-bidi-theme-font: minor-latin\"><o:p><\/o:p><\/span><\/p>\n<p style=\"margin-bottom: 0cm; background-image: initial; background-position: initial; background-size: initial; background-repeat: initial; background-attachment: initial; background-origin: initial; background-clip: initial;\"><span style=\"font-family:&quot;Calibri&quot;,sans-serif; mso-ascii-theme-font:minor-latin;mso-hansi-theme-font:minor-latin;mso-bidi-theme-font: minor-latin;color:black;mso-color-alt:windowtext\">c) Die jeweiligen Beitr\u00e4ge&nbsp;und Geb\u00fchren f\u00fcr besondere Sportangebote und Kurse werden unter<br>Ber\u00fccksichtigung der Finanzierbarkeit vom gesch\u00e4ftsf\u00fchrenden Vorstand<br>festgelegt.<br>8. F\u00fcr Inhaber einer 10er-Karte und Teilnehmer an Workshops und anderen<br>Angeboten des Vereins sind die Satzung sowie die Ordnung \u00fcber Beitr\u00e4ge und<br>Geb\u00fchren und die Beschl\u00fcsse des Vereins verbindlich.<\/span><span style=\"font-family:&quot;Calibri&quot;,sans-serif;mso-ascii-theme-font:minor-latin; mso-hansi-theme-font:minor-latin;mso-bidi-theme-font:minor-latin\"><o:p><\/o:p><\/span><\/p>\n<p style=\"margin-bottom: 0cm; background-image: initial; background-position: initial; background-size: initial; background-repeat: initial; background-attachment: initial; background-origin: initial; background-clip: initial;\"><span style=\"font-family:&quot;Calibri&quot;,sans-serif; mso-ascii-theme-font:minor-latin;mso-hansi-theme-font:minor-latin;mso-bidi-theme-font: minor-latin;color:black;mso-color-alt:windowtext\">9. Interessierte k\u00f6nnen bis&nbsp;zu insgesamt 3 Mal das Vereinsangebot testen (sog. Schnuppertraining). Erfolgt<br>danach der Eintritt in den Verein, so gilt der letzte Test-Termin automatisch<br>als Eintrittstermin.<\/span><span style=\"font-family:&quot;Calibri&quot;,sans-serif; mso-ascii-theme-font:minor-latin;mso-hansi-theme-font:minor-latin;mso-bidi-theme-font: minor-latin\"><o:p><\/o:p><\/span><\/p>\n<p style=\"margin-bottom: 6pt; background-image: initial; background-position: initial; background-size: initial; background-repeat: initial; background-attachment: initial; background-origin: initial; background-clip: initial;\"><span style=\"font-family:&quot;Calibri&quot;,sans-serif; mso-ascii-theme-font:minor-latin;mso-hansi-theme-font:minor-latin;mso-bidi-theme-font: minor-latin;color:black;mso-color-alt:windowtext\">10. Der Vorstand kann&nbsp;Gruppenbetreuer benennen. Die Aufgabe der Gruppenbetreuer ist die Unterst\u00fctzung<br>der Trainer im Trainingsablauf sowie bei der Organisation. F\u00fcr Gruppenbetreuer<br>ist der Vorstand berechtigt, Sonderregelungen f\u00fcr Betr\u00e4ge und Geb\u00fchren zu<br>erlassen.<\/span><span style=\"font-family:&quot;Calibri&quot;,sans-serif;mso-ascii-theme-font: minor-latin;mso-hansi-theme-font:minor-latin;mso-bidi-theme-font:minor-latin\"><o:p><\/o:p><\/span><\/p>\n<p style=\"margin-bottom: 6pt; background-image: initial; background-position: initial; background-size: initial; background-repeat: initial; background-attachment: initial; background-origin: initial; background-clip: initial;\"><span style=\"font-family:&quot;Calibri&quot;,sans-serif; mso-ascii-theme-font:minor-latin;mso-hansi-theme-font:minor-latin;mso-bidi-theme-font: minor-latin\">&nbsp;<\/span><\/p>\n<p style=\"margin-bottom: 6pt; background-image: initial; background-position: initial; background-size: initial; background-repeat: initial; background-attachment: initial; background-origin: initial; background-clip: initial;\"><b><span style=\"font-family:&quot;Calibri&quot;,sans-serif;mso-ascii-theme-font: minor-latin;mso-hansi-theme-font:minor-latin;mso-bidi-theme-font:minor-latin; color:black;mso-color-alt:windowtext\">\u00a7 5 Beendigung der Mitgliedschaft<\/span><\/b><b><span style=\"font-family:&quot;Calibri&quot;,sans-serif; mso-ascii-theme-font:minor-latin;mso-hansi-theme-font:minor-latin;mso-bidi-theme-font: minor-latin\"><o:p><\/o:p><\/span><\/b><\/p>\n<p style=\"margin-bottom: 0cm; background-image: initial; background-position: initial; background-size: initial; background-repeat: initial; background-attachment: initial; background-origin: initial; background-clip: initial;\"><span style=\"font-family:&quot;Calibri&quot;,sans-serif; mso-ascii-theme-font:minor-latin;mso-hansi-theme-font:minor-latin;mso-bidi-theme-font: minor-latin;color:black;mso-color-alt:windowtext\">1. Die Mitgliedschaft endet<\/span><span style=\"font-family:&quot;Calibri&quot;,sans-serif;mso-ascii-theme-font:minor-latin; mso-hansi-theme-font:minor-latin;mso-bidi-theme-font:minor-latin\"><o:p><\/o:p><\/span><\/p>\n<p style=\"margin-bottom: 0cm; background-image: initial; background-position: initial; background-size: initial; background-repeat: initial; background-attachment: initial; background-origin: initial; background-clip: initial;\"><span style=\"font-family:&quot;Calibri&quot;,sans-serif; mso-ascii-theme-font:minor-latin;mso-hansi-theme-font:minor-latin;mso-bidi-theme-font: minor-latin;color:black;mso-color-alt:windowtext\">&#8211; durch Austritt aus dem Verein (K\u00fcndigung);<\/span><span style=\"font-family:&quot;Calibri&quot;,sans-serif; mso-ascii-theme-font:minor-latin;mso-hansi-theme-font:minor-latin;mso-bidi-theme-font: minor-latin\"><o:p><\/o:p><\/span><\/p>\n<p style=\"margin-bottom: 0cm; background-image: initial; background-position: initial; background-size: initial; background-repeat: initial; background-attachment: initial; background-origin: initial; background-clip: initial;\"><span style=\"font-family:&quot;Calibri&quot;,sans-serif; mso-ascii-theme-font:minor-latin;mso-hansi-theme-font:minor-latin;mso-bidi-theme-font: minor-latin;color:black;mso-color-alt:windowtext\">&#8211; durch Ausschluss aus dem&nbsp;Verein;<\/span><span style=\"font-family:&quot;Calibri&quot;,sans-serif;mso-ascii-theme-font: minor-latin;mso-hansi-theme-font:minor-latin;mso-bidi-theme-font:minor-latin\"><o:p><\/o:p><\/span><\/p>\n<p style=\"margin-bottom: 0cm; background-image: initial; background-position: initial; background-size: initial; background-repeat: initial; background-attachment: initial; background-origin: initial; background-clip: initial;\"><span style=\"font-family:&quot;Calibri&quot;,sans-serif; mso-ascii-theme-font:minor-latin;mso-hansi-theme-font:minor-latin;mso-bidi-theme-font: minor-latin;color:black;mso-color-alt:windowtext\">&#8211; durch Streichung aus der&nbsp;Mitgliederliste;<\/span><span style=\"font-family:&quot;Calibri&quot;,sans-serif; mso-ascii-theme-font:minor-latin;mso-hansi-theme-font:minor-latin;mso-bidi-theme-font: minor-latin\"><o:p><\/o:p><\/span><\/p>\n<p style=\"margin-bottom: 0cm; background-image: initial; background-position: initial; background-size: initial; background-repeat: initial; background-attachment: initial; background-origin: initial; background-clip: initial;\"><span style=\"font-family:&quot;Calibri&quot;,sans-serif; mso-ascii-theme-font:minor-latin;mso-hansi-theme-font:minor-latin;mso-bidi-theme-font: minor-latin;color:black;mso-color-alt:windowtext\">&#8211; durch Tod;<\/span><span style=\"font-family:&quot;Calibri&quot;,sans-serif;mso-ascii-theme-font:minor-latin; mso-hansi-theme-font:minor-latin;mso-bidi-theme-font:minor-latin\"><o:p><\/o:p><\/span><\/p>\n<p style=\"margin-bottom: 0cm; background-image: initial; background-position: initial; background-size: initial; background-repeat: initial; background-attachment: initial; background-origin: initial; background-clip: initial;\"><span style=\"font-family:&quot;Calibri&quot;,sans-serif; mso-ascii-theme-font:minor-latin;mso-hansi-theme-font:minor-latin;mso-bidi-theme-font: minor-latin;color:black;mso-color-alt:windowtext\">&#8211; durch Erl\u00f6schen der&nbsp;Rechtsf\u00e4higkeit bei juristischen Personen (au\u00dferordentlichen Mitgliedern);<\/span><span style=\"font-family:&quot;Calibri&quot;,sans-serif;mso-ascii-theme-font:minor-latin; mso-hansi-theme-font:minor-latin;mso-bidi-theme-font:minor-latin\"><o:p><\/o:p><\/span><\/p>\n<p style=\"margin-bottom: 0cm; background-image: initial; background-position: initial; background-size: initial; background-repeat: initial; background-attachment: initial; background-origin: initial; background-clip: initial;\"><span style=\"font-family:&quot;Calibri&quot;,sans-serif; mso-ascii-theme-font:minor-latin;mso-hansi-theme-font:minor-latin;mso-bidi-theme-font: minor-latin;color:black;mso-color-alt:windowtext\">&#8211; Aufl\u00f6sung des Vereins.<\/span><span style=\"font-family:&quot;Calibri&quot;,sans-serif;mso-ascii-theme-font:minor-latin; mso-hansi-theme-font:minor-latin;mso-bidi-theme-font:minor-latin\"><o:p><\/o:p><\/span><\/p>\n<p style=\"margin-bottom: 0cm; background-image: initial; background-position: initial; background-size: initial; background-repeat: initial; background-attachment: initial; background-origin: initial; background-clip: initial;\"><span style=\"font-family:&quot;Calibri&quot;,sans-serif; mso-ascii-theme-font:minor-latin;mso-hansi-theme-font:minor-latin;mso-bidi-theme-font: minor-latin;color:black;mso-color-alt:windowtext\">2. Der Austritt aus dem&nbsp;Verein erfolgt durch schriftliche Erkl\u00e4rung an die Gesch\u00e4ftsadresse des Vereins<br>oder per eMail an die Vereinsadresse. Der Austritt kann jeweils unter<br>Einhaltung einer K\u00fcndigungsfrist von 6 Wochen zum 30. Juni oder 31. Dezember<br>eines Jahres erfolgen. Bei Mitgliedern, die mit einem Vereinsamt betraut sind,<br>erlischt beim Austritt ihr Amt, sie haben auf Verlangen \u00fcber ihre T\u00e4tigkeit<br>Rechenschaft abzulegen, alle Vereinsunterlagen und das Vereinseigentum<br>zu-r\u00fcckzugeben.<\/span><span style=\"font-family:&quot;Calibri&quot;,sans-serif;mso-ascii-theme-font: minor-latin;mso-hansi-theme-font:minor-latin;mso-bidi-theme-font:minor-latin\"><o:p><\/o:p><\/span><\/p>\n<p style=\"margin-bottom: 0cm; background-image: initial; background-position: initial; background-size: initial; background-repeat: initial; background-attachment: initial; background-origin: initial; background-clip: initial;\"><span style=\"font-family:&quot;Calibri&quot;,sans-serif; mso-ascii-theme-font:minor-latin;mso-hansi-theme-font:minor-latin;mso-bidi-theme-font: minor-latin;color:black;mso-color-alt:windowtext\">3. Ein aktives Mitglied kann&nbsp;seine Mitgliedschaft zu den Terminen des Absatzes 2 in eine passive<br>Mitgliedschaft umwandeln. Nimmt ein passives Mitglied wieder aktiv am Training<br>teil, wird die Mitgliedschaft automatisch und mit sofortiger Wirkung wieder in<br>eine aktive Mitgliedschaft umgewandelt.<\/span><span style=\"font-family:&quot;Calibri&quot;,sans-serif; mso-ascii-theme-font:minor-latin;mso-hansi-theme-font:minor-latin;mso-bidi-theme-font: minor-latin\"><o:p><\/o:p><\/span><\/p>\n<p style=\"margin-bottom: 0cm; background-image: initial; background-position: initial; background-size: initial; background-repeat: initial; background-attachment: initial; background-origin: initial; background-clip: initial;\"><span style=\"font-family:&quot;Calibri&quot;,sans-serif; mso-ascii-theme-font:minor-latin;mso-hansi-theme-font:minor-latin;mso-bidi-theme-font: minor-latin;color:black;mso-color-alt:windowtext\">4. Ein Ausschluss kann&nbsp;erfolgen, wenn ein Mitglied<\/span><span style=\"font-family:&quot;Calibri&quot;,sans-serif; mso-ascii-theme-font:minor-latin;mso-hansi-theme-font:minor-latin;mso-bidi-theme-font: minor-latin\"><o:p><\/o:p><\/span><\/p>\n<p style=\"margin-bottom: 0cm; background-image: initial; background-position: initial; background-size: initial; background-repeat: initial; background-attachment: initial; background-origin: initial; background-clip: initial;\"><span style=\"font-family:&quot;Calibri&quot;,sans-serif; mso-ascii-theme-font:minor-latin;mso-hansi-theme-font:minor-latin;mso-bidi-theme-font: minor-latin;color:black;mso-color-alt:windowtext\">&#8211; grob gegen die Satzung oder&nbsp;Ordnungen schuldhaft verst\u00f6\u00dft;<\/span><span style=\"font-family:&quot;Calibri&quot;,sans-serif; mso-ascii-theme-font:minor-latin;mso-hansi-theme-font:minor-latin;mso-bidi-theme-font: minor-latin\"><o:p><\/o:p><\/span><\/p>\n<p style=\"margin-bottom: 0cm; background-image: initial; background-position: initial; background-size: initial; background-repeat: initial; background-attachment: initial; background-origin: initial; background-clip: initial;\"><span style=\"font-family:&quot;Calibri&quot;,sans-serif; mso-ascii-theme-font:minor-latin;mso-hansi-theme-font:minor-latin;mso-bidi-theme-font: minor-latin;color:black;mso-color-alt:windowtext\">&#8211; in grober Weise den&nbsp;Interessen des Vereins und seiner Ziele zuwiderhandelt;<\/span><span style=\"font-family:&quot;Calibri&quot;,sans-serif;mso-ascii-theme-font:minor-latin; mso-hansi-theme-font:minor-latin;mso-bidi-theme-font:minor-latin\"><o:p><\/o:p><\/span><\/p>\n<p style=\"margin-bottom: 0cm; background-image: initial; background-position: initial; background-size: initial; background-repeat: initial; background-attachment: initial; background-origin: initial; background-clip: initial;\"><span style=\"font-family:&quot;Calibri&quot;,sans-serif; mso-ascii-theme-font:minor-latin;mso-hansi-theme-font:minor-latin;mso-bidi-theme-font: minor-latin;color:black;mso-color-alt:windowtext\">&#8211; sich grob unsportlich&nbsp;verh\u00e4lt<\/span><span style=\"font-family:&quot;Calibri&quot;,sans-serif;mso-ascii-theme-font: minor-latin;mso-hansi-theme-font:minor-latin;mso-bidi-theme-font:minor-latin\"><o:p><\/o:p><\/span><\/p>\n<p style=\"margin-bottom: 0cm; background-image: initial; background-position: initial; background-size: initial; background-repeat: initial; background-attachment: initial; background-origin: initial; background-clip: initial;\"><span style=\"font-family:&quot;Calibri&quot;,sans-serif; mso-ascii-theme-font:minor-latin;mso-hansi-theme-font:minor-latin;mso-bidi-theme-font: minor-latin;color:black;mso-color-alt:windowtext\">&#8211; dem Verein oder dem Ansehen&nbsp;des Vereins durch unehrenhaftes Verhalten, insbesondere durch \u00c4u\u00dferung<br>extremistischer oder verfassungsfeindlicher Gesinnung bzw. Haltung innerhalb<br>und au\u00dferhalb des Vereins oder durch die Mitgliedschaft in einer<br>extremistischen Partei oder Organisation schadet;<\/span><span style=\"font-family: &quot;Calibri&quot;,sans-serif;mso-ascii-theme-font:minor-latin;mso-hansi-theme-font: minor-latin;mso-bidi-theme-font:minor-latin\"><o:p><\/o:p><\/span><\/p>\n<p style=\"margin-bottom: 0cm; background-image: initial; background-position: initial; background-size: initial; background-repeat: initial; background-attachment: initial; background-origin: initial; background-clip: initial;\"><span style=\"font-family:&quot;Calibri&quot;,sans-serif; mso-ascii-theme-font:minor-latin;mso-hansi-theme-font:minor-latin;mso-bidi-theme-font: minor-latin;color:black;mso-color-alt:windowtext\">&#8211; gegen die Grunds\u00e4tze des&nbsp;Kinder- und Jugendschutzes verst\u00f6\u00dft.<\/span><span style=\"font-family:&quot;Calibri&quot;,sans-serif; mso-ascii-theme-font:minor-latin;mso-hansi-theme-font:minor-latin;mso-bidi-theme-font: minor-latin\"><o:p><\/o:p><\/span><\/p>\n<p style=\"margin-bottom: 0cm; background-image: initial; background-position: initial; background-size: initial; background-repeat: initial; background-attachment: initial; background-origin: initial; background-clip: initial;\"><span style=\"font-family:&quot;Calibri&quot;,sans-serif; mso-ascii-theme-font:minor-latin;mso-hansi-theme-font:minor-latin;mso-bidi-theme-font: minor-latin;color:black;mso-color-alt:windowtext\">5. \u00dcber den Ausschluss&nbsp;entscheidet der Gesamtvorstand (einfache Mehrheit) auf Antrag.<\/span><span style=\"font-family:&quot;Calibri&quot;,sans-serif;mso-ascii-theme-font:minor-latin; mso-hansi-theme-font:minor-latin;mso-bidi-theme-font:minor-latin\"><o:p><\/o:p><\/span><\/p>\n<p style=\"margin-bottom: 0cm; background-image: initial; background-position: initial; background-size: initial; background-repeat: initial; background-attachment: initial; background-origin: initial; background-clip: initial;\"><span style=\"font-family:&quot;Calibri&quot;,sans-serif; mso-ascii-theme-font:minor-latin;mso-hansi-theme-font:minor-latin;mso-bidi-theme-font: minor-latin;color:black;mso-color-alt:windowtext\">6. Der Antrag auf Ausschluss&nbsp;ist dem betroffenen Mitglied samt Begr\u00fcndung zuzuleiten. Das betroffene<br>Mitglied wird aufgefordert, innerhalb von einer Frist von drei Wochen zu dem<br>Antrag auf Ausschluss Stellung zu nehmen. Nach Ablauf der Frist ist vom Gesamtvorstand<br>unter Ber\u00fccksichtigung der Stellungnahme des betroffenen Mitglieds \u00fcber den<br>Antrag mit einfacher Mehrheit zu entscheiden.<\/span><span style=\"font-family: &quot;Calibri&quot;,sans-serif;mso-ascii-theme-font:minor-latin;mso-hansi-theme-font: minor-latin;mso-bidi-theme-font:minor-latin\"><o:p><\/o:p><\/span><\/p>\n<p style=\"margin-bottom: 0cm; background-image: initial; background-position: initial; background-size: initial; background-repeat: initial; background-attachment: initial; background-origin: initial; background-clip: initial;\"><span style=\"font-family:&quot;Calibri&quot;,sans-serif; mso-ascii-theme-font:minor-latin;mso-hansi-theme-font:minor-latin;mso-bidi-theme-font: minor-latin;color:black;mso-color-alt:windowtext\">7. Der Beschluss ist dem&nbsp;Mitglied schriftlich mit Gr\u00fcnden mittels Brief mitzuteilen. Der<br>Ausschlie\u00dfungsbeschluss wird mit Bekanntgabe an das betroffene Mitglied&nbsp;wirksam.<\/span><span style=\"font-family:&quot;Calibri&quot;,sans-serif;mso-ascii-theme-font: minor-latin;mso-hansi-theme-font:minor-latin;mso-bidi-theme-font:minor-latin\"><o:p><\/o:p><\/span><\/p>\n<p style=\"margin-bottom: 0cm; background-image: initial; background-position: initial; background-size: initial; background-repeat: initial; background-attachment: initial; background-origin: initial; background-clip: initial;\"><span style=\"font-family:&quot;Calibri&quot;,sans-serif; mso-ascii-theme-font:minor-latin;mso-hansi-theme-font:minor-latin;mso-bidi-theme-font: minor-latin;color:black;mso-color-alt:windowtext\">8. Dem betroffenen Mitglied&nbsp;steht gegen den Ausschluss kein vereinsinternes Beschwerderecht zu. Der Weg zu<br>den ordentlichen Gerichten bleibt unber\u00fchrt.<\/span><span style=\"font-family: &quot;Calibri&quot;,sans-serif;mso-ascii-theme-font:minor-latin;mso-hansi-theme-font: minor-latin;mso-bidi-theme-font:minor-latin\"><o:p><\/o:p><\/span><\/p>\n<p style=\"margin-bottom: 6pt; background-image: initial; background-position: initial; background-size: initial; background-repeat: initial; background-attachment: initial; background-origin: initial; background-clip: initial;\"><span style=\"font-family:&quot;Calibri&quot;,sans-serif; mso-ascii-theme-font:minor-latin;mso-hansi-theme-font:minor-latin;mso-bidi-theme-font: minor-latin\">&nbsp;<\/span><\/p>\n<p style=\"background-image: initial; background-position: initial; background-size: initial; background-repeat: initial; background-attachment: initial; background-origin: initial; background-clip: initial;\"><strong><span style=\"font-family:&quot;Calibri&quot;,sans-serif; mso-ascii-theme-font:minor-latin;mso-hansi-theme-font:minor-latin;mso-bidi-theme-font: minor-latin;color:black;mso-color-alt:windowtext\">\u00a7 6 Beitr\u00e4ge und Geb\u00fchren<\/span><\/strong><span style=\"font-family:&quot;Calibri&quot;,sans-serif;mso-ascii-theme-font:minor-latin; mso-hansi-theme-font:minor-latin;mso-bidi-theme-font:minor-latin\"><o:p><\/o:p><\/span><\/p>\n<p style=\"margin-bottom: 0cm; background-image: initial; background-position: initial; background-size: initial; background-repeat: initial; background-attachment: initial; background-origin: initial; background-clip: initial;\"><span style=\"font-family:&quot;Calibri&quot;,sans-serif; mso-ascii-theme-font:minor-latin;mso-hansi-theme-font:minor-latin;mso-bidi-theme-font: minor-latin;color:black;mso-color-alt:windowtext\">1. Die Mitglieder sind&nbsp;verpflichtet Beitr\u00e4ge zu zahlen. Es k\u00f6nnen Aufnahmegeb\u00fchren, Umlagen, Geb\u00fchren<br>f\u00fcr besondere Leistungen des Vereins sowie abteilungsspezifische Beitr\u00e4ge<br>erhoben werden. Dar\u00fcber hinaus k\u00f6nnen Familienbeitr\u00e4ge festgesetzt werden. Der<br>Familienbeitrag umfasst die Beitragsverpflichtung einer Familie mit<br>minderj\u00e4hrigen Kindern. Minderj\u00e4hrige Mitglieder werden mit Vollendung des 18.<br>Lebensjahres und Eintritt der Vollj\u00e4hrigkeit als erwachsene Mitglieder<br>beitragsm\u00e4\u00dfig veranlagt.<\/span><span style=\"font-family:&quot;Calibri&quot;,sans-serif; mso-ascii-theme-font:minor-latin;mso-hansi-theme-font:minor-latin;mso-bidi-theme-font: minor-latin\"><o:p><\/o:p><\/span><\/p>\n<p style=\"margin-bottom: 0cm; background-image: initial; background-position: initial; background-size: initial; background-repeat: initial; background-attachment: initial; background-origin: initial; background-clip: initial;\"><span style=\"font-family:&quot;Calibri&quot;,sans-serif; mso-ascii-theme-font:minor-latin;mso-hansi-theme-font:minor-latin;mso-bidi-theme-font: minor-latin;color:black;mso-color-alt:windowtext\">2. \u00dcber H\u00f6he und F\u00e4lligkeit&nbsp;s\u00e4mtlicher Beitr\u00e4ge und Geb\u00fchren entscheidet der Gesamtvorstand durch<br>Beschluss. Umlagen k\u00f6nnen bis zur H\u00f6he des Dreifachen des j\u00e4hrlichen<br>Mitgliedsbeitrages von der Mitgliederversammlung festgesetzt werden. Beschl\u00fcsse<br>\u00fcber Beitragsfestsetzungen sind den Mitgliedern bekannt zu geben.<\/span><span style=\"font-family:&quot;Calibri&quot;,sans-serif;mso-ascii-theme-font:minor-latin; mso-hansi-theme-font:minor-latin;mso-bidi-theme-font:minor-latin\"><o:p><\/o:p><\/span><\/p>\n<p style=\"margin-bottom: 0cm; background-image: initial; background-position: initial; background-size: initial; background-repeat: initial; background-attachment: initial; background-origin: initial; background-clip: initial;\"><span style=\"font-family:&quot;Calibri&quot;,sans-serif; mso-ascii-theme-font:minor-latin;mso-hansi-theme-font:minor-latin;mso-bidi-theme-font: minor-latin;color:black;mso-color-alt:windowtext\">3. Das Mitglied ist&nbsp;verpflichtet, dem Verein \u00c4nderungen des Namens, der Bankverbindung, der<br>Anschrift sowie der eMail-Adresse mitzuteilen. <\/span><span style=\"font-family: &quot;Calibri&quot;,sans-serif;mso-ascii-theme-font:minor-latin;mso-hansi-theme-font: minor-latin;mso-bidi-theme-font:minor-latin\"><o:p><\/o:p><\/span><\/p>\n<p style=\"margin-bottom: 0cm; background-image: initial; background-position: initial; background-size: initial; background-repeat: initial; background-attachment: initial; background-origin: initial; background-clip: initial;\"><span style=\"font-family:&quot;Calibri&quot;,sans-serif; mso-ascii-theme-font:minor-latin;mso-hansi-theme-font:minor-latin;mso-bidi-theme-font: minor-latin;color:black;mso-color-alt:windowtext\">4. S\u00e4mtliche Beitr\u00e4ge und&nbsp;Geb\u00fchren werden mittels SEPA-Lastschriftmandat vom Verein eingezogen. Kann der<br>Einzug aus Gr\u00fcnden, die das Mitglied zu vertreten hat, nicht erfolgen, sind<br>dadurch entstehende Kosten durch das Mitglied zu tragen.<\/span><span style=\"font-family:&quot;Calibri&quot;,sans-serif;mso-ascii-theme-font:minor-latin; mso-hansi-theme-font:minor-latin;mso-bidi-theme-font:minor-latin\"><o:p><\/o:p><\/span><\/p>\n<p style=\"margin-bottom: 0cm; background-image: initial; background-position: initial; background-size: initial; background-repeat: initial; background-attachment: initial; background-origin: initial; background-clip: initial;\"><span style=\"font-family:&quot;Calibri&quot;,sans-serif; mso-ascii-theme-font:minor-latin;mso-hansi-theme-font:minor-latin;mso-bidi-theme-font: minor-latin;color:black;mso-color-alt:windowtext\">5. Wenn der Beitrag im&nbsp;Zeitpunkt der F\u00e4lligkeit nicht beim Verein eingegangen ist, befindet sich das<br>Mitglied ohne weitere Mahnung in Zahlungsverzug. Der ausstehende Betrag ist<br>dann bis zu seinem Eingang gem\u00e4\u00df \u00a7 288 Abs. 1 BGB mit 5 Prozentpunkten \u00fcber dem<br>Basiszinssatz nach \u00a7 247 BGB zu verzinsen.<\/span><span style=\"font-family:&quot;Calibri&quot;,sans-serif; mso-ascii-theme-font:minor-latin;mso-hansi-theme-font:minor-latin;mso-bidi-theme-font: minor-latin\"><o:p><\/o:p><\/span><\/p>\n<p style=\"margin-bottom: 0cm; background-image: initial; background-position: initial; background-size: initial; background-repeat: initial; background-attachment: initial; background-origin: initial; background-clip: initial;\"><span style=\"font-family:&quot;Calibri&quot;,sans-serif; mso-ascii-theme-font:minor-latin;mso-hansi-theme-font:minor-latin;mso-bidi-theme-font: minor-latin;color:black;mso-color-alt:windowtext\">6. F\u00e4llige&nbsp;Beitragsforderungen k\u00f6nnen vom Verein au\u00dfergerichtlich und gerichtlich geltend<br>gemacht werden. Die entstehenden Kosten hat das Mitglied zu tragen.<\/span><span style=\"font-family:&quot;Calibri&quot;,sans-serif;mso-ascii-theme-font:minor-latin; mso-hansi-theme-font:minor-latin;mso-bidi-theme-font:minor-latin\"><o:p><\/o:p><\/span><\/p>\n<p style=\"margin-bottom: 0cm; background-image: initial; background-position: initial; background-size: initial; background-repeat: initial; background-attachment: initial; background-origin: initial; background-clip: initial;\"><span style=\"font-family:&quot;Calibri&quot;,sans-serif; mso-ascii-theme-font:minor-latin;mso-hansi-theme-font:minor-latin;mso-bidi-theme-font: minor-latin;color:black;mso-color-alt:windowtext\">7. Der gesch\u00e4ftsf\u00fchrende&nbsp;Vorstand kann in begr\u00fcndeten Einzelf\u00e4llen Beitragsleistungen oder -pflichten<br>ganz oder teilweise erlassen oder stunden bzw. Mitgliedern die Teilnahme am<br>SEPA-Lastschriftverfahren erlassen.<\/span><span style=\"font-family:&quot;Calibri&quot;,sans-serif; mso-ascii-theme-font:minor-latin;mso-hansi-theme-font:minor-latin;mso-bidi-theme-font: minor-latin\"><o:p><\/o:p><\/span><\/p>\n<p style=\"margin-bottom: 0cm; background-image: initial; background-position: initial; background-size: initial; background-repeat: initial; background-attachment: initial; background-origin: initial; background-clip: initial;\"><span style=\"font-family:&quot;Calibri&quot;,sans-serif; mso-ascii-theme-font:minor-latin;mso-hansi-theme-font:minor-latin;mso-bidi-theme-font: minor-latin;color:black;mso-color-alt:windowtext\">8. Ehrenmitglieder und&nbsp;Ehrenvorsitzende k\u00f6nnen vom Gesamtvorstand von der Beitragspflicht befreit&nbsp;werden.<\/span><span style=\"font-family:&quot;Calibri&quot;,sans-serif;mso-ascii-theme-font: minor-latin;mso-hansi-theme-font:minor-latin;mso-bidi-theme-font:minor-latin\"><o:p><\/o:p><\/span><\/p>\n<p style=\"margin-bottom: 0cm; background-image: initial; background-position: initial; background-size: initial; background-repeat: initial; background-attachment: initial; background-origin: initial; background-clip: initial;\"><span style=\"font-family:&quot;Calibri&quot;,sans-serif; mso-ascii-theme-font:minor-latin;mso-hansi-theme-font:minor-latin;mso-bidi-theme-font: minor-latin;color:black;mso-color-alt:windowtext\">9. Die Beitr\u00e4ge und Geb\u00fchren&nbsp;sind in der jeweiligen Beitrags- und Geb\u00fchrenordnung geregelt. Die<br>Beitragsordnung wird von der Mitgliederversammlung beschlossen. Bei Bedarf kann<br>sie auch vom Vorstand erg\u00e4nzt werden. Die nachfolgende Mitgliederversammlung<br>hat \u00fcber diese Erg\u00e4nzung zu beschlie\u00dfen.<\/span><span style=\"font-family:&quot;Calibri&quot;,sans-serif; mso-ascii-theme-font:minor-latin;mso-hansi-theme-font:minor-latin;mso-bidi-theme-font: minor-latin\"><o:p><\/o:p><\/span><\/p>\n<p style=\"margin-bottom: 0cm; background-image: initial; background-position: initial; background-size: initial; background-repeat: initial; background-attachment: initial; background-origin: initial; background-clip: initial;\"><span style=\"font-family:&quot;Calibri&quot;,sans-serif; mso-ascii-theme-font:minor-latin;mso-hansi-theme-font:minor-latin;mso-bidi-theme-font: minor-latin;color:black;mso-color-alt:windowtext\">10. \u00dcber die Geb\u00fchren und die<br>-ordnung entscheidet der Vorstand.<\/span><span style=\"font-family:&quot;Calibri&quot;,sans-serif; mso-ascii-theme-font:minor-latin;mso-hansi-theme-font:minor-latin;mso-bidi-theme-font: minor-latin\"><o:p><\/o:p><\/span><\/p>\n<p style=\"margin-bottom: 6pt; background-image: initial; background-position: initial; background-size: initial; background-repeat: initial; background-attachment: initial; background-origin: initial; background-clip: initial;\"><span style=\"font-family:&quot;Calibri&quot;,sans-serif; mso-ascii-theme-font:minor-latin;mso-hansi-theme-font:minor-latin;mso-bidi-theme-font: minor-latin\">&nbsp;<\/span><\/p>\n<p style=\"background-image: initial; background-position: initial; background-size: initial; background-repeat: initial; background-attachment: initial; background-origin: initial; background-clip: initial;\"><b><span style=\"font-family:&quot;Calibri&quot;,sans-serif;mso-ascii-theme-font:minor-latin; mso-hansi-theme-font:minor-latin;mso-bidi-theme-font:minor-latin;color:black; mso-color-alt:windowtext\">\u00a7 7 Mitgliedsrechte minderj\u00e4hriger Vereinsmitglieder<\/span><\/b><b><span style=\"font-family:&quot;Calibri&quot;,sans-serif; mso-ascii-theme-font:minor-latin;mso-hansi-theme-font:minor-latin;mso-bidi-theme-font: minor-latin\"><o:p><\/o:p><\/span><\/b><\/p>\n<p style=\"margin-bottom: 0cm; background-image: initial; background-position: initial; background-size: initial; background-repeat: initial; background-attachment: initial; background-origin: initial; background-clip: initial;\"><span style=\"font-family:&quot;Calibri&quot;,sans-serif; mso-ascii-theme-font:minor-latin;mso-hansi-theme-font:minor-latin;mso-bidi-theme-font: minor-latin;color:black;mso-color-alt:windowtext\">1. Kinder bis zum vollendeten&nbsp;7. Lebensjahr und andere Personen, die als gesch\u00e4ftsunf\u00e4hig im Sinne der<br>Regelung des BGB gelten, k\u00f6nnen ihre Antrags- und Rederechte in der<br>Jugendversammlung nicht pers\u00f6nlich, sondern nur durch die gesetzlichen<br>Vertreter aus\u00fcben. Alle weiteren Mitgliedschaftsrechte, insbesondere die<br>Nutzung der sportlichen Vereinsangebote, k\u00f6nnen diese Mitglieder pers\u00f6nlich<br>aus\u00fcben.<\/span><span style=\"font-family:&quot;Calibri&quot;,sans-serif;mso-ascii-theme-font: minor-latin;mso-hansi-theme-font:minor-latin;mso-bidi-theme-font:minor-latin\"><o:p><\/o:p><\/span><\/p>\n<p style=\"margin-bottom: 0cm; background-image: initial; background-position: initial; background-size: initial; background-repeat: initial; background-attachment: initial; background-origin: initial; background-clip: initial;\"><span style=\"font-family:&quot;Calibri&quot;,sans-serif; mso-ascii-theme-font:minor-latin;mso-hansi-theme-font:minor-latin;mso-bidi-theme-font: minor-latin;color:black;mso-color-alt:windowtext\">2. Minderj\u00e4hrige Mitglieder&nbsp;zwischen dem vollendetem 7. und dem vollendeten 18. Lebensjahr \u00fcben ihre<br>Mitgliedschaftsrechte im Verein, insbesondere die Antrags- und Rederechte in<br>der Jugendversammlung, pers\u00f6nlich aus. Ihre gesetzlichen Vertreter sind von der<br>Wahrnehmung der Mitgliedsrechte ausgeschlossen, sind aber berechtigt an der<br>Jugendversammlung und der Mitgliederversammlung teilzunehmen<\/span><span style=\"font-family:&quot;Calibri&quot;,sans-serif;mso-ascii-theme-font:minor-latin; mso-hansi-theme-font:minor-latin;mso-bidi-theme-font:minor-latin\"><o:p><\/o:p><\/span><\/p>\n<p style=\"margin-bottom: 6pt; background-image: initial; background-position: initial; background-size: initial; background-repeat: initial; background-attachment: initial; background-origin: initial; background-clip: initial;\"><span style=\"font-family:&quot;Calibri&quot;,sans-serif; mso-ascii-theme-font:minor-latin;mso-hansi-theme-font:minor-latin;mso-bidi-theme-font: minor-latin\">&nbsp;<\/span><\/p>\n<p style=\"margin-bottom: 6pt; background-image: initial; background-position: initial; background-size: initial; background-repeat: initial; background-attachment: initial; background-origin: initial; background-clip: initial;\"><strong><span style=\"font-family: &quot;Calibri&quot;,sans-serif;mso-ascii-theme-font:minor-latin;mso-hansi-theme-font: minor-latin;mso-bidi-theme-font:minor-latin;color:black;mso-color-alt:windowtext\">\u00a7 8 Organe des Vereins<\/span><\/strong><span style=\"font-family:&quot;Calibri&quot;,sans-serif; mso-ascii-theme-font:minor-latin;mso-hansi-theme-font:minor-latin;mso-bidi-theme-font: minor-latin\"><o:p><\/o:p><\/span><\/p>\n<p style=\"margin-bottom: 0cm; background-image: initial; background-position: initial; background-size: initial; background-repeat: initial; background-attachment: initial; background-origin: initial; background-clip: initial;\"><span style=\"font-family:&quot;Calibri&quot;,sans-serif; mso-ascii-theme-font:minor-latin;mso-hansi-theme-font:minor-latin;mso-bidi-theme-font: minor-latin;color:black;mso-color-alt:windowtext\">Die Organe des Vereines sind<\/span><span style=\"font-family:&quot;Calibri&quot;,sans-serif;mso-ascii-theme-font:minor-latin; mso-hansi-theme-font:minor-latin;mso-bidi-theme-font:minor-latin\"><o:p><\/o:p><\/span><\/p>\n<p style=\"margin-bottom: 0cm; background-image: initial; background-position: initial; background-size: initial; background-repeat: initial; background-attachment: initial; background-origin: initial; background-clip: initial;\"><span style=\"font-family:&quot;Calibri&quot;,sans-serif; mso-ascii-theme-font:minor-latin;mso-hansi-theme-font:minor-latin;mso-bidi-theme-font: minor-latin;color:black;mso-color-alt:windowtext\">&#8211; die Mitgliederversammlung,<\/span><span style=\"font-family:&quot;Calibri&quot;,sans-serif;mso-ascii-theme-font:minor-latin; mso-hansi-theme-font:minor-latin;mso-bidi-theme-font:minor-latin\"><o:p><\/o:p><\/span><\/p>\n<p style=\"margin-bottom: 0cm; background-image: initial; background-position: initial; background-size: initial; background-repeat: initial; background-attachment: initial; background-origin: initial; background-clip: initial;\"><span style=\"font-family:&quot;Calibri&quot;,sans-serif; mso-ascii-theme-font:minor-latin;mso-hansi-theme-font:minor-latin;mso-bidi-theme-font: minor-latin;color:black;mso-color-alt:windowtext\">&#8211; der gesch\u00e4ftsf\u00fchrende<br>Vorstand,<\/span><span style=\"font-family:&quot;Calibri&quot;,sans-serif;mso-ascii-theme-font: minor-latin;mso-hansi-theme-font:minor-latin;mso-bidi-theme-font:minor-latin\"><o:p><\/o:p><\/span><\/p>\n<p style=\"margin-bottom: 0cm; background-image: initial; background-position: initial; background-size: initial; background-repeat: initial; background-attachment: initial; background-origin: initial; background-clip: initial;\"><span style=\"font-family:&quot;Calibri&quot;,sans-serif; mso-ascii-theme-font:minor-latin;mso-hansi-theme-font:minor-latin;mso-bidi-theme-font: minor-latin;color:black;mso-color-alt:windowtext\">&#8211; der Gesamtvorstand,<\/span><span style=\"font-family:&quot;Calibri&quot;,sans-serif;mso-ascii-theme-font:minor-latin; mso-hansi-theme-font:minor-latin;mso-bidi-theme-font:minor-latin\"><o:p><\/o:p><\/span><\/p>\n<p style=\"margin-bottom: 0cm; background-image: initial; background-position: initial; background-size: initial; background-repeat: initial; background-attachment: initial; background-origin: initial; background-clip: initial;\"><span style=\"font-family:&quot;Calibri&quot;,sans-serif; mso-ascii-theme-font:minor-latin;mso-hansi-theme-font:minor-latin;mso-bidi-theme-font: minor-latin;color:black;mso-color-alt:windowtext\">&#8211; die Jugendversammlung.<\/span><span style=\"font-family:&quot;Calibri&quot;,sans-serif;mso-ascii-theme-font:minor-latin; mso-hansi-theme-font:minor-latin;mso-bidi-theme-font:minor-latin\"><o:p><\/o:p><\/span><\/p>\n<p style=\"margin-bottom: 6pt; background-image: initial; background-position: initial; background-size: initial; background-repeat: initial; background-attachment: initial; background-origin: initial; background-clip: initial;\"><span style=\"font-family:&quot;Calibri&quot;,sans-serif; mso-ascii-theme-font:minor-latin;mso-hansi-theme-font:minor-latin;mso-bidi-theme-font: minor-latin\">&nbsp;<\/span><\/p>\n<p style=\"margin-bottom: 6pt; background-image: initial; background-position: initial; background-size: initial; background-repeat: initial; background-attachment: initial; background-origin: initial; background-clip: initial;\"><strong><span style=\"font-family: &quot;Calibri&quot;,sans-serif;mso-ascii-theme-font:minor-latin;mso-hansi-theme-font: minor-latin;mso-bidi-theme-font:minor-latin;color:black;mso-color-alt:windowtext\">\u00a7 9 Mitgliederversammlung<\/span><\/strong><span style=\"font-family:&quot;Calibri&quot;,sans-serif; mso-ascii-theme-font:minor-latin;mso-hansi-theme-font:minor-latin;mso-bidi-theme-font: minor-latin\"><o:p><\/o:p><\/span><\/p>\n<p style=\"margin-bottom: 0cm; background-image: initial; background-position: initial; background-size: initial; background-repeat: initial; background-attachment: initial; background-origin: initial; background-clip: initial;\"><span style=\"font-family:&quot;Calibri&quot;,sans-serif; mso-ascii-theme-font:minor-latin;mso-hansi-theme-font:minor-latin;mso-bidi-theme-font: minor-latin;color:black;mso-color-alt:windowtext\">l. Oberstes Organ des Vereins&nbsp;ist die Mitgliederversammlung.<\/span><span style=\"font-family:&quot;Calibri&quot;,sans-serif; mso-ascii-theme-font:minor-latin;mso-hansi-theme-font:minor-latin;mso-bidi-theme-font: minor-latin\"><o:p><\/o:p><\/span><\/p>\n<p style=\"margin-bottom: 0cm; background-image: initial; background-position: initial; background-size: initial; background-repeat: initial; background-attachment: initial; background-origin: initial; background-clip: initial;\"><span style=\"font-family:&quot;Calibri&quot;,sans-serif; mso-ascii-theme-font:minor-latin;mso-hansi-theme-font:minor-latin;mso-bidi-theme-font: minor-latin;color:black;mso-color-alt:windowtext\">2. Die Mitgliederversammlung findet&nbsp;einmal j\u00e4hrlich statt.<\/span><span style=\"font-family:&quot;Calibri&quot;,sans-serif; mso-ascii-theme-font:minor-latin;mso-hansi-theme-font:minor-latin;mso-bidi-theme-font: minor-latin\"><o:p><\/o:p><\/span><\/p>\n<p style=\"margin-bottom: 0cm; background-image: initial; background-position: initial; background-size: initial; background-repeat: initial; background-attachment: initial; background-origin: initial; background-clip: initial;\"><span style=\"font-family:&quot;Calibri&quot;,sans-serif; mso-ascii-theme-font:minor-latin;mso-hansi-theme-font:minor-latin;mso-bidi-theme-font: minor-latin;color:black;mso-color-alt:windowtext\">3. Die Mitgliederversammlung wird&nbsp;durch den gesch\u00e4ftsf\u00fchrenden Vorstand unter Einhaltung einer Frist von zwei<br>Wochen in Textform unter Angabe der Tagesordnung einberufen. Die Tagesordnung<br>setzt der gesch\u00e4ftsf\u00fchrende Vorstand fest. Es sind alle Mitglieder einzuladen.<\/span><span style=\"font-family:&quot;Calibri&quot;,sans-serif;mso-ascii-theme-font:minor-latin; mso-hansi-theme-font:minor-latin;mso-bidi-theme-font:minor-latin\"><o:p><\/o:p><\/span><\/p>\n<p style=\"margin-bottom: 0cm; background-image: initial; background-position: initial; background-size: initial; background-repeat: initial; background-attachment: initial; background-origin: initial; background-clip: initial;\"><span style=\"font-family:&quot;Calibri&quot;,sans-serif; mso-ascii-theme-font:minor-latin;mso-hansi-theme-font:minor-latin;mso-bidi-theme-font: minor-latin;color:black;mso-color-alt:windowtext\">4. Die Einladung zur&nbsp;Mitgliederversammlung gilt als erfolgt, sofern sie postalisch zugestellt, \u00fcber<br>die sozialen Medien oder per eMail zugestellt oder durch Aushang oder \u00fcber die<br>Tagespresse bekanntgemacht wurde.<\/span><span style=\"font-family:&quot;Calibri&quot;,sans-serif; mso-ascii-theme-font:minor-latin;mso-hansi-theme-font:minor-latin;mso-bidi-theme-font: minor-latin\"><o:p><\/o:p><\/span><\/p>\n<p style=\"margin-bottom: 0cm; background-image: initial; background-position: initial; background-size: initial; background-repeat: initial; background-attachment: initial; background-origin: initial; background-clip: initial;\"><span style=\"font-family:&quot;Calibri&quot;,sans-serif; mso-ascii-theme-font:minor-latin;mso-hansi-theme-font:minor-latin;mso-bidi-theme-font: minor-latin;color:black;mso-color-alt:windowtext\">5. Der gesch\u00e4ftsf\u00fchrende&nbsp;Vorstand kann jederzeit eine Mitgliederversammlung einberufen, wenn das<br>Interesse des Vereins es erfordert. Sie muss einberufen werden, wenn es von<br>mindestens 20% aller Mitglieder schriftlich unter Angabe des Zwecks und der<br>Gr\u00fcnde von dem gesch\u00e4ftsf\u00fchrenden Vorstand verlangt wird. Gegenstand der<br>Beschlussfassung einer derartigen Mitgliederversammlung sind nur die mit der<br>Einberufung mitgeteilten Tagesordnungspunkte. Erg\u00e4nzungen der Tagesordnungspunkte<br>sowie weitere Antr\u00e4ge sind ausgeschlossen. Einberufungsform und -frist ergeben<br>sich aus den Abs\u00e4tzen 2 und 3.<\/span><span style=\"font-family:&quot;Calibri&quot;,sans-serif; mso-ascii-theme-font:minor-latin;mso-hansi-theme-font:minor-latin;mso-bidi-theme-font: minor-latin\"><o:p><\/o:p><\/span><\/p>\n<p style=\"margin-bottom: 0cm; background-image: initial; background-position: initial; background-size: initial; background-repeat: initial; background-attachment: initial; background-origin: initial; background-clip: initial;\"><span style=\"font-family:&quot;Calibri&quot;,sans-serif; mso-ascii-theme-font:minor-latin;mso-hansi-theme-font:minor-latin;mso-bidi-theme-font: minor-latin;color:black;mso-color-alt:windowtext\">6. Jede ordnungsgem\u00e4\u00df&nbsp;einberufene Mitgliederversammlung ist unabh\u00e4ngig von der Anzahl der anwesenden<br>Mitglieder beschlussf\u00e4hig.<\/span><span style=\"font-family:&quot;Calibri&quot;,sans-serif; mso-ascii-theme-font:minor-latin;mso-hansi-theme-font:minor-latin;mso-bidi-theme-font: minor-latin\"><o:p><\/o:p><\/span><\/p>\n<p style=\"margin-bottom: 0cm; background-image: initial; background-position: initial; background-size: initial; background-repeat: initial; background-attachment: initial; background-origin: initial; background-clip: initial;\"><span style=\"font-family:&quot;Calibri&quot;,sans-serif; mso-ascii-theme-font:minor-latin;mso-hansi-theme-font:minor-latin;mso-bidi-theme-font: minor-latin;color:black;mso-color-alt:windowtext\">7. Die Mitgliederversammlung&nbsp;wird vom 1. Vorsitzenden, bei dessen Verhinderung von einem anderen Mitglied<br>des gesch\u00e4ftsf\u00fchrenden Vorstands geleitet. Ist kein Mitglied des<br>gesch\u00e4ftsf\u00fchrenden Vorstands anwesend, bestimmt die Versammlung den<br>Versammlungsleiter. Der Versammlungsleiter bestimmt den Protokollf\u00fchrer. Der<br>Versammlungsleiter kann die Leitung der Versammlung auf eine andere Person<br>\u00fcbertragen.<\/span><span style=\"font-family:&quot;Calibri&quot;,sans-serif;mso-ascii-theme-font: minor-latin;mso-hansi-theme-font:minor-latin;mso-bidi-theme-font:minor-latin\"><o:p><\/o:p><\/span><\/p>\n<p style=\"margin-bottom: 0cm; background-image: initial; background-position: initial; background-size: initial; background-repeat: initial; background-attachment: initial; background-origin: initial; background-clip: initial;\"><span style=\"font-family:&quot;Calibri&quot;,sans-serif; mso-ascii-theme-font:minor-latin;mso-hansi-theme-font:minor-latin;mso-bidi-theme-font: minor-latin;color:black;mso-color-alt:windowtext\">8. Alle Abstimmungen und&nbsp;Wahlen erfolgen grunds\u00e4tzlich offen per Handzeichen oder bei Teilnahme an einer<br>virtuellen oder hybriden Mitgliederversammlung auch durch elektronische<br>Stimmabgabe. Wenn geheime Abstimmung beantragt wird, entscheidet dar\u00fcber die Mitgliederversammlung.<br>Eine geheime Abstimmung ist durchzuf\u00fchren, wenn dies von mindestens einem<br>F\u00fcnftel der abgegebenen g\u00fcltigen Stimmen verlangt wird.<\/span><span style=\"font-family:&quot;Calibri&quot;,sans-serif;mso-ascii-theme-font:minor-latin; mso-hansi-theme-font:minor-latin;mso-bidi-theme-font:minor-latin\"><o:p><\/o:p><\/span><\/p>\n<p style=\"margin-bottom: 0cm; background-image: initial; background-position: initial; background-size: initial; background-repeat: initial; background-attachment: initial; background-origin: initial; background-clip: initial;\"><span style=\"font-family:&quot;Calibri&quot;,sans-serif; mso-ascii-theme-font:minor-latin;mso-hansi-theme-font:minor-latin;mso-bidi-theme-font: minor-latin;color:black;mso-color-alt:windowtext\">9. Die Beschl\u00fcsse der&nbsp;Mitgliederversammlung werden mit einfacher Mehrheit der abgegebenen g\u00fcltigen<br>Stimmen gefasst. Bei Stimmengleichheit gilt ein Antrag als abgelehnt. Stimmenthaltungen<br>werden als ung\u00fcltige Stimmen gewertet und nicht mitgez\u00e4hlt. Zur \u00c4nderung der<br>Satzung, zur \u00c4nderung des Vereinszwecks und zur Aufl\u00f6sung des Vereins ist eine<br>Mehrheit von zwei Dritteln der abgegebenen g\u00fcltigen Stimmen erforderlich.<\/span><span style=\"font-family:&quot;Calibri&quot;,sans-serif;mso-ascii-theme-font:minor-latin; mso-hansi-theme-font:minor-latin;mso-bidi-theme-font:minor-latin\"><o:p><\/o:p><\/span><\/p>\n<p style=\"margin-bottom: 0cm; background-image: initial; background-position: initial; background-size: initial; background-repeat: initial; background-attachment: initial; background-origin: initial; background-clip: initial;\"><span style=\"font-family:&quot;Calibri&quot;,sans-serif; mso-ascii-theme-font:minor-latin;mso-hansi-theme-font:minor-latin;mso-bidi-theme-font: minor-latin;color:black;mso-color-alt:windowtext\">10. \u00dcber die Beschl\u00fcsse der&nbsp;Mitgliederversammlung ist ein Protokoll anzufertigen, das vom<br>Versammlungsleiter und Protokollf\u00fchrer zu unterzeichnen ist.<\/span><span style=\"font-family:&quot;Calibri&quot;,sans-serif;mso-ascii-theme-font:minor-latin; mso-hansi-theme-font:minor-latin;mso-bidi-theme-font:minor-latin\"><o:p><\/o:p><\/span><\/p>\n<p style=\"margin-bottom: 0cm; background-image: initial; background-position: initial; background-size: initial; background-repeat: initial; background-attachment: initial; background-origin: initial; background-clip: initial;\"><span style=\"font-family:&quot;Calibri&quot;,sans-serif; mso-ascii-theme-font:minor-latin;mso-hansi-theme-font:minor-latin;mso-bidi-theme-font: minor-latin;color:black;mso-color-alt:windowtext\">11. Jedes Mitglied hat mit&nbsp;Vollendung des 18. Lebensjahres in der Mitgliederversammlung ein Stimmrecht und<br>eine Stimme. Jede juristische Person als Mitglied hat eine Stimme. W\u00e4hlbar ist<br>jedes Mitglied mit Vollendung des 18. Lebensjahres. Das Stimmrecht kann nur<br>pers\u00f6nlich ausge\u00fcbt werden und ist nicht \u00fcbertragbar.<\/span><span style=\"font-family:&quot;Calibri&quot;,sans-serif;mso-ascii-theme-font:minor-latin; mso-hansi-theme-font:minor-latin;mso-bidi-theme-font:minor-latin\"><o:p><\/o:p><\/span><\/p>\n<p style=\"margin-bottom: 0cm; background-image: initial; background-position: initial; background-size: initial; background-repeat: initial; background-attachment: initial; background-origin: initial; background-clip: initial;\"><span style=\"font-family:&quot;Calibri&quot;,sans-serif; mso-ascii-theme-font:minor-latin;mso-hansi-theme-font:minor-latin;mso-bidi-theme-font: minor-latin;color:black;mso-color-alt:windowtext\">12. Die Mitgliederversammlung&nbsp;ist zust\u00e4ndig f\u00fcr:<\/span><span style=\"font-family:&quot;Calibri&quot;,sans-serif; mso-ascii-theme-font:minor-latin;mso-hansi-theme-font:minor-latin;mso-bidi-theme-font: minor-latin\"><o:p><\/o:p><\/span><\/p>\n<p style=\"margin-bottom: 0cm; background-image: initial; background-position: initial; background-size: initial; background-repeat: initial; background-attachment: initial; background-origin: initial; background-clip: initial;\"><span style=\"font-family:&quot;Calibri&quot;,sans-serif; mso-ascii-theme-font:minor-latin;mso-hansi-theme-font:minor-latin;mso-bidi-theme-font: minor-latin;color:black;mso-color-alt:windowtext\">&#8211; Entgegennahme des Bericht&nbsp;des Vorstandes;<\/span><span style=\"font-family:&quot;Calibri&quot;,sans-serif;mso-ascii-theme-font: minor-latin;mso-hansi-theme-font:minor-latin;mso-bidi-theme-font:minor-latin\"><o:p><\/o:p><\/span><\/p>\n<p style=\"margin-bottom: 0cm; background-image: initial; background-position: initial; background-size: initial; background-repeat: initial; background-attachment: initial; background-origin: initial; background-clip: initial;\"><span style=\"font-family:&quot;Calibri&quot;,sans-serif; mso-ascii-theme-font:minor-latin;mso-hansi-theme-font:minor-latin;mso-bidi-theme-font: minor-latin;color:black;mso-color-alt:windowtext\">&#8211; Entgegennahme der&nbsp;Haushaltsplanung<\/span><span style=\"font-family:&quot;Calibri&quot;,sans-serif; mso-ascii-theme-font:minor-latin;mso-hansi-theme-font:minor-latin;mso-bidi-theme-font: minor-latin\"><o:p><\/o:p><\/span><\/p>\n<p style=\"margin-bottom: 0cm; background-image: initial; background-position: initial; background-size: initial; background-repeat: initial; background-attachment: initial; background-origin: initial; background-clip: initial;\"><span style=\"font-family:&quot;Calibri&quot;,sans-serif; mso-ascii-theme-font:minor-latin;mso-hansi-theme-font:minor-latin;mso-bidi-theme-font: minor-latin;color:black;mso-color-alt:windowtext\">&#8211; Entgegennahme des Kassenpr\u00fcfberichts;<\/span><span style=\"font-family:&quot;Calibri&quot;,sans-serif;mso-ascii-theme-font:minor-latin; mso-hansi-theme-font:minor-latin;mso-bidi-theme-font:minor-latin\"><o:p><\/o:p><\/span><\/p>\n<p style=\"margin-bottom: 0cm; background-image: initial; background-position: initial; background-size: initial; background-repeat: initial; background-attachment: initial; background-origin: initial; background-clip: initial;\"><span style=\"font-family:&quot;Calibri&quot;,sans-serif; mso-ascii-theme-font:minor-latin;mso-hansi-theme-font:minor-latin;mso-bidi-theme-font: minor-latin;color:black;mso-color-alt:windowtext\">&#8211; Entlastung des Vorstandes;<\/span><span style=\"font-family:&quot;Calibri&quot;,sans-serif;mso-ascii-theme-font:minor-latin; mso-hansi-theme-font:minor-latin;mso-bidi-theme-font:minor-latin\"><o:p><\/o:p><\/span><\/p>\n<p style=\"margin-bottom: 0cm; background-image: initial; background-position: initial; background-size: initial; background-repeat: initial; background-attachment: initial; background-origin: initial; background-clip: initial;\"><span style=\"font-family:&quot;Calibri&quot;,sans-serif; mso-ascii-theme-font:minor-latin;mso-hansi-theme-font:minor-latin;mso-bidi-theme-font: minor-latin;color:black;mso-color-alt:windowtext\">&#8211; Wahlen und Abberufung des&nbsp;Vorstands sowie der Kassenpr\u00fcfer;<\/span><span style=\"font-family:&quot;Calibri&quot;,sans-serif; mso-ascii-theme-font:minor-latin;mso-hansi-theme-font:minor-latin;mso-bidi-theme-font: minor-latin\"><o:p><\/o:p><\/span><\/p>\n<p style=\"margin-bottom: 0cm; background-image: initial; background-position: initial; background-size: initial; background-repeat: initial; background-attachment: initial; background-origin: initial; background-clip: initial;\"><span style=\"font-family:&quot;Calibri&quot;,sans-serif; mso-ascii-theme-font:minor-latin;mso-hansi-theme-font:minor-latin;mso-bidi-theme-font: minor-latin;color:black;mso-color-alt:windowtext\">&#8211; Beschlussfassung \u00fcber&nbsp;Beitr\u00e4ge;<\/span><span style=\"font-family:&quot;Calibri&quot;,sans-serif;mso-ascii-theme-font: minor-latin;mso-hansi-theme-font:minor-latin;mso-bidi-theme-font:minor-latin\"><o:p><\/o:p><\/span><\/p>\n<p style=\"margin-bottom: 0cm; background-image: initial; background-position: initial; background-size: initial; background-repeat: initial; background-attachment: initial; background-origin: initial; background-clip: initial;\"><span style=\"font-family:&quot;Calibri&quot;,sans-serif; mso-ascii-theme-font:minor-latin;mso-hansi-theme-font:minor-latin;mso-bidi-theme-font: minor-latin;color:black;mso-color-alt:windowtext\">&#8211; Ernennung von&nbsp;Ehrenmitglieder und Ehrenvorsitzenden;<\/span><span style=\"font-family:&quot;Calibri&quot;,sans-serif; mso-ascii-theme-font:minor-latin;mso-hansi-theme-font:minor-latin;mso-bidi-theme-font: minor-latin\"><o:p><\/o:p><\/span><\/p>\n<p style=\"margin-bottom: 0cm; background-image: initial; background-position: initial; background-size: initial; background-repeat: initial; background-attachment: initial; background-origin: initial; background-clip: initial;\"><span style=\"font-family:&quot;Calibri&quot;,sans-serif; mso-ascii-theme-font:minor-latin;mso-hansi-theme-font:minor-latin;mso-bidi-theme-font: minor-latin;color:black;mso-color-alt:windowtext\">&#8211; Beschlussfassung \u00fcber&nbsp;Antr\u00e4ge;<\/span><span style=\"font-family:&quot;Calibri&quot;,sans-serif;mso-ascii-theme-font: minor-latin;mso-hansi-theme-font:minor-latin;mso-bidi-theme-font:minor-latin\"><o:p><\/o:p><\/span><\/p>\n<p style=\"margin-bottom: 0cm; background-image: initial; background-position: initial; background-size: initial; background-repeat: initial; background-attachment: initial; background-origin: initial; background-clip: initial;\"><span style=\"font-family:&quot;Calibri&quot;,sans-serif; mso-ascii-theme-font:minor-latin;mso-hansi-theme-font:minor-latin;mso-bidi-theme-font: minor-latin;color:black;mso-color-alt:windowtext\">&#8211; \u00c4nderung der Satzung und&nbsp;Fusion oder Aufl\u00f6sung des Vereins.<\/span><span style=\"font-family:&quot;Calibri&quot;,sans-serif; mso-ascii-theme-font:minor-latin;mso-hansi-theme-font:minor-latin;mso-bidi-theme-font: minor-latin\"><o:p><\/o:p><\/span><\/p>\n<p style=\"margin-bottom: 0cm; background-image: initial; background-position: initial; background-size: initial; background-repeat: initial; background-attachment: initial; background-origin: initial; background-clip: initial;\"><span style=\"font-family:&quot;Calibri&quot;,sans-serif; mso-ascii-theme-font:minor-latin;mso-hansi-theme-font:minor-latin;mso-bidi-theme-font: minor-latin;color:black;mso-color-alt:windowtext\">13. Antr\u00e4ge zur Tagesordnung&nbsp;m\u00fcssen sp\u00e4testens eine Woche vor der Mitgliederversammlung beim<br>gesch\u00e4ftsf\u00fchrenden Vorstand in Textform, mit Begr\u00fcndung und unter Angabe des<br>Namens eingereicht werden. Ausgenommen davon sind Dringlichkeitsantr\u00e4ge, die<br>mit dem Eintritt von Ereignissen begr\u00fcndet werden, welche nach dem Ablauf der<br>Antragsfrist eingetreten sind. Abweichend von \u00a7 32 Absatz 1 Satz 2 BGB k\u00f6nnen<br>sp\u00e4ter eingehende Antr\u00e4ge nur dann behandelt werden, wenn f\u00fcr deren Behandlung<br>ein dringendes Regelungsbed\u00fcrfnis noch in dieser Mitgliederversammlung besteht<br>und dieses dringende Regelungsbed\u00fcrfnis von mindestens 2\/3 der anwesenden<br>Mitglieder bejaht wird. F\u00fcr Antr\u00e4ge zur \u00c4nderung der Satzung und zur Aufl\u00f6sung<br>des Vereins gilt dies jedoch nicht.<\/span><span style=\"font-family:&quot;Calibri&quot;,sans-serif; mso-ascii-theme-font:minor-latin;mso-hansi-theme-font:minor-latin;mso-bidi-theme-font: minor-latin\"><o:p><\/o:p><\/span><\/p>\n<p style=\"margin-bottom: 0cm; background-image: initial; background-position: initial; background-size: initial; background-repeat: initial; background-attachment: initial; background-origin: initial; background-clip: initial;\"><span style=\"font-family:&quot;Calibri&quot;,sans-serif; mso-ascii-theme-font:minor-latin;mso-hansi-theme-font:minor-latin;mso-bidi-theme-font: minor-latin;color:black;mso-color-alt:windowtext\">14. Mitgliederversammlungen&nbsp;finden grunds\u00e4tzlich als Pr\u00e4senzveranstaltungen statt. Der gesch\u00e4ftsf\u00fchrende<br>Vorstand kann beschlie\u00dfen, dass die Mitgliederversammlung ausschlie\u00dflich als<br>virtuelle Mitgliederversammlung in Form einer onlinebasierten Videoversammlung<br>oder als Kombination von Pr\u00e4senzversammlung und virtueller Versammlung (hybride<br>Versammlung) stattfindet. Ohne einen entsprechenden Beschluss des<br>gesch\u00e4ftsf\u00fchrenden Vorstands haben die Mitglieder keinen Anspruch darauf,<br>virtuell an einer Pr\u00e4senzveranstaltung teilzunehmen.<\/span><span style=\"font-family:&quot;Calibri&quot;,sans-serif;mso-ascii-theme-font:minor-latin; mso-hansi-theme-font:minor-latin;mso-bidi-theme-font:minor-latin\"><o:p><\/o:p><\/span><\/p>\n<p style=\"margin-bottom: 0cm; background-image: initial; background-position: initial; background-size: initial; background-repeat: initial; background-attachment: initial; background-origin: initial; background-clip: initial;\"><span style=\"font-family:&quot;Calibri&quot;,sans-serif; mso-ascii-theme-font:minor-latin;mso-hansi-theme-font:minor-latin;mso-bidi-theme-font: minor-latin;color:black;mso-color-alt:windowtext\">15. Teilnahme- und&nbsp;stimmberechtigten Personen, die nicht in Pr\u00e4senzform an der virtuellen oder<br>hybriden Mitgliederversammlung teilnehmen, wird durch geeignete technische<br>Vorrichtungen die M\u00f6glichkeit gegeben, virtuell an der Mitgliederversammlung<br>teilzunehmen und das Stimmrecht auf elektronischem Wege auszu\u00fcben. Die<br>Einzelheiten zur Registrierung und Gew\u00e4hrleistung der Zugangsberechtigung und<br>Aus\u00fcbung des Stimmrechts k\u00f6nnen in der Gesch\u00e4ftsordnung geregelt werden. Die<br>Auswahl der technischen Rahmenbedingungen (z.B. die Auswahl der zu verwendenden<br>Software bzw. Programme) legt der gesch\u00e4ftsf\u00fchrende Vorstand fest.<\/span><span style=\"font-family:&quot;Calibri&quot;,sans-serif;mso-ascii-theme-font:minor-latin; mso-hansi-theme-font:minor-latin;mso-bidi-theme-font:minor-latin\"><o:p><\/o:p><\/span><\/p>\n<p style=\"margin-bottom: 0cm; background-image: initial; background-position: initial; background-size: initial; background-repeat: initial; background-attachment: initial; background-origin: initial; background-clip: initial;\"><span style=\"font-family:&quot;Calibri&quot;,sans-serif; mso-ascii-theme-font:minor-latin;mso-hansi-theme-font:minor-latin;mso-bidi-theme-font: minor-latin;color:black;mso-color-alt:windowtext\">16. Technische Widrigkeiten,&nbsp;die zu einer Beeintr\u00e4chtigung bei der Teilnahme oder bei der<br>Stimmrechtsaus\u00fcbung f\u00fchren, berechtigen die teilnahme- und stimmberechtigten<br>Personen nicht dazu, gefasste Beschl\u00fcsse und vorgenommene Wahlen anzufechten,<br>es sei denn, die Ursache der technischen Widrigkeiten ist dem<br>Verantwortungsbereich des Vereins zuzurechnen.<\/span><span style=\"font-family: &quot;Calibri&quot;,sans-serif;mso-ascii-theme-font:minor-latin;mso-hansi-theme-font: minor-latin;mso-bidi-theme-font:minor-latin\"><o:p><\/o:p><\/span><\/p>\n<p style=\"margin-bottom: 0cm; background-image: initial; background-position: initial; background-size: initial; background-repeat: initial; background-attachment: initial; background-origin: initial; background-clip: initial;\"><span style=\"font-family:&quot;Calibri&quot;,sans-serif; mso-ascii-theme-font:minor-latin;mso-hansi-theme-font:minor-latin;mso-bidi-theme-font: minor-latin;color:black;mso-color-alt:windowtext\">17. Im \u00dcbrigen gelten f\u00fcr die&nbsp;virtuelle bzw. hybride Mitgliederversammlung die Vorschriften \u00fcber die<br>Mitgliederversammlung sinngem\u00e4\u00df.<\/span><span style=\"font-family:&quot;Calibri&quot;,sans-serif; mso-ascii-theme-font:minor-latin;mso-hansi-theme-font:minor-latin;mso-bidi-theme-font: minor-latin\"><o:p><\/o:p><\/span><\/p>\n<p style=\"margin-bottom: 6pt; background-image: initial; background-position: initial; background-size: initial; background-repeat: initial; background-attachment: initial; background-origin: initial; background-clip: initial;\"><span style=\"font-family:&quot;Calibri&quot;,sans-serif; mso-ascii-theme-font:minor-latin;mso-hansi-theme-font:minor-latin;mso-bidi-theme-font: minor-latin\">&nbsp;<\/span><\/p>\n<p style=\"background-image: initial; background-position: initial; background-size: initial; background-repeat: initial; background-attachment: initial; background-origin: initial; background-clip: initial;\"><strong><span style=\"font-family:&quot;Calibri&quot;,sans-serif; mso-ascii-theme-font:minor-latin;mso-hansi-theme-font:minor-latin;mso-bidi-theme-font: minor-latin;color:black;mso-color-alt:windowtext\">\u00a7 10 Vorstand<\/span><\/strong><span style=\"font-family:&quot;Calibri&quot;,sans-serif;mso-ascii-theme-font:minor-latin; mso-hansi-theme-font:minor-latin;mso-bidi-theme-font:minor-latin\"><o:p><\/o:p><\/span><\/p>\n<p style=\"margin-bottom: 0cm; background-image: initial; background-position: initial; background-size: initial; background-repeat: initial; background-attachment: initial; background-origin: initial; background-clip: initial;\"><span style=\"font-family:&quot;Calibri&quot;,sans-serif; mso-ascii-theme-font:minor-latin;mso-hansi-theme-font:minor-latin;mso-bidi-theme-font: minor-latin;color:black;mso-color-alt:windowtext\">l. Der Vorstand besteht aus&nbsp;<\/span><span style=\"color: black; font-family: Calibri, sans-serif; font-size: inherit; font-weight: var( --e-global-typography-text-font-weight );\">dem gesch\u00e4ftsf\u00fchrenden&nbsp;<\/span><span style=\"color: black; font-family: Calibri, sans-serif; font-size: inherit; font-weight: var( --e-global-typography-text-font-weight );\">Vorstand, und<\/span><span style=\"color: black; font-family: Calibri, sans-serif; font-size: inherit; font-weight: var( --e-global-typography-text-font-weight );\">&nbsp;dem Gesamtvorstand.<\/span><\/p>\n<p style=\"margin-bottom: 0cm; background-image: initial; background-position: initial; background-size: initial; background-repeat: initial; background-attachment: initial; background-origin: initial; background-clip: initial;\"><span style=\"font-family:&quot;Calibri&quot;,sans-serif; mso-ascii-theme-font:minor-latin;mso-hansi-theme-font:minor-latin;mso-bidi-theme-font: minor-latin;color:black;mso-color-alt:windowtext\">2. Der gesch\u00e4ftsf\u00fchrende&nbsp;Vorstand gem. \u00a7 26 BGB besteht aus dem 1.Vorsitzenden, dem 2. Vorsitzenden und<br>dem Schatzmeister. Die Vorsitzenden sind berechtigt jeweils alleine den Verein<br>im Au\u00dfenverh\u00e4ltnis zu vertreten. Der Schatzmeister ist dann zur Vertretung des<br>Vereins im Au\u00dfenverh\u00e4ltnis berechtigt, wenn beide Vorsitzenden verhindert sind.<br>In diesem Fall ist der Schatzmeister alleine vertretungsberechtigt. Im<br>Innenverh\u00e4ltnis wird die Vertreterberechtigung des 2. Vorsitzenden auf den<br>Verhinderungsfall des 1.Vorsitzenden beschr\u00e4nkt. <\/span><span style=\"font-family: &quot;Calibri&quot;,sans-serif;mso-ascii-theme-font:minor-latin;mso-hansi-theme-font: minor-latin;mso-bidi-theme-font:minor-latin\"><o:p><\/o:p><\/span><\/p>\n<p style=\"margin-bottom: 0cm; background-image: initial; background-position: initial; background-size: initial; background-repeat: initial; background-attachment: initial; background-origin: initial; background-clip: initial;\"><span style=\"font-family:&quot;Calibri&quot;,sans-serif; mso-ascii-theme-font:minor-latin;mso-hansi-theme-font:minor-latin;mso-bidi-theme-font: minor-latin;color:black;mso-color-alt:windowtext\">3. Entscheidungen, die die&nbsp;wirtschaftlichen Belange des Vereins betreffen, werden ausschlie\u00dflich vom<br>Vorstand im Sinne des \u00a7 26 BGB getroffen.<\/span><span style=\"font-family:&quot;Calibri&quot;,sans-serif; mso-ascii-theme-font:minor-latin;mso-hansi-theme-font:minor-latin;mso-bidi-theme-font: minor-latin\"><o:p><\/o:p><\/span><\/p>\n<p style=\"margin-bottom: 0cm; background-image: initial; background-position: initial; background-size: initial; background-repeat: initial; background-attachment: initial; background-origin: initial; background-clip: initial;\"><span style=\"font-family:&quot;Calibri&quot;,sans-serif; mso-ascii-theme-font:minor-latin;mso-hansi-theme-font:minor-latin;mso-bidi-theme-font: minor-latin;color:black;mso-color-alt:windowtext\">4. Aufgabe des&nbsp;gesch\u00e4ftsf\u00fchrenden Vorstands ist die Leitung und Gesch\u00e4ftsf\u00fchrung des Vereins.<br>Er ist f\u00fcr alle Aufgaben zust\u00e4ndig, die nicht durch die Satzung oder Ordnung<br>einem anderen Vereinsorgan zugewiesen sind.<\/span><span style=\"font-family: &quot;Calibri&quot;,sans-serif;mso-ascii-theme-font:minor-latin;mso-hansi-theme-font: minor-latin;mso-bidi-theme-font:minor-latin\"><o:p><\/o:p><\/span><\/p>\n<p style=\"margin-bottom: 0cm; background-image: initial; background-position: initial; background-size: initial; background-repeat: initial; background-attachment: initial; background-origin: initial; background-clip: initial;\"><span style=\"font-family:&quot;Calibri&quot;,sans-serif; mso-ascii-theme-font:minor-latin;mso-hansi-theme-font:minor-latin;mso-bidi-theme-font: minor-latin;color:black;mso-color-alt:windowtext\">5. Der gesch\u00e4ftsf\u00fchrende&nbsp;Vorstand kann Aussch\u00fcsse bilden und f\u00fcr bestimmte Aufgaben Beauftragte&nbsp;benennen.<\/span><span style=\"font-family:&quot;Calibri&quot;,sans-serif;mso-ascii-theme-font: minor-latin;mso-hansi-theme-font:minor-latin;mso-bidi-theme-font:minor-latin\"><o:p><\/o:p><\/span><\/p>\n<p style=\"margin-bottom: 0cm; background-image: initial; background-position: initial; background-size: initial; background-repeat: initial; background-attachment: initial; background-origin: initial; background-clip: initial;\"><span style=\"font-family:&quot;Calibri&quot;,sans-serif; mso-ascii-theme-font:minor-latin;mso-hansi-theme-font:minor-latin;mso-bidi-theme-font: minor-latin;color:black;mso-color-alt:windowtext\">6. Der Gesamtvorstand besteht&nbsp;aus den Mitgliedern des gesch\u00e4ftsf\u00fchrenden Vorstands sowie dem Schriftf\u00fchrer,<br>Sportwart, Pressewart, Jugendwart und den Beisitzern.<\/span><span style=\"font-family:&quot;Calibri&quot;,sans-serif;mso-ascii-theme-font:minor-latin; mso-hansi-theme-font:minor-latin;mso-bidi-theme-font:minor-latin\"><o:p><\/o:p><\/span><\/p>\n<p style=\"margin-bottom: 0cm; background-image: initial; background-position: initial; background-size: initial; background-repeat: initial; background-attachment: initial; background-origin: initial; background-clip: initial;\"><span style=\"font-family:&quot;Calibri&quot;,sans-serif; mso-ascii-theme-font:minor-latin;mso-hansi-theme-font:minor-latin;mso-bidi-theme-font: minor-latin;color:black;mso-color-alt:windowtext\">7. Der Vorstand, mit Ausnahme&nbsp;des Jugendsprechers, wird jeweils auf die Dauer von zwei Jahren von der<br>Mitgliederversammlung gew\u00e4hlt. Die Vorstandsmitglieder werden in zwei Gruppen<br>gew\u00e4hlt: in einem Jahr der 1. Vorsitzende, der Schatzmeister, der<br>Schriftf\u00fchrer, der Pressewart, und der 2. Beisitzer; im n\u00e4chsten Jahr der 2.<br>Vorsitzende, der 1. Beisitzer, der 3. Beisitzer der Jugendwart und der<br>Sportwart. Sollten weitere Beisitzer in den Gesamtvorstand berufen werden, wird<br>der 4. Beisitzer in Gruppe 1, der f\u00fcnfte Beisitzer in Gruppe 2 usw. gew\u00e4hlt. Die<br>Wiederwahl ist zul\u00e4ssig. Bis zur Neuwahl oder Wiederwahl bleibt der Vorstand im<br>Amt. Bei Ausscheiden eines Vorstandsmitgliedes w\u00e4hrend der laufenden Amtszeit<br>erfolgt von der n\u00e4chsten ordentlich oder ggf. gesondert einberufenen,<br>au\u00dferordentlichen Mitgliederversammlung eine Ersatzwahl (Nachwahl) f\u00fcr die<br>restliche Amtszeit des ausgeschiedenen Vorstandsmitgliedes.<br>8. Bei Ausscheiden eines Vorstandsmitgliedes oder nach Ablauf dessen Amtszeit<br>bleibt das Vorstandsmitglied solange im Amt, bis ein neues Vorstandsmitglied<br>gew\u00e4hlt ist. Der Vorstand kann bis zur Ersatzwahl ein Ersatzmitglied benennen,<br>welches \u00fcber dieselben Rechte verf\u00fcgt, wie das ausgeschiedene<br>Vorstandsmitglied. Ausgenommen hiervon ist das Amt des ersten Vorsitzenden. Bei<br>Ausscheiden des ersten Vorsitzenden werden bis zur Neuwahl die Gesch\u00e4fte vom<br>\u00fcbrigen Vorstand wahrgenommen.<br>9. Zur Abwahl von Vorstandspositionen ist grunds\u00e4tzlich die Mitgliederversammlung<br>berechtigt. Ist dem Verein die Beibehaltung des Vorstandsmitgliedes bis zur<br>n\u00e4chsten ordentlichen Mitgliederversammlung nicht mehr zuzumuten, so kann ein<br>Vorstandsmitglied auch durch Vorstandsbeschluss mit einer Mehrheit von 2\/3 der<br>erschienenen stimmberechtigten Mitgliedern bis zur n\u00e4chsten Mitgliederversammlung<br>vorl\u00e4ufig von seinem Amt enthoben werden. Das betroffene Vorstandsmitglied ist<br>vor dieser Entscheidung anzuh\u00f6ren. Gegen den Beschluss, der dem<br>Vorstandsmitglied mit eingeschriebenem Brief mitzuteilen ist, steht diesem<br>innerhalb einer Frist von 4 Wochen seit Zustellung des Schreibens der Einspruch&nbsp;zu.<\/span><span style=\"font-family:&quot;Calibri&quot;,sans-serif;mso-ascii-theme-font: minor-latin;mso-hansi-theme-font:minor-latin;mso-bidi-theme-font:minor-latin\"><o:p><\/o:p><\/span><\/p>\n<p style=\"margin-bottom: 0cm; background-image: initial; background-position: initial; background-size: initial; background-repeat: initial; background-attachment: initial; background-origin: initial; background-clip: initial;\"><span style=\"font-family:&quot;Calibri&quot;,sans-serif; mso-ascii-theme-font:minor-latin;mso-hansi-theme-font:minor-latin;mso-bidi-theme-font: minor-latin;color:black;mso-color-alt:windowtext\">10. Abwesende k\u00f6nnen gew\u00e4hlt&nbsp;werden, wenn sie ihre Bereitschaft zur Wahl des Amtes vorher schriftlich<br>erkl\u00e4rt haben und die schriftliche Erkl\u00e4rung in der Mitgliederversammlung<br>vorliegt.<\/span><span style=\"font-family:&quot;Calibri&quot;,sans-serif;mso-ascii-theme-font: minor-latin;mso-hansi-theme-font:minor-latin;mso-bidi-theme-font:minor-latin\"><o:p><\/o:p><\/span><\/p>\n<p style=\"margin-bottom: 0cm; background-image: initial; background-position: initial; background-size: initial; background-repeat: initial; background-attachment: initial; background-origin: initial; background-clip: initial;\"><span style=\"font-family:&quot;Calibri&quot;,sans-serif; mso-ascii-theme-font:minor-latin;mso-hansi-theme-font:minor-latin;mso-bidi-theme-font: minor-latin;color:black;mso-color-alt:windowtext\">11. Sitzungen und Beschl\u00fcsse&nbsp;des Vorstands sind zu protokollieren.<\/span><span style=\"font-family:&quot;Calibri&quot;,sans-serif; mso-ascii-theme-font:minor-latin;mso-hansi-theme-font:minor-latin;mso-bidi-theme-font: minor-latin\"><o:p><\/o:p><\/span><\/p>\n<p style=\"margin-bottom: 0cm; background-image: initial; background-position: initial; background-size: initial; background-repeat: initial; background-attachment: initial; background-origin: initial; background-clip: initial;\"><span style=\"font-family:&quot;Calibri&quot;,sans-serif; mso-ascii-theme-font:minor-latin;mso-hansi-theme-font:minor-latin;mso-bidi-theme-font: minor-latin;color:black;mso-color-alt:windowtext\">12. Die Mitglieder des&nbsp;Vorstandes k\u00f6nnen ihre T\u00e4tigkeit unter Ber\u00fccksichtigung der wirtschaftlichen<br>Verh\u00e4ltnisse und der Haushaltslage gegen eine angemessene Verg\u00fctung<br>(entgeltlich auf der Grundlage eines Dienst- oder Arbeitsvertrages oder gegen<br>Zahlung einer pauschalen Aufwandsentsch\u00e4digung gem. \u00a7 3 Nr. 26 a EStG) aus\u00fcben.<br>F\u00fcr die Entscheidung \u00fcber Vertragsbeginn, Vertragsinhalte und Vertragsende ist<br>der gesch\u00e4ftsf\u00fchrende Vorstand zust\u00e4ndig. Bei dringendem Bedarf und im Rahmen<br>der haushaltsrechtlichen M\u00f6glichkeiten k\u00f6nnen Aufgaben des Vorstands<br>entgeltlich auf der Grundlage eines Dienstvertrages oder gegen Zahlung einer<br>Aufwandsentsch\u00e4digung nach \u00a73 Nr. 26a EStG von Dritten ausge\u00fcbt werden.<\/span><span style=\"font-family:&quot;Calibri&quot;,sans-serif;mso-ascii-theme-font:minor-latin; mso-hansi-theme-font:minor-latin;mso-bidi-theme-font:minor-latin\"><o:p><\/o:p><\/span><\/p>\n<p style=\"margin-bottom: 0cm; background-image: initial; background-position: initial; background-size: initial; background-repeat: initial; background-attachment: initial; background-origin: initial; background-clip: initial;\"><span style=\"font-family:&quot;Calibri&quot;,sans-serif; mso-ascii-theme-font:minor-latin;mso-hansi-theme-font:minor-latin;mso-bidi-theme-font: minor-latin;color:black;mso-color-alt:windowtext\">13. Im Interesse des Vereins&nbsp;gemachte Auslagen werden gem. \u00a7 670 BGB erstattet. Dabei ist das Gebot der<br>Sparsamkeit zu beachten. Der Anspruch auf Auslagenersatz kann nur innerhalb<br>einer Frist von 4 Wochen nach seiner Entstehung geltend gemacht werden. Erstattungen<br>werden nur gew\u00e4hrt, wenn die Aufwendungen mit pr\u00fcff\u00e4higen Belegen und<br>Aufstellungen nachgewiesen werden.<\/span><span style=\"font-family:&quot;Calibri&quot;,sans-serif; mso-ascii-theme-font:minor-latin;mso-hansi-theme-font:minor-latin;mso-bidi-theme-font: minor-latin\"><o:p><\/o:p><\/span><\/p>\n<p style=\"margin-bottom: 0cm; background-image: initial; background-position: initial; background-size: initial; background-repeat: initial; background-attachment: initial; background-origin: initial; background-clip: initial;\"><span style=\"font-family:&quot;Calibri&quot;,sans-serif; mso-ascii-theme-font:minor-latin;mso-hansi-theme-font:minor-latin;mso-bidi-theme-font: minor-latin;color:black;mso-color-alt:windowtext\">14. Der Vorstand kann sich&nbsp;selbst eine Gesch\u00e4ftsordnung geben. Soweit bestimmte Aufgaben von einzelnen<br>Vorstandsmitgliedern wahrgenommen werden sollen, kann dies in der<br>Gesch\u00e4ftsordnung festgehalten werden, die jederzeit durch Beschluss des<br>Vorstands ge\u00e4ndert werden kann.<\/span><span style=\"font-family:&quot;Calibri&quot;,sans-serif; mso-ascii-theme-font:minor-latin;mso-hansi-theme-font:minor-latin;mso-bidi-theme-font: minor-latin\"><o:p><\/o:p><\/span><\/p>\n<p style=\"margin-bottom: 0cm; background-image: initial; background-position: initial; background-size: initial; background-repeat: initial; background-attachment: initial; background-origin: initial; background-clip: initial;\"><span style=\"font-family:&quot;Calibri&quot;,sans-serif; mso-ascii-theme-font:minor-latin;mso-hansi-theme-font:minor-latin;mso-bidi-theme-font: minor-latin;color:black;mso-color-alt:windowtext\">15. Der Vorstand \u00fcbt das&nbsp;Hausrecht aus. Er kann Personen, die sich wiederholt unbefugt in den<br>R\u00e4umlichkeiten des Vereines aufgehalten oder sonst in grober Weise oder<br>wiederholt gegen die Mitgliedspflichten versto\u00dfen haben, ein Hausverbot<br>erteilen. Das Hausverbot ist im Regelfall auf eine der Schwere des Versto\u00dfes<br>angemessene Zeit zu befristen. Gegen ein Hausverbot ist der Einspruch nicht<br>zul\u00e4ssig. Vor der Entscheidung ist der Betroffene vom Vor-stand zur Sache<br>anzuh\u00f6ren.<\/span><span style=\"font-family:&quot;Calibri&quot;,sans-serif;mso-ascii-theme-font: minor-latin;mso-hansi-theme-font:minor-latin;mso-bidi-theme-font:minor-latin\"><o:p><\/o:p><\/span><\/p>\n<p style=\"margin-bottom: 0cm; background-image: initial; background-position: initial; background-size: initial; background-repeat: initial; background-attachment: initial; background-origin: initial; background-clip: initial;\"><span style=\"font-family:&quot;Calibri&quot;,sans-serif; mso-ascii-theme-font:minor-latin;mso-hansi-theme-font:minor-latin;mso-bidi-theme-font: minor-latin;color:black;mso-color-alt:windowtext\">16. Der Vorstand vertritt den&nbsp;Verein in allen Angelegenheiten, insbesondere auch in Rechtsstreitigkeiten.<br>Geht der Vorstand Verpflichtungen f\u00fcr den Verein ein, so muss er die Haftung<br>der Mitglieder auf das Vereinsverm\u00f6gen beschr\u00e4nken.<\/span><span style=\"font-family:&quot;Calibri&quot;,sans-serif;mso-ascii-theme-font:minor-latin; mso-hansi-theme-font:minor-latin;mso-bidi-theme-font:minor-latin\"><o:p><\/o:p><\/span><\/p>\n<p style=\"margin-bottom: 0cm; background-image: initial; background-position: initial; background-size: initial; background-repeat: initial; background-attachment: initial; background-origin: initial; background-clip: initial;\"><span style=\"font-family:&quot;Calibri&quot;,sans-serif; mso-ascii-theme-font:minor-latin;mso-hansi-theme-font:minor-latin;mso-bidi-theme-font: minor-latin;color:black;mso-color-alt:windowtext\">17. Der Vorstand entscheidet&nbsp;\u00fcber die Geb\u00fchrenordnung. Sie kann jederzeit durch Beschluss des Vorstands<br>ge\u00e4ndert werden.<\/span><span style=\"font-family:&quot;Calibri&quot;,sans-serif; mso-ascii-theme-font:minor-latin;mso-hansi-theme-font:minor-latin;mso-bidi-theme-font: minor-latin\"><o:p><\/o:p><\/span><\/p>\n<p style=\"margin-bottom: 6pt; background-image: initial; background-position: initial; background-size: initial; background-repeat: initial; background-attachment: initial; background-origin: initial; background-clip: initial;\"><span style=\"font-family:&quot;Calibri&quot;,sans-serif; mso-ascii-theme-font:minor-latin;mso-hansi-theme-font:minor-latin;mso-bidi-theme-font: minor-latin\">&nbsp;<\/span><\/p>\n<p style=\"margin-bottom: 6pt; background-image: initial; background-position: initial; background-size: initial; background-repeat: initial; background-attachment: initial; background-origin: initial; background-clip: initial;\"><b><span style=\"font-family:&quot;Calibri&quot;,sans-serif;mso-ascii-theme-font: minor-latin;mso-hansi-theme-font:minor-latin;mso-bidi-theme-font:minor-latin; color:black;mso-color-alt:windowtext\">\u00a7 11 Die Vereinsjugend<\/span><\/b><b><span style=\"font-family:&quot;Calibri&quot;,sans-serif; mso-ascii-theme-font:minor-latin;mso-hansi-theme-font:minor-latin;mso-bidi-theme-font: minor-latin\"><o:p><\/o:p><\/span><\/b><\/p>\n<p style=\"margin-bottom: 0cm; background-image: initial; background-position: initial; background-size: initial; background-repeat: initial; background-attachment: initial; background-origin: initial; background-clip: initial;\"><span style=\"font-family:&quot;Calibri&quot;,sans-serif; mso-ascii-theme-font:minor-latin;mso-hansi-theme-font:minor-latin;mso-bidi-theme-font: minor-latin;color:black;mso-color-alt:windowtext\">1. Die Vereinsjugend ist die&nbsp;Gemeinschaft aller Mitglieder bis zur Vollendung des 18. Lebensjahres und ist<br>zust\u00e4ndig f\u00fcr alle Jugendangelegenheiten des Vereins.<\/span><span style=\"font-family:&quot;Calibri&quot;,sans-serif;mso-ascii-theme-font:minor-latin; mso-hansi-theme-font:minor-latin;mso-bidi-theme-font:minor-latin\"><o:p><\/o:p><\/span><\/p>\n<p style=\"margin-bottom: 0cm; background-image: initial; background-position: initial; background-size: initial; background-repeat: initial; background-attachment: initial; background-origin: initial; background-clip: initial;\"><span style=\"font-family:&quot;Calibri&quot;,sans-serif; mso-ascii-theme-font:minor-latin;mso-hansi-theme-font:minor-latin;mso-bidi-theme-font: minor-latin;color:black;mso-color-alt:windowtext\">2. Organe der Vereinsjugend&nbsp;sind<\/span><span style=\"font-family:&quot;Calibri&quot;,sans-serif;mso-ascii-theme-font: minor-latin;mso-hansi-theme-font:minor-latin;mso-bidi-theme-font:minor-latin\"><o:p><\/o:p><\/span><\/p>\n<p style=\"margin-bottom: 0cm; background-image: initial; background-position: initial; background-size: initial; background-repeat: initial; background-attachment: initial; background-origin: initial; background-clip: initial;\"><span style=\"font-family:&quot;Calibri&quot;,sans-serif; mso-ascii-theme-font:minor-latin;mso-hansi-theme-font:minor-latin;mso-bidi-theme-font: minor-latin;color:black;mso-color-alt:windowtext\">&#8211; der Jugendwart;<\/span><span style=\"font-family:&quot;Calibri&quot;,sans-serif;mso-ascii-theme-font:minor-latin; mso-hansi-theme-font:minor-latin;mso-bidi-theme-font:minor-latin\"><o:p><\/o:p><\/span><\/p>\n<p style=\"margin-bottom: 0cm; background-image: initial; background-position: initial; background-size: initial; background-repeat: initial; background-attachment: initial; background-origin: initial; background-clip: initial;\"><span style=\"font-family:&quot;Calibri&quot;,sans-serif; mso-ascii-theme-font:minor-latin;mso-hansi-theme-font:minor-latin;mso-bidi-theme-font: minor-latin;color:black;mso-color-alt:windowtext\">&#8211; der Jugendsprecher;<\/span><span style=\"font-family:&quot;Calibri&quot;,sans-serif;mso-ascii-theme-font:minor-latin; mso-hansi-theme-font:minor-latin;mso-bidi-theme-font:minor-latin\"><o:p><\/o:p><\/span><\/p>\n<p style=\"margin-bottom: 0cm; background-image: initial; background-position: initial; background-size: initial; background-repeat: initial; background-attachment: initial; background-origin: initial; background-clip: initial;\"><span style=\"font-family:&quot;Calibri&quot;,sans-serif; mso-ascii-theme-font:minor-latin;mso-hansi-theme-font:minor-latin;mso-bidi-theme-font: minor-latin;color:black;mso-color-alt:windowtext\">&#8211; die Jugendversammlung.<\/span><span style=\"font-family:&quot;Calibri&quot;,sans-serif;mso-ascii-theme-font:minor-latin; mso-hansi-theme-font:minor-latin;mso-bidi-theme-font:minor-latin\"><o:p><\/o:p><\/span><\/p>\n<p style=\"margin-bottom: 0cm; background-image: initial; background-position: initial; background-size: initial; background-repeat: initial; background-attachment: initial; background-origin: initial; background-clip: initial;\"><span style=\"font-family:&quot;Calibri&quot;,sans-serif; mso-ascii-theme-font:minor-latin;mso-hansi-theme-font:minor-latin;mso-bidi-theme-font: minor-latin;color:black;mso-color-alt:windowtext\">Der Jugendwart ist Mitglied&nbsp;des Gesamtvorstandes, der Jugendsprecher ist berechtigt an den<br>Vorstandssitzungen teilzunehmen.<\/span><span style=\"font-family:&quot;Calibri&quot;,sans-serif; mso-ascii-theme-font:minor-latin;mso-hansi-theme-font:minor-latin;mso-bidi-theme-font: minor-latin\"><o:p><\/o:p><\/span><\/p>\n<p style=\"margin-bottom: 0cm; background-image: initial; background-position: initial; background-size: initial; background-repeat: initial; background-attachment: initial; background-origin: initial; background-clip: initial;\"><span style=\"font-family:&quot;Calibri&quot;,sans-serif; mso-ascii-theme-font:minor-latin;mso-hansi-theme-font:minor-latin;mso-bidi-theme-font: minor-latin;color:black;mso-color-alt:windowtext\">3. Der Jugendwart l\u00e4dt&nbsp;j\u00e4hrlich zur Jugendversammlung ein. Diese findet stets unmittelbar vor der<br>Mitgliederversammlung statt. Die Regelungen zur Mitgliederversammlung gelten<br>sinngem\u00e4\u00df.<\/span><span style=\"font-family:&quot;Calibri&quot;,sans-serif;mso-ascii-theme-font: minor-latin;mso-hansi-theme-font:minor-latin;mso-bidi-theme-font:minor-latin\"><o:p><\/o:p><\/span><\/p>\n<p style=\"margin-bottom: 0cm; background-image: initial; background-position: initial; background-size: initial; background-repeat: initial; background-attachment: initial; background-origin: initial; background-clip: initial;\"><span style=\"font-family:&quot;Calibri&quot;,sans-serif; mso-ascii-theme-font:minor-latin;mso-hansi-theme-font:minor-latin;mso-bidi-theme-font: minor-latin;color:black;mso-color-alt:windowtext\">4. Die Jugendversammlung&nbsp;w\u00e4hlt den Jugendwart und den Jugendsprecher. Die Amtszeit betr\u00e4gt jeweils 2<br>Jahre. Eine Wiederwahl ist m\u00f6glich.<\/span><span style=\"font-family:&quot;Calibri&quot;,sans-serif; mso-ascii-theme-font:minor-latin;mso-hansi-theme-font:minor-latin;mso-bidi-theme-font: minor-latin\"><o:p><\/o:p><\/span><\/p>\n<p style=\"margin-bottom: 0cm; background-image: initial; background-position: initial; background-size: initial; background-repeat: initial; background-attachment: initial; background-origin: initial; background-clip: initial;\"><span style=\"font-family:&quot;Calibri&quot;,sans-serif; mso-ascii-theme-font:minor-latin;mso-hansi-theme-font:minor-latin;mso-bidi-theme-font: minor-latin;color:black;mso-color-alt:windowtext\">5. Jedes Mitglied der&nbsp;Vereinsjugend hat eine Stimme. Die Stimmabgabe ist pers\u00f6nlich auszu\u00fcben und ist<br>nicht \u00fcbertragbar.<\/span><span style=\"font-family:&quot;Calibri&quot;,sans-serif; mso-ascii-theme-font:minor-latin;mso-hansi-theme-font:minor-latin;mso-bidi-theme-font: minor-latin\"><o:p><\/o:p><\/span><\/p>\n<p style=\"margin-bottom: 0cm; background-image: initial; background-position: initial; background-size: initial; background-repeat: initial; background-attachment: initial; background-origin: initial; background-clip: initial;\"><span style=\"font-family:&quot;Calibri&quot;,sans-serif; mso-ascii-theme-font:minor-latin;mso-hansi-theme-font:minor-latin;mso-bidi-theme-font: minor-latin;color:black;mso-color-alt:windowtext\">6. Eine au\u00dferordentliche&nbsp;Jugendversammlung ist auf schriftlichen Antrag von mindestens 1\/3 der<br>Mitglieder unter 18 Jahren entsprechend den Bestimmun-gen f\u00fcr die Einberufung<br>einer Jugendversammlung einzuberufen.<\/span><span style=\"font-family:&quot;Calibri&quot;,sans-serif; mso-ascii-theme-font:minor-latin;mso-hansi-theme-font:minor-latin;mso-bidi-theme-font: minor-latin\"><o:p><\/o:p><\/span><\/p>\n<p style=\"margin-bottom: 6pt; background-image: initial; background-position: initial; background-size: initial; background-repeat: initial; background-attachment: initial; background-origin: initial; background-clip: initial;\"><span style=\"font-family:&quot;Calibri&quot;,sans-serif; mso-ascii-theme-font:minor-latin;mso-hansi-theme-font:minor-latin;mso-bidi-theme-font: minor-latin\">&nbsp;<\/span><\/p>\n<p style=\"background-image: initial; background-position: initial; background-size: initial; background-repeat: initial; background-attachment: initial; background-origin: initial; background-clip: initial;\"><strong><span style=\"font-family:&quot;Calibri&quot;,sans-serif; mso-ascii-theme-font:minor-latin;mso-hansi-theme-font:minor-latin;mso-bidi-theme-font: minor-latin;color:black;mso-color-alt:windowtext\">\u00a7 12 Kassenpr\u00fcfer<\/span><\/strong><span style=\"font-family:&quot;Calibri&quot;,sans-serif;mso-ascii-theme-font:minor-latin; mso-hansi-theme-font:minor-latin;mso-bidi-theme-font:minor-latin\"><o:p><\/o:p><\/span><\/p>\n<p style=\"margin-bottom: 0cm; background-image: initial; background-position: initial; background-size: initial; background-repeat: initial; background-attachment: initial; background-origin: initial; background-clip: initial;\"><span style=\"font-family:&quot;Calibri&quot;,sans-serif; mso-ascii-theme-font:minor-latin;mso-hansi-theme-font:minor-latin;mso-bidi-theme-font: minor-latin;color:black;mso-color-alt:windowtext\">1. Alle zwei Jahre w\u00e4hlt die&nbsp;Mitgliederversammlung zwei Kassenpr\u00fcfer, die nicht dem gesch\u00e4ftsf\u00fchrenden<br>Vorstand oder Gesamtvorstand angeh\u00f6ren d\u00fcrfen. Den Kassenpr\u00fcfern steht<br>jederzeit Einblick in die Gesch\u00e4ftsb\u00fccher und die Kasse des Vereins zu. Sie<br>haben den Jahresabschluss und das sonstige Verm\u00f6gen des Vereins bis zur<br>Mitgliederversammlung zu \u00fcberpr\u00fcfen und festzustellen. Das Ergebnis der Pr\u00fcfung<br>ist schriftlich niederzulegen und der Mitgliederversammlung bekannt zu geben.<\/span><span style=\"font-family:&quot;Calibri&quot;,sans-serif;mso-ascii-theme-font:minor-latin; mso-hansi-theme-font:minor-latin;mso-bidi-theme-font:minor-latin\"><o:p><\/o:p><\/span><\/p>\n<p style=\"margin-bottom: 0cm; background-image: initial; background-position: initial; background-size: initial; background-repeat: initial; background-attachment: initial; background-origin: initial; background-clip: initial;\"><span style=\"font-family:&quot;Calibri&quot;,sans-serif; mso-ascii-theme-font:minor-latin;mso-hansi-theme-font:minor-latin;mso-bidi-theme-font: minor-latin;color:black;mso-color-alt:windowtext\">2. Die Wahl des einen&nbsp;Kassenpr\u00fcfers erfolgt in geraden Jahren, die des anderen Kassenpr\u00fcfers in<br>ungeraden Jahren.<\/span><span style=\"font-family:&quot;Calibri&quot;,sans-serif; mso-ascii-theme-font:minor-latin;mso-hansi-theme-font:minor-latin;mso-bidi-theme-font: minor-latin\"><o:p><\/o:p><\/span><\/p>\n<p style=\"margin-bottom: 0cm; background-image: initial; background-position: initial; background-size: initial; background-repeat: initial; background-attachment: initial; background-origin: initial; background-clip: initial;\"><span style=\"font-family:&quot;Calibri&quot;,sans-serif; mso-ascii-theme-font:minor-latin;mso-hansi-theme-font:minor-latin;mso-bidi-theme-font: minor-latin;color:black;mso-color-alt:windowtext\">3. Die Wiederwahl eines&nbsp;Kassenpr\u00fcfers ist einmal in direkter Folge m\u00f6glich.<\/span><span style=\"font-family:&quot;Calibri&quot;,sans-serif;mso-ascii-theme-font:minor-latin; mso-hansi-theme-font:minor-latin;mso-bidi-theme-font:minor-latin\"><o:p><\/o:p><\/span><\/p>\n<p style=\"margin-bottom: 0cm; background-image: initial; background-position: initial; background-size: initial; background-repeat: initial; background-attachment: initial; background-origin: initial; background-clip: initial;\"><span style=\"font-family:&quot;Calibri&quot;,sans-serif; mso-ascii-theme-font:minor-latin;mso-hansi-theme-font:minor-latin;mso-bidi-theme-font: minor-latin;color:black;mso-color-alt:windowtext\">4. Die Mitgliederversammlung<br>kann stattdessen beschlie\u00dfen, dass der gesch\u00e4ftsf\u00fchrende Vorstand qualifizierte<br>Dritte mit der Pr\u00fcfung der Ordnungsgem\u00e4\u00dfheit der Gesch\u00e4ftsf\u00fchrung beauftragt.<\/span><span style=\"font-family:&quot;Calibri&quot;,sans-serif;mso-ascii-theme-font:minor-latin; mso-hansi-theme-font:minor-latin;mso-bidi-theme-font:minor-latin\"><o:p><\/o:p><\/span><\/p>\n<p style=\"margin-bottom: 6pt; background-image: initial; background-position: initial; background-size: initial; background-repeat: initial; background-attachment: initial; background-origin: initial; background-clip: initial;\"><span style=\"font-family:&quot;Calibri&quot;,sans-serif; mso-ascii-theme-font:minor-latin;mso-hansi-theme-font:minor-latin;mso-bidi-theme-font: minor-latin\">&nbsp;<\/span><\/p>\n<p style=\"margin-bottom: 6pt; background-image: initial; background-position: initial; background-size: initial; background-repeat: initial; background-attachment: initial; background-origin: initial; background-clip: initial;\"><b><span style=\"font-family:&quot;Calibri&quot;,sans-serif;mso-ascii-theme-font: minor-latin;mso-hansi-theme-font:minor-latin;mso-bidi-theme-font:minor-latin; color:black;mso-color-alt:windowtext\">\u00a7 13 Vereinsordnungen<\/span><\/b><b><span style=\"font-family:&quot;Calibri&quot;,sans-serif; mso-ascii-theme-font:minor-latin;mso-hansi-theme-font:minor-latin;mso-bidi-theme-font: minor-latin\"><o:p><\/o:p><\/span><\/b><\/p>\n<p style=\"margin-bottom: 0cm; background-image: initial; background-position: initial; background-size: initial; background-repeat: initial; background-attachment: initial; background-origin: initial; background-clip: initial;\"><span style=\"font-family:&quot;Calibri&quot;,sans-serif; mso-ascii-theme-font:minor-latin;mso-hansi-theme-font:minor-latin;mso-bidi-theme-font: minor-latin;color:black;mso-color-alt:windowtext\">1. Soweit die Satzung nichts&nbsp;Abweichendes regelt ist der Gesamtvorstand erm\u00e4chtigt durch Beschluss<br>nachfolgende Ordnungen bei Bedarf zu erlassen:<\/span><span style=\"font-family: &quot;Calibri&quot;,sans-serif;mso-ascii-theme-font:minor-latin;mso-hansi-theme-font: minor-latin;mso-bidi-theme-font:minor-latin\"><o:p><\/o:p><\/span><\/p>\n<p style=\"margin-bottom: 0cm; background-image: initial; background-position: initial; background-size: initial; background-repeat: initial; background-attachment: initial; background-origin: initial; background-clip: initial;\"><span style=\"font-family:&quot;Calibri&quot;,sans-serif; mso-ascii-theme-font:minor-latin;mso-hansi-theme-font:minor-latin;mso-bidi-theme-font: minor-latin;color:black;mso-color-alt:windowtext\">&#8211; Beitragsordnung,<\/span><span style=\"font-family:&quot;Calibri&quot;,sans-serif;mso-ascii-theme-font:minor-latin; mso-hansi-theme-font:minor-latin;mso-bidi-theme-font:minor-latin\"><o:p><\/o:p><\/span><\/p>\n<p style=\"margin-bottom: 0cm; background-image: initial; background-position: initial; background-size: initial; background-repeat: initial; background-attachment: initial; background-origin: initial; background-clip: initial;\"><span style=\"font-family:&quot;Calibri&quot;,sans-serif; mso-ascii-theme-font:minor-latin;mso-hansi-theme-font:minor-latin;mso-bidi-theme-font: minor-latin;color:black;mso-color-alt:windowtext\">&#8211; Gesch\u00e4ftsordnung,<\/span><span style=\"font-family:&quot;Calibri&quot;,sans-serif;mso-ascii-theme-font:minor-latin; mso-hansi-theme-font:minor-latin;mso-bidi-theme-font:minor-latin\"><o:p><\/o:p><\/span><\/p>\n<p style=\"margin-bottom: 0cm; background-image: initial; background-position: initial; background-size: initial; background-repeat: initial; background-attachment: initial; background-origin: initial; background-clip: initial;\"><span style=\"font-family:&quot;Calibri&quot;,sans-serif; mso-ascii-theme-font:minor-latin;mso-hansi-theme-font:minor-latin;mso-bidi-theme-font: minor-latin;color:black;mso-color-alt:windowtext\">&#8211; Finanzordnung.<\/span><span style=\"font-family:&quot;Calibri&quot;,sans-serif;mso-ascii-theme-font:minor-latin; mso-hansi-theme-font:minor-latin;mso-bidi-theme-font:minor-latin\"><o:p><\/o:p><\/span><\/p>\n<p style=\"margin-bottom: 0cm; background-image: initial; background-position: initial; background-size: initial; background-repeat: initial; background-attachment: initial; background-origin: initial; background-clip: initial;\"><span style=\"font-family:&quot;Calibri&quot;,sans-serif; mso-ascii-theme-font:minor-latin;mso-hansi-theme-font:minor-latin;mso-bidi-theme-font: minor-latin;color:black;mso-color-alt:windowtext\">2. Die Jugendversammlung kann&nbsp;eine Jugendordnung beschlie\u00dfen. Diese bedarf der Genehmigung des<br>Gesamtvorstandes.<\/span><span style=\"font-family:&quot;Calibri&quot;,sans-serif; mso-ascii-theme-font:minor-latin;mso-hansi-theme-font:minor-latin;mso-bidi-theme-font: minor-latin\"><o:p><\/o:p><\/span><\/p>\n<p style=\"margin-bottom: 6pt; background-image: initial; background-position: initial; background-size: initial; background-repeat: initial; background-attachment: initial; background-origin: initial; background-clip: initial;\"><span style=\"font-family:&quot;Calibri&quot;,sans-serif; mso-ascii-theme-font:minor-latin;mso-hansi-theme-font:minor-latin;mso-bidi-theme-font: minor-latin\">&nbsp;<\/span><\/p>\n<p style=\"background-image: initial; background-position: initial; background-size: initial; background-repeat: initial; background-attachment: initial; background-origin: initial; background-clip: initial;\"><strong><span style=\"font-family:&quot;Calibri&quot;,sans-serif; mso-ascii-theme-font:minor-latin;mso-hansi-theme-font:minor-latin;mso-bidi-theme-font: minor-latin;color:black;mso-color-alt:windowtext\">\u00a7 14 Haftung<\/span><\/strong><span style=\"font-family:&quot;Calibri&quot;,sans-serif;mso-ascii-theme-font:minor-latin; mso-hansi-theme-font:minor-latin;mso-bidi-theme-font:minor-latin\"><o:p><\/o:p><\/span><\/p>\n<p style=\"margin-bottom: 0cm; background-image: initial; background-position: initial; background-size: initial; background-repeat: initial; background-attachment: initial; background-origin: initial; background-clip: initial;\"><span style=\"font-family:&quot;Calibri&quot;,sans-serif; mso-ascii-theme-font:minor-latin;mso-hansi-theme-font:minor-latin;mso-bidi-theme-font: minor-latin;color:black;mso-color-alt:windowtext\">1. Mit Erwerb der&nbsp;Mitgliedschaft verzichtet jedes Mitglied auf alle Anspr\u00fcche, die ihm gegen\u00fcber<br>dem Verein daraus entstehen k\u00f6nnen, dass es anl\u00e4sslich seiner Teilnahme am<br>Vereinsbetrieb und\/oder in Aus\u00fcbung von Funktionen innerhalb des Vereins<br>Unf\u00e4lle oder sonstige Nachteile erleidet. Dieser Verzicht gilt, gleich aus<br>welchem Rechtsgrund Anspr\u00fcche gestellt werden k\u00f6nnen. Er erstreckt sich<br>gleichzeitig auch auf solche Personen und Stellen, die aus dem Unfall<br>selbst\u00e4ndig sonst Anspr\u00fcche herleiten k\u00f6nnten.<\/span><span style=\"font-family: &quot;Calibri&quot;,sans-serif;mso-ascii-theme-font:minor-latin;mso-hansi-theme-font: minor-latin;mso-bidi-theme-font:minor-latin\"><o:p><\/o:p><\/span><\/p>\n<p style=\"margin-bottom: 0cm; background-image: initial; background-position: initial; background-size: initial; background-repeat: initial; background-attachment: initial; background-origin: initial; background-clip: initial;\"><span style=\"font-family:&quot;Calibri&quot;,sans-serif; mso-ascii-theme-font:minor-latin;mso-hansi-theme-font:minor-latin;mso-bidi-theme-font: minor-latin;color:black;mso-color-alt:windowtext\">2. Dieser Verzicht gilt&nbsp;nicht, soweit vors\u00e4tzliches Handeln zum Unfall bzw. zum Nachteil gef\u00fchrt hat.<br>Dieser Verzicht gilt auch insoweit und in dem Umfang nicht, wie der Verein<br>Versicherungen f\u00fcr das Mitglied abgeschlossen und\/oder das jeweilige Risiko versichert&nbsp;hat.<\/span><span style=\"font-family:&quot;Calibri&quot;,sans-serif;mso-ascii-theme-font: minor-latin;mso-hansi-theme-font:minor-latin;mso-bidi-theme-font:minor-latin\"><o:p><\/o:p><\/span><\/p>\n<p style=\"margin-bottom: 0cm; background-image: initial; background-position: initial; background-size: initial; background-repeat: initial; background-attachment: initial; background-origin: initial; background-clip: initial;\"><span style=\"font-family:&quot;Calibri&quot;,sans-serif; mso-ascii-theme-font:minor-latin;mso-hansi-theme-font:minor-latin;mso-bidi-theme-font: minor-latin;color:black;mso-color-alt:windowtext\">3. Das Mitglied ist&nbsp;verpflichtet, sich \u00fcber Umfang und H\u00f6he der abgeschlossenen Versicherungen zu<br>informieren und wei\u00df, dass es sich auch auf eigene Kosten zus\u00e4tzlich versichern<br>kann, soweit eine Versicherung nicht oder nicht in dem Umfange besteht, die das<br>Mitglied f\u00fcr ausreichend h\u00e4lt.<\/span><span style=\"font-family:&quot;Calibri&quot;,sans-serif; mso-ascii-theme-font:minor-latin;mso-hansi-theme-font:minor-latin;mso-bidi-theme-font: minor-latin\"><o:p><\/o:p><\/span><\/p>\n<p style=\"margin-bottom: 0cm; background-image: initial; background-position: initial; background-size: initial; background-repeat: initial; background-attachment: initial; background-origin: initial; background-clip: initial;\"><span style=\"font-family:&quot;Calibri&quot;,sans-serif; mso-ascii-theme-font:minor-latin;mso-hansi-theme-font:minor-latin;mso-bidi-theme-font: minor-latin;color:black;mso-color-alt:windowtext\">4. Ehrenamtlich T\u00e4tige und&nbsp;Organ- oder Amtstr\u00e4ger, deren Verg\u00fctung den Ehrenamtsfreibetrag gem. \u00a7 3 Nr. 26<br>a EStG im Jahr nicht \u00fcbersteigt, haften nur f\u00fcr Sch\u00e4den gegen\u00fcber den<br>Mitgliedern und gegen\u00fcber dem Verein, die sie in Erf\u00fcllung ihrer ehrenamtlichen<br>T\u00e4tigkeit verursachen, nur f\u00fcr Vorsatz und grobe Fahrl\u00e4ssigkeit. <\/span><span style=\"font-family:&quot;Calibri&quot;,sans-serif;mso-ascii-theme-font:minor-latin; mso-hansi-theme-font:minor-latin;mso-bidi-theme-font:minor-latin\"><o:p><\/o:p><\/span><\/p>\n<p style=\"margin-bottom: 0cm; background-image: initial; background-position: initial; background-size: initial; background-repeat: initial; background-attachment: initial; background-origin: initial; background-clip: initial;\"><span style=\"font-family:&quot;Calibri&quot;,sans-serif; mso-ascii-theme-font:minor-latin;mso-hansi-theme-font:minor-latin;mso-bidi-theme-font: minor-latin;color:black;mso-color-alt:windowtext\">5. Der Verein haftet&nbsp;gegen\u00fcber seinen Mitgliedern im Innenverh\u00e4ltnis nicht f\u00fcr leicht fahrl\u00e4ssig<br>verursachte Sch\u00e4den, die Mitglieder bei der Aus\u00fcbung des Sports, bei Benutzung<br>von Anlagen oder Einrichtungen des Vereins oder bei Vereinsveranstaltungen erleiden,<br>soweit solche Sch\u00e4den nicht durch Versicherungen des Vereins abgedeckt sind.<\/span><span style=\"font-family:&quot;Calibri&quot;,sans-serif;mso-ascii-theme-font:minor-latin; mso-hansi-theme-font:minor-latin;mso-bidi-theme-font:minor-latin\"><o:p><\/o:p><\/span><\/p>\n<p style=\"margin-bottom: 6pt; background-image: initial; background-position: initial; background-size: initial; background-repeat: initial; background-attachment: initial; background-origin: initial; background-clip: initial;\"><span style=\"font-family:&quot;Calibri&quot;,sans-serif; mso-ascii-theme-font:minor-latin;mso-hansi-theme-font:minor-latin;mso-bidi-theme-font: minor-latin\">&nbsp;<\/span><\/p>\n<p style=\"margin-bottom: 6pt; background-image: initial; background-position: initial; background-size: initial; background-repeat: initial; background-attachment: initial; background-origin: initial; background-clip: initial;\"><strong><span style=\"font-family: &quot;Calibri&quot;,sans-serif;mso-ascii-theme-font:minor-latin;mso-hansi-theme-font: minor-latin;mso-bidi-theme-font:minor-latin;color:black;mso-color-alt:windowtext\">\u00a7&nbsp;15 Ehrenmitgliedschaft<\/span><\/strong><span style=\"font-family:&quot;Calibri&quot;,sans-serif; mso-ascii-theme-font:minor-latin;mso-hansi-theme-font:minor-latin;mso-bidi-theme-font: minor-latin\"><o:p><\/o:p><\/span><\/p>\n<p style=\"margin-bottom: 0cm; background-image: initial; background-position: initial; background-size: initial; background-repeat: initial; background-attachment: initial; background-origin: initial; background-clip: initial;\"><span style=\"font-family:&quot;Calibri&quot;,sans-serif; mso-ascii-theme-font:minor-latin;mso-hansi-theme-font:minor-latin;mso-bidi-theme-font: minor-latin;color:black;mso-color-alt:windowtext\">1. Der Vorstand kann ein&nbsp;Mitglied f\u00fcr die Ernennung zum Ehrenmitglied vorschlagen. Er hat dabei<br>sorgf\u00e4ltig zu pr\u00fcfen, ob die geleisteten Verdienste des Mitgliedes hierf\u00fcr<br>ausreichend sind.<\/span><span style=\"font-family:&quot;Calibri&quot;,sans-serif; mso-ascii-theme-font:minor-latin;mso-hansi-theme-font:minor-latin;mso-bidi-theme-font: minor-latin\"><o:p><\/o:p><\/span><\/p>\n<p style=\"margin-bottom: 0cm; background-image: initial; background-position: initial; background-size: initial; background-repeat: initial; background-attachment: initial; background-origin: initial; background-clip: initial;\"><span style=\"font-family:&quot;Calibri&quot;,sans-serif; mso-ascii-theme-font:minor-latin;mso-hansi-theme-font:minor-latin;mso-bidi-theme-font: minor-latin;color:black;mso-color-alt:windowtext\">2. Die ordentliche&nbsp;Mitgliederversammlung stimmt \u00fcber den Vorschlag des Vorstandes in geheimer,<br>schriftlicher Wahl ab. Sie ist ebenfalls f\u00fcr eine R\u00fccknahme der<br>Ehrenmitgliedschaft in gleicher Weise zust\u00e4ndig.<\/span><span style=\"font-family: &quot;Calibri&quot;,sans-serif;mso-ascii-theme-font:minor-latin;mso-hansi-theme-font: minor-latin;mso-bidi-theme-font:minor-latin\"><o:p><\/o:p><\/span><\/p>\n<p style=\"margin-bottom: 6pt; background-image: initial; background-position: initial; background-size: initial; background-repeat: initial; background-attachment: initial; background-origin: initial; background-clip: initial;\"><span style=\"font-family:&quot;Calibri&quot;,sans-serif; mso-ascii-theme-font:minor-latin;mso-hansi-theme-font:minor-latin;mso-bidi-theme-font: minor-latin\">&nbsp;<\/span><\/p>\n<p style=\"background-image: initial; background-position: initial; background-size: initial; background-repeat: initial; background-attachment: initial; background-origin: initial; background-clip: initial;\"><strong><span style=\"font-family:&quot;Calibri&quot;,sans-serif; mso-ascii-theme-font:minor-latin;mso-hansi-theme-font:minor-latin;mso-bidi-theme-font: minor-latin;color:black;mso-color-alt:windowtext\">\u00a7 16 Ehrenamtliches&nbsp;Engagement<\/span><\/strong><b><span style=\"font-family:&quot;Calibri&quot;,sans-serif; mso-ascii-theme-font:minor-latin;mso-hansi-theme-font:minor-latin;mso-bidi-theme-font: minor-latin\"><o:p><\/o:p><\/span><\/b><\/p>\n<p style=\"margin-bottom: 0cm; background-image: initial; background-position: initial; background-size: initial; background-repeat: initial; background-attachment: initial; background-origin: initial; background-clip: initial;\"><span style=\"font-family:&quot;Calibri&quot;,sans-serif; mso-ascii-theme-font:minor-latin;mso-hansi-theme-font:minor-latin;mso-bidi-theme-font: minor-latin;color:black;mso-color-alt:windowtext\">1. Der Verein ist auf das&nbsp;ehrenamtliche Engagement seiner Mitglieder angewiesen.<\/span><span style=\"font-family:&quot;Calibri&quot;,sans-serif;mso-ascii-theme-font:minor-latin; mso-hansi-theme-font:minor-latin;mso-bidi-theme-font:minor-latin\"><o:p><\/o:p><\/span><\/p>\n<p style=\"margin-bottom: 0cm; background-image: initial; background-position: initial; background-size: initial; background-repeat: initial; background-attachment: initial; background-origin: initial; background-clip: initial;\"><span style=\"font-family:&quot;Calibri&quot;,sans-serif; mso-ascii-theme-font:minor-latin;mso-hansi-theme-font:minor-latin;mso-bidi-theme-font: minor-latin;color:black;mso-color-alt:windowtext\">2. Aktive Mitglieder, die am&nbsp;1. Januar des laufenden Jahres das 18. Lebensjahr vollendet haben, m\u00fcssen einen<br>Zusatzbeitrag zahlen, wenn sie sich nicht zu einem ehrenamtlichen Engagement im<br>Verein verpflichtet haben.<\/span><span style=\"font-family:&quot;Calibri&quot;,sans-serif; mso-ascii-theme-font:minor-latin;mso-hansi-theme-font:minor-latin;mso-bidi-theme-font: minor-latin\"><o:p><\/o:p><\/span><\/p>\n<p style=\"margin-bottom: 0cm; background-image: initial; background-position: initial; background-size: initial; background-repeat: initial; background-attachment: initial; background-origin: initial; background-clip: initial;\"><span style=\"font-family:&quot;Calibri&quot;,sans-serif; mso-ascii-theme-font:minor-latin;mso-hansi-theme-font:minor-latin;mso-bidi-theme-font: minor-latin;color:black;mso-color-alt:windowtext\">3. Als ehrenamtliches&nbsp;Engagement im Sinne des vorstehenden Absatz 2 gilt:<\/span><span style=\"font-family:&quot;Calibri&quot;,sans-serif;mso-ascii-theme-font:minor-latin; mso-hansi-theme-font:minor-latin;mso-bidi-theme-font:minor-latin\"><o:p><\/o:p><\/span><\/p>\n<p style=\"margin-bottom: 0cm; background-image: initial; background-position: initial; background-size: initial; background-repeat: initial; background-attachment: initial; background-origin: initial; background-clip: initial;\"><span style=\"font-family:&quot;Calibri&quot;,sans-serif; mso-ascii-theme-font:minor-latin;mso-hansi-theme-font:minor-latin;mso-bidi-theme-font: minor-latin;color:black;mso-color-alt:windowtext\">a) Die \u00dcbernahme von&nbsp;ehrenamtlichen Funktionen im Verein (z.B. Vorstand nebst Beisitzern, Beirat,<br>Kassenpr\u00fcfer, Jugendausschuss).<\/span><span style=\"font-family:&quot;Calibri&quot;,sans-serif; mso-ascii-theme-font:minor-latin;mso-hansi-theme-font:minor-latin;mso-bidi-theme-font: minor-latin\"><o:p><\/o:p><\/span><\/p>\n<p style=\"margin-bottom: 0cm; background-image: initial; background-position: initial; background-size: initial; background-repeat: initial; background-attachment: initial; background-origin: initial; background-clip: initial;\"><span style=\"font-family:&quot;Calibri&quot;,sans-serif; mso-ascii-theme-font:minor-latin;mso-hansi-theme-font:minor-latin;mso-bidi-theme-font: minor-latin;color:black;mso-color-alt:windowtext\">b) Die regelm\u00e4\u00dfige Erledigung&nbsp;vereinsbezogener Aufgaben nach vorheriger Beauftragung durch den Vorstand.<\/span><span style=\"font-family:&quot;Calibri&quot;,sans-serif;mso-ascii-theme-font:minor-latin; mso-hansi-theme-font:minor-latin;mso-bidi-theme-font:minor-latin\"><o:p><\/o:p><\/span><\/p>\n<p style=\"margin-bottom: 0cm; background-image: initial; background-position: initial; background-size: initial; background-repeat: initial; background-attachment: initial; background-origin: initial; background-clip: initial;\"><span style=\"font-family:&quot;Calibri&quot;,sans-serif; mso-ascii-theme-font:minor-latin;mso-hansi-theme-font:minor-latin;mso-bidi-theme-font: minor-latin;color:black;mso-color-alt:windowtext\">c) Mithilfe bei der&nbsp;Durchf\u00fchrung von Veranstaltungen, Teilnahme bei der Mitgliederversammlung und<br>bei Arbeiten zur Erhaltung der vereinsei-genen R\u00e4umlichkeiten, in der Regel 4<br>Stunden im Laufe eines jeden Kalenderjahres, in dem die Mitgliedschaft auch<br>schon zu Jahresbeginn bestanden hat. Die Stunden reduzieren sich entsprechend<br>k\u00fcrzerer Jahresmitgliedschaft.<\/span><span style=\"font-family:&quot;Calibri&quot;,sans-serif; mso-ascii-theme-font:minor-latin;mso-hansi-theme-font:minor-latin;mso-bidi-theme-font: minor-latin\"><o:p><\/o:p><\/span><\/p>\n<p style=\"margin-bottom: 0cm; background-image: initial; background-position: initial; background-size: initial; background-repeat: initial; background-attachment: initial; background-origin: initial; background-clip: initial;\"><span style=\"font-family:&quot;Calibri&quot;,sans-serif; mso-ascii-theme-font:minor-latin;mso-hansi-theme-font:minor-latin;mso-bidi-theme-font: minor-latin;color:black;mso-color-alt:windowtext\">d) Sachleistungen wie zum&nbsp;Beispiel die Bereitstellung von Kuchen und Salaten f\u00fcr Veranstaltungen des<br>Vereins werden auf die Verpflichtung ehrenamtliches Engagement zu erbringen<br>angerechnet. Pro Veranstaltung werden Sachspenden mit max. 1 Stunde angerechnet.<\/span><span style=\"font-family:&quot;Calibri&quot;,sans-serif;mso-ascii-theme-font:minor-latin; mso-hansi-theme-font:minor-latin;mso-bidi-theme-font:minor-latin\"><o:p><\/o:p><\/span><\/p>\n<p style=\"margin-bottom: 0cm; background-image: initial; background-position: initial; background-size: initial; background-repeat: initial; background-attachment: initial; background-origin: initial; background-clip: initial;\"><span style=\"font-family:&quot;Calibri&quot;,sans-serif; mso-ascii-theme-font:minor-latin;mso-hansi-theme-font:minor-latin;mso-bidi-theme-font: minor-latin;color:black;mso-color-alt:windowtext\">4. Kommt ein Mitglied seiner&nbsp;Verpflichtung zum ehrenamtlichen Engagement nicht nach, so gilt die<br>Verpflichtung als nicht abgegeben. In diesem Zusammenhang sind Zusatzbeitr\u00e4ge<br>f\u00fcr das laufende Kalenderjahr zu entrichten. Dieser Zusatzbeitrag bel\u00e4uft sich auf<br>10,00 \u20ac je Stunde. Der Zusatzbeitrag wird am Ende des Kalenderjahres per<br>SEPA-Lastschrift eingezogen.<\/span><span style=\"font-family:&quot;Calibri&quot;,sans-serif; mso-ascii-theme-font:minor-latin;mso-hansi-theme-font:minor-latin;mso-bidi-theme-font: minor-latin\"><o:p><\/o:p><\/span><\/p>\n<p style=\"margin-bottom: 6pt; background-image: initial; background-position: initial; background-size: initial; background-repeat: initial; background-attachment: initial; background-origin: initial; background-clip: initial;\"><span style=\"font-family:&quot;Calibri&quot;,sans-serif; mso-ascii-theme-font:minor-latin;mso-hansi-theme-font:minor-latin;mso-bidi-theme-font: minor-latin\">&nbsp;<\/span><\/p>\n<p style=\"margin-bottom: 6pt; background-image: initial; background-position: initial; background-size: initial; background-repeat: initial; background-attachment: initial; background-origin: initial; background-clip: initial;\"><b><span style=\"font-family:&quot;Calibri&quot;,sans-serif;mso-ascii-theme-font: minor-latin;mso-hansi-theme-font:minor-latin;mso-bidi-theme-font:minor-latin; color:black;mso-color-alt:windowtext\">\u00a7 17 Datenschutz<\/span><\/b><b><span style=\"font-family:&quot;Calibri&quot;,sans-serif; mso-ascii-theme-font:minor-latin;mso-hansi-theme-font:minor-latin;mso-bidi-theme-font: minor-latin\"><o:p><\/o:p><\/span><\/b><\/p>\n<p style=\"margin-bottom: 0cm; background-image: initial; background-position: initial; background-size: initial; background-repeat: initial; background-attachment: initial; background-origin: initial; background-clip: initial;\"><span style=\"font-family:&quot;Calibri&quot;,sans-serif; mso-ascii-theme-font:minor-latin;mso-hansi-theme-font:minor-latin;mso-bidi-theme-font: minor-latin;color:black;mso-color-alt:windowtext\">1. Zur Erf\u00fcllung der Zwecke&nbsp;und Aufgaben des Vereins werden unter Beachtung der Vorgaben der<br>EU-Datenschutz-Grundverordnung (DS-GVO) und des Bundesdatenschutzgesetzes<br>(BDSG) personenbezogene Daten \u00fcber pers\u00f6nliche und sachliche Verh\u00e4ltnisse der<br>Mitglieder des Vereins verarbeitet.<\/span><span style=\"font-family:&quot;Calibri&quot;,sans-serif; mso-ascii-theme-font:minor-latin;mso-hansi-theme-font:minor-latin;mso-bidi-theme-font: minor-latin\"><o:p><\/o:p><\/span><\/p>\n<p style=\"margin-bottom: 0cm; background-image: initial; background-position: initial; background-size: initial; background-repeat: initial; background-attachment: initial; background-origin: initial; background-clip: initial;\"><span style=\"font-family:&quot;Calibri&quot;,sans-serif; mso-ascii-theme-font:minor-latin;mso-hansi-theme-font:minor-latin;mso-bidi-theme-font: minor-latin;color:black;mso-color-alt:windowtext\">2. Soweit die in den&nbsp;jeweiligen Vorschriften beschriebenen Voraussetzungen vorliegen, hat jedes<br>Vereinsmitglied insbesondere die folgenden Rechte:<\/span><span style=\"font-family:&quot;Calibri&quot;,sans-serif;mso-ascii-theme-font:minor-latin; mso-hansi-theme-font:minor-latin;mso-bidi-theme-font:minor-latin\"><o:p><\/o:p><\/span><\/p>\n<p style=\"margin-bottom: 0cm; background-image: initial; background-position: initial; background-size: initial; background-repeat: initial; background-attachment: initial; background-origin: initial; background-clip: initial;\"><span style=\"font-family:&quot;Calibri&quot;,sans-serif; mso-ascii-theme-font:minor-latin;mso-hansi-theme-font:minor-latin;mso-bidi-theme-font: minor-latin;color:black;mso-color-alt:windowtext\">&#8211; das Recht auf Auskunft nach&nbsp;Artikel 15 DS-GVO;<\/span><span style=\"font-family:&quot;Calibri&quot;,sans-serif; mso-ascii-theme-font:minor-latin;mso-hansi-theme-font:minor-latin;mso-bidi-theme-font: minor-latin\"><o:p><\/o:p><\/span><\/p>\n<p style=\"margin-bottom: 0cm; background-image: initial; background-position: initial; background-size: initial; background-repeat: initial; background-attachment: initial; background-origin: initial; background-clip: initial;\"><span style=\"font-family:&quot;Calibri&quot;,sans-serif; mso-ascii-theme-font:minor-latin;mso-hansi-theme-font:minor-latin;mso-bidi-theme-font: minor-latin;color:black;mso-color-alt:windowtext\">&#8211; das Recht auf Berichtigung&nbsp;nach Artikel 16 DS-GVO;<\/span><span style=\"font-family:&quot;Calibri&quot;,sans-serif; mso-ascii-theme-font:minor-latin;mso-hansi-theme-font:minor-latin;mso-bidi-theme-font: minor-latin\"><o:p><\/o:p><\/span><\/p>\n<p style=\"margin-bottom: 0cm; background-image: initial; background-position: initial; background-size: initial; background-repeat: initial; background-attachment: initial; background-origin: initial; background-clip: initial;\"><span style=\"font-family:&quot;Calibri&quot;,sans-serif; mso-ascii-theme-font:minor-latin;mso-hansi-theme-font:minor-latin;mso-bidi-theme-font: minor-latin;color:black;mso-color-alt:windowtext\">&#8211; das Recht auf L\u00f6schung nach&nbsp;Artikel 17 DS-GVO;<\/span><span style=\"font-family:&quot;Calibri&quot;,sans-serif; mso-ascii-theme-font:minor-latin;mso-hansi-theme-font:minor-latin;mso-bidi-theme-font: minor-latin\"><o:p><\/o:p><\/span><\/p>\n<p style=\"margin-bottom: 0cm; background-image: initial; background-position: initial; background-size: initial; background-repeat: initial; background-attachment: initial; background-origin: initial; background-clip: initial;\"><span style=\"font-family:&quot;Calibri&quot;,sans-serif; mso-ascii-theme-font:minor-latin;mso-hansi-theme-font:minor-latin;mso-bidi-theme-font: minor-latin;color:black;mso-color-alt:windowtext\">&#8211; das Recht auf Einschr\u00e4nkung&nbsp;der Verarbeitung nach Artikel 18 DS-GVO;<\/span><span style=\"font-family:&quot;Calibri&quot;,sans-serif; mso-ascii-theme-font:minor-latin;mso-hansi-theme-font:minor-latin;mso-bidi-theme-font: minor-latin\"><o:p><\/o:p><\/span><\/p>\n<p style=\"margin-bottom: 0cm; background-image: initial; background-position: initial; background-size: initial; background-repeat: initial; background-attachment: initial; background-origin: initial; background-clip: initial;\"><span style=\"font-family:&quot;Calibri&quot;,sans-serif; mso-ascii-theme-font:minor-latin;mso-hansi-theme-font:minor-latin;mso-bidi-theme-font: minor-latin;color:black;mso-color-alt:windowtext\">&#8211; das Rechts auf&nbsp;Daten\u00fcbertragbarkeit nach Artikel 20 DS-GVO;<\/span><span style=\"font-family: &quot;Calibri&quot;,sans-serif;mso-ascii-theme-font:minor-latin;mso-hansi-theme-font: minor-latin;mso-bidi-theme-font:minor-latin\"><o:p><\/o:p><\/span><\/p>\n<p style=\"margin-bottom: 0cm; background-image: initial; background-position: initial; background-size: initial; background-repeat: initial; background-attachment: initial; background-origin: initial; background-clip: initial;\"><span style=\"font-family:&quot;Calibri&quot;,sans-serif; mso-ascii-theme-font:minor-latin;mso-hansi-theme-font:minor-latin;mso-bidi-theme-font: minor-latin;color:black;mso-color-alt:windowtext\">&#8211; das Widerspruchsrecht nach Artikel 21 DS-GVO und&nbsp;<\/span><\/p><p style=\"margin-bottom: 0cm; background-image: initial; background-position: initial; background-size: initial; background-repeat: initial; background-attachment: initial; background-origin: initial; background-clip: initial;\"><span style=\"color: black; font-family: Calibri, sans-serif; font-size: inherit; font-weight: var( --e-global-typography-text-font-weight );\">&#8211; Recht auf Beschwerde bei&nbsp;<\/span><span style=\"color: black; font-family: Calibri, sans-serif; font-size: inherit; font-weight: var( --e-global-typography-text-font-weight );\">einer Aufsichtsbeh\u00f6rde nach Artikel 77 DS-GVO.<\/span><\/p>\n<p style=\"margin-bottom: 0cm; background-image: initial; background-position: initial; background-size: initial; background-repeat: initial; background-attachment: initial; background-origin: initial; background-clip: initial;\"><span style=\"font-family:&quot;Calibri&quot;,sans-serif; mso-ascii-theme-font:minor-latin;mso-hansi-theme-font:minor-latin;mso-bidi-theme-font: minor-latin;color:black;mso-color-alt:windowtext\">3. Den Organen des Vereins,&nbsp;allen Mitarbeitern oder sonst f\u00fcr den Verein T\u00e4tigen ist es untersagt,<br>personenbezogene Daten unbefugt zu anderen als dem jeweiligen zur<br>Aufgabenerf\u00fcllung geh\u00f6renden Zweck zu verarbeiten, bekannt zu geben, Dritten<br>zug\u00e4nglich zu machen oder sonst zu nutzen. Diese Pflicht besteht auch \u00fcber das<br>Ausscheiden der oben genannten Personen aus dem Verein hinaus.<\/span><span style=\"font-family:&quot;Calibri&quot;,sans-serif;mso-ascii-theme-font:minor-latin; mso-hansi-theme-font:minor-latin;mso-bidi-theme-font:minor-latin\"><o:p><\/o:p><\/span><\/p>\n<p style=\"margin-bottom: 0cm; background-image: initial; background-position: initial; background-size: initial; background-repeat: initial; background-attachment: initial; background-origin: initial; background-clip: initial;\"><span style=\"font-family:&quot;Calibri&quot;,sans-serif; mso-ascii-theme-font:minor-latin;mso-hansi-theme-font:minor-latin;mso-bidi-theme-font: minor-latin;color:black;mso-color-alt:windowtext\">4. Zur Wahrnehmung der&nbsp;Aufgaben und Pflichten nach der EU-Datenschutz-Grundverordnung und dem<br>Bundesdatenschutzgesetz bestellt der gesch\u00e4ftsf\u00fchrende Vorstand einen<br>Datenschutzbeauftragten.<\/span><span style=\"font-family:&quot;Calibri&quot;,sans-serif; mso-ascii-theme-font:minor-latin;mso-hansi-theme-font:minor-latin;mso-bidi-theme-font: minor-latin\"><o:p><\/o:p><\/span><\/p>\n<p style=\"margin-bottom: 6pt; background-image: initial; background-position: initial; background-size: initial; background-repeat: initial; background-attachment: initial; background-origin: initial; background-clip: initial;\"><span style=\"font-family:&quot;Calibri&quot;,sans-serif; mso-ascii-theme-font:minor-latin;mso-hansi-theme-font:minor-latin;mso-bidi-theme-font: minor-latin\">&nbsp;<\/span><\/p>\n<p style=\"background-image: initial; background-position: initial; background-size: initial; background-repeat: initial; background-attachment: initial; background-origin: initial; background-clip: initial;\"><strong><span style=\"font-family:&quot;Calibri&quot;,sans-serif; mso-ascii-theme-font:minor-latin;mso-hansi-theme-font:minor-latin;mso-bidi-theme-font: minor-latin;color:black;mso-color-alt:windowtext\">\u00a7 18 Verbindliche Regeln des<br>Deutschen Tanzsportverbandes e.V.<\/span><\/strong><span style=\"font-family:&quot;Calibri&quot;,sans-serif; mso-ascii-theme-font:minor-latin;mso-hansi-theme-font:minor-latin;mso-bidi-theme-font: minor-latin\"><o:p><\/o:p><\/span><\/p>\n<p style=\"margin-bottom: 0cm; background-image: initial; background-position: initial; background-size: initial; background-repeat: initial; background-attachment: initial; background-origin: initial; background-clip: initial;\"><span style=\"font-family:&quot;Calibri&quot;,sans-serif; mso-ascii-theme-font:minor-latin;mso-hansi-theme-font:minor-latin;mso-bidi-theme-font: minor-latin;color:black;mso-color-alt:windowtext\">1. F\u00fcr alle Mitglieder des&nbsp;Vereins sind<br>a) die Turnier- und Sportordnung;<\/span><span style=\"font-family:&quot;Calibri&quot;,sans-serif; mso-ascii-theme-font:minor-latin;mso-hansi-theme-font:minor-latin;mso-bidi-theme-font: minor-latin\"><o:p><\/o:p><\/span><\/p>\n<p style=\"margin-bottom: 0cm; background-image: initial; background-position: initial; background-size: initial; background-repeat: initial; background-attachment: initial; background-origin: initial; background-clip: initial;\"><span style=\"font-family:&quot;Calibri&quot;,sans-serif; mso-ascii-theme-font:minor-latin;mso-hansi-theme-font:minor-latin;mso-bidi-theme-font: minor-latin;color:black;mso-color-alt:windowtext\">b) die Jugendordnung;<\/span><span style=\"font-family:&quot;Calibri&quot;,sans-serif;mso-ascii-theme-font:minor-latin; mso-hansi-theme-font:minor-latin;mso-bidi-theme-font:minor-latin\"><o:p><\/o:p><\/span><\/p>\n<p style=\"margin-bottom: 0cm; background-image: initial; background-position: initial; background-size: initial; background-repeat: initial; background-attachment: initial; background-origin: initial; background-clip: initial;\"><span style=\"font-family:&quot;Calibri&quot;,sans-serif; mso-ascii-theme-font:minor-latin;mso-hansi-theme-font:minor-latin;mso-bidi-theme-font: minor-latin;color:black;mso-color-alt:windowtext\">c) die Schiedsordnung;&nbsp;<\/span><span style=\"color: black; font-family: Calibri, sans-serif; font-size: inherit; font-weight: var( --e-global-typography-text-font-weight );\">in ihrer jeweils geltenden&nbsp;<\/span><span style=\"color: black; font-family: Calibri, sans-serif; font-size: inherit; font-weight: var( --e-global-typography-text-font-weight );\">Fassung unmittelbar verbindlich.<\/span><\/p>\n<p style=\"margin-bottom: 0cm; background-image: initial; background-position: initial; background-size: initial; background-repeat: initial; background-attachment: initial; background-origin: initial; background-clip: initial;\"><span style=\"font-family:&quot;Calibri&quot;,sans-serif; mso-ascii-theme-font:minor-latin;mso-hansi-theme-font:minor-latin;mso-bidi-theme-font: minor-latin;color:black;mso-color-alt:windowtext\">2. Die vorgenannten Ordnungen&nbsp;sind nicht Bestandteil dieser Satzung.<\/span><span style=\"font-family:&quot;Calibri&quot;,sans-serif; mso-ascii-theme-font:minor-latin;mso-hansi-theme-font:minor-latin;mso-bidi-theme-font: minor-latin\"><o:p><\/o:p><\/span><\/p>\n<p style=\"margin-bottom: 6pt; background-image: initial; background-position: initial; background-size: initial; background-repeat: initial; background-attachment: initial; background-origin: initial; background-clip: initial;\"><span style=\"font-family:&quot;Calibri&quot;,sans-serif; mso-ascii-theme-font:minor-latin;mso-hansi-theme-font:minor-latin;mso-bidi-theme-font: minor-latin\">&nbsp;<\/span><\/p>\n<p style=\"background-image: initial; background-position: initial; background-size: initial; background-repeat: initial; background-attachment: initial; background-origin: initial; background-clip: initial;\"><strong><span style=\"font-family:&quot;Calibri&quot;,sans-serif; mso-ascii-theme-font:minor-latin;mso-hansi-theme-font:minor-latin;mso-bidi-theme-font: minor-latin;color:black;mso-color-alt:windowtext\">\u00a7 19 Aufl\u00f6sungsbestimmungen<\/span><\/strong><span style=\"font-family:&quot;Calibri&quot;,sans-serif;mso-ascii-theme-font:minor-latin; mso-hansi-theme-font:minor-latin;mso-bidi-theme-font:minor-latin\"><o:p><\/o:p><\/span><\/p>\n<p style=\"margin-bottom: 0cm; background-image: initial; background-position: initial; background-size: initial; background-repeat: initial; background-attachment: initial; background-origin: initial; background-clip: initial;\"><span style=\"font-family:&quot;Calibri&quot;,sans-serif; mso-ascii-theme-font:minor-latin;mso-hansi-theme-font:minor-latin;mso-bidi-theme-font: minor-latin;color:black;mso-color-alt:windowtext\">1. Bei Aufl\u00f6sung oder&nbsp;Aufhebung des Vereins oder bei Wegfall seines bisherigen Zweckes bzw. Wegfall<br>der Gemeinn\u00fctzigkeit f\u00e4llt das Verm\u00f6gen der Stadt D\u00fclmen mit der Ma\u00dfgabe zu,<br>das Geld zur F\u00f6rderung des Tanzsports zu verwenden.<\/span><span style=\"font-family:&quot;Calibri&quot;,sans-serif;mso-ascii-theme-font:minor-latin; mso-hansi-theme-font:minor-latin;mso-bidi-theme-font:minor-latin\"><o:p><\/o:p><\/span><\/p>\n<p style=\"margin-bottom: 0cm; background-image: initial; background-position: initial; background-size: initial; background-repeat: initial; background-attachment: initial; background-origin: initial; background-clip: initial;\"><span style=\"font-family:&quot;Calibri&quot;,sans-serif; mso-ascii-theme-font:minor-latin;mso-hansi-theme-font:minor-latin;mso-bidi-theme-font: minor-latin;color:black;mso-color-alt:windowtext\">2. Der Beschluss \u00fcber die&nbsp;zuk\u00fcnftige Verwendung des Verm\u00f6gens bedarf der Zustimmung des Finanzamtes.<\/span><span style=\"font-family:&quot;Calibri&quot;,sans-serif;mso-ascii-theme-font:minor-latin; mso-hansi-theme-font:minor-latin;mso-bidi-theme-font:minor-latin\"><o:p><\/o:p><\/span><\/p>\n<p style=\"margin-bottom: 0cm; background-image: initial; background-position: initial; background-size: initial; background-repeat: initial; background-attachment: initial; background-origin: initial; background-clip: initial;\"><span style=\"font-family:&quot;Calibri&quot;,sans-serif; mso-ascii-theme-font:minor-latin;mso-hansi-theme-font:minor-latin;mso-bidi-theme-font: minor-latin;color:black;mso-color-alt:windowtext\">3. \u00dcber die Aufl\u00f6sung des&nbsp;Vereins entscheidet eine eigens zu diesem Zweck einberufene<br>Mitgliederversammlung mit einer drei Viertel Mehrheit der abgegebenen Stimmen.<br>Sofern die Mitgliedschaft nichts anderes beschlie\u00dft, sind der Vorsitzende und<br>die Vertretung gemeinsam vertretungsberechtigte Liquidatoren.<\/span><span style=\"font-family:&quot;Calibri&quot;,sans-serif;mso-ascii-theme-font:minor-latin; mso-hansi-theme-font:minor-latin;mso-bidi-theme-font:minor-latin\"><o:p><\/o:p><\/span><\/p>\n<p style=\"margin-bottom: 0cm; background-image: initial; background-position: initial; background-size: initial; background-repeat: initial; background-attachment: initial; background-origin: initial; background-clip: initial;\"><span style=\"font-family:&quot;Calibri&quot;,sans-serif; mso-ascii-theme-font:minor-latin;mso-hansi-theme-font:minor-latin;mso-bidi-theme-font: minor-latin;color:black;mso-color-alt:windowtext\">4. Im Falle einer Fusion mit&nbsp;einem anderen Verein f\u00e4llt das Verm\u00f6gen nach Vereinsaufl\u00f6sung an den neu<br>entstehenden steuerbeg\u00fcnstigten Fusionsverein bzw. den aufnehmenden<br>steuerbeg\u00fcnstigten Verein, der es ausschlie\u00dflich und unmittelbar f\u00fcr<br>gemeinn\u00fctzige, mildt\u00e4tige oder kirchliche Zwecke zu verwenden hat.<\/span><span style=\"font-family:&quot;Calibri&quot;,sans-serif;mso-ascii-theme-font:minor-latin; mso-hansi-theme-font:minor-latin;mso-bidi-theme-font:minor-latin\"><o:p><\/o:p><\/span><\/p>\n<p style=\"margin-bottom: 6pt; background-image: initial; background-position: initial; background-size: initial; background-repeat: initial; background-attachment: initial; background-origin: initial; background-clip: initial;\"><span style=\"font-family:&quot;Calibri&quot;,sans-serif; mso-ascii-theme-font:minor-latin;mso-hansi-theme-font:minor-latin;mso-bidi-theme-font: minor-latin\">&nbsp;<\/span><\/p>\n<p style=\"margin-bottom: 6pt; background-image: initial; background-position: initial; background-size: initial; background-repeat: initial; background-attachment: initial; background-origin: initial; background-clip: initial;\"><b><span style=\"font-family:&quot;Calibri&quot;,sans-serif;mso-ascii-theme-font: minor-latin;mso-hansi-theme-font:minor-latin;mso-bidi-theme-font:minor-latin; color:black;mso-color-alt:windowtext\">\u00a7 20 G\u00fcltigkeit dieser Satzung<\/span><\/b><b><span style=\"font-family:&quot;Calibri&quot;,sans-serif; mso-ascii-theme-font:minor-latin;mso-hansi-theme-font:minor-latin;mso-bidi-theme-font: minor-latin\"><o:p><\/o:p><\/span><\/b><\/p>\n<p style=\"margin-bottom: 0cm; background-image: initial; background-position: initial; background-size: initial; background-repeat: initial; background-attachment: initial; background-origin: initial; background-clip: initial;\"><span style=\"font-family:&quot;Calibri&quot;,sans-serif; mso-ascii-theme-font:minor-latin;mso-hansi-theme-font:minor-latin;mso-bidi-theme-font: minor-latin;color:black;mso-color-alt:windowtext\">1. Diese Satzung wurde durch&nbsp;die Mitgliederversammlung am 12.11.2021 beschlossen<\/span><span style=\"font-family:&quot;Calibri&quot;,sans-serif;mso-ascii-theme-font:minor-latin; mso-hansi-theme-font:minor-latin;mso-bidi-theme-font:minor-latin\"><o:p><\/o:p><\/span><\/p>\n<p style=\"margin-bottom: 0cm; background-image: initial; background-position: initial; background-size: initial; background-repeat: initial; background-attachment: initial; background-origin: initial; background-clip: initial;\"><span style=\"font-family:&quot;Calibri&quot;,sans-serif; mso-ascii-theme-font:minor-latin;mso-hansi-theme-font:minor-latin;mso-bidi-theme-font: minor-latin;color:black;mso-color-alt:windowtext\">2. Diese Satzung tritt mit&nbsp;Eintragung in das Vereinsregister in Kraft.<\/span><span style=\"font-family: &quot;Calibri&quot;,sans-serif;mso-ascii-theme-font:minor-latin;mso-hansi-theme-font: minor-latin;mso-bidi-theme-font:minor-latin\"><o:p><\/o:p><\/span><\/p>\n<p style=\"margin-bottom: 0cm; background-image: initial; background-position: initial; background-size: initial; background-repeat: initial; background-attachment: initial; background-origin: initial; background-clip: initial;\"><span style=\"font-family:&quot;Calibri&quot;,sans-serif; mso-ascii-theme-font:minor-latin;mso-hansi-theme-font:minor-latin;mso-bidi-theme-font: minor-latin;color:black;mso-color-alt:windowtext\">3. Alle bisherigen Satzungen&nbsp;treten zu diesem Zeitpunkt damit au\u00dfer Kraft.<\/span><span style=\"font-family: &quot;Calibri&quot;,sans-serif;mso-ascii-theme-font:minor-latin;mso-hansi-theme-font: minor-latin;mso-bidi-theme-font:minor-latin\"><o:p><\/o:p><\/span><\/p>\n<p style=\"margin-bottom: 0cm; background-image: initial; background-position: initial; background-size: initial; background-repeat: initial; background-attachment: initial; background-origin: initial; background-clip: initial;\"><span style=\"font-family:&quot;Calibri&quot;,sans-serif; mso-ascii-theme-font:minor-latin;mso-hansi-theme-font:minor-latin;mso-bidi-theme-font: minor-latin\">&nbsp;<\/span><\/p>\t\t\t\t\t\t\t\t<\/div>\n\t\t\t\t<\/div>\n\t\t\t\t\t<\/div>\n\t\t<\/div>\n\t\t\t\t\t<\/div>\n\t\t<\/section>\n\t\t\t\t<\/div>\n\t\t","protected":false},"excerpt":{"rendered":"<p>Satzung Satzung der Tanzsportfreunde D\u00fclmen e. V. Aufgrund der besseren Lesbarkeit verwenden wir im&nbsp;Rahmen dieser Satzung die m\u00e4nnliche Form f\u00fcr Funktionstr\u00e4ger. Die weibliche Form&nbsp;ist dabei stets impliziert. Stand vom&nbsp;12.11.2021 Pr\u00e4ambel Die TanzSportFreunde D\u00fclmen e.V. bekennen sich zur&nbsp;freiheitlich demokratischen Grundordnung der Bundesrepublik Deutschland und desLandes Nordrhein-Westfalen. Der Verein, seine Amtstr\u00e4ger und [&hellip;]<\/p>\n","protected":false},"author":1,"featured_media":0,"parent":0,"menu_order":3,"comment_status":"closed","ping_status":"closed","template":"page-templates\/template-pagebuilder-full-width.php","meta":{"footnotes":""},"class_list":["post-354","page","type-page","status-publish","hentry"],"yoast_head":"<!-- This site is optimized with the Yoast SEO plugin v27.4 - https:\/\/yoast.com\/product\/yoast-seo-wordpress\/ -->\n<title>Satzung - TSF D\u00fclmen<\/title>\n<meta name=\"robots\" content=\"index, follow, max-snippet:-1, max-image-preview:large, max-video-preview:-1\" \/>\n<link rel=\"canonical\" href=\"https:\/\/tsf-duelmen.de\/index.php\/satzung\/\" \/>\n<meta property=\"og:locale\" content=\"de_DE\" \/>\n<meta property=\"og:type\" content=\"article\" \/>\n<meta property=\"og:title\" content=\"Satzung - TSF D\u00fclmen\" \/>\n<meta property=\"og:description\" content=\"Satzung Satzung der Tanzsportfreunde D\u00fclmen e. V. Aufgrund der besseren Lesbarkeit verwenden wir im&nbsp;Rahmen dieser Satzung die m\u00e4nnliche Form f\u00fcr Funktionstr\u00e4ger. Die weibliche Form&nbsp;ist dabei stets impliziert. Stand vom&nbsp;12.11.2021 Pr\u00e4ambel Die TanzSportFreunde D\u00fclmen e.V. bekennen sich zur&nbsp;freiheitlich demokratischen Grundordnung der Bundesrepublik Deutschland und desLandes Nordrhein-Westfalen. Der Verein, seine Amtstr\u00e4ger und [&hellip;]\" \/>\n<meta property=\"og:url\" content=\"https:\/\/tsf-duelmen.de\/index.php\/satzung\/\" \/>\n<meta property=\"og:site_name\" content=\"TSF D\u00fclmen\" \/>\n<meta property=\"article:modified_time\" content=\"2024-02-17T18:09:49+00:00\" \/>\n<meta name=\"twitter:card\" content=\"summary_large_image\" \/>\n<meta name=\"twitter:label1\" content=\"Gesch\u00e4tzte Lesezeit\" \/>\n\t<meta name=\"twitter:data1\" content=\"24\u00a0Minuten\" \/>\n<script type=\"application\/ld+json\" class=\"yoast-schema-graph\">{\"@context\":\"https:\\\/\\\/schema.org\",\"@graph\":[{\"@type\":\"WebPage\",\"@id\":\"https:\\\/\\\/tsf-duelmen.de\\\/index.php\\\/satzung\\\/\",\"url\":\"https:\\\/\\\/tsf-duelmen.de\\\/index.php\\\/satzung\\\/\",\"name\":\"Satzung - TSF D\u00fclmen\",\"isPartOf\":{\"@id\":\"https:\\\/\\\/tsf-duelmen.de\\\/#website\"},\"datePublished\":\"2020-03-17T08:49:12+00:00\",\"dateModified\":\"2024-02-17T18:09:49+00:00\",\"breadcrumb\":{\"@id\":\"https:\\\/\\\/tsf-duelmen.de\\\/index.php\\\/satzung\\\/#breadcrumb\"},\"inLanguage\":\"de\",\"potentialAction\":[{\"@type\":\"ReadAction\",\"target\":[\"https:\\\/\\\/tsf-duelmen.de\\\/index.php\\\/satzung\\\/\"]}]},{\"@type\":\"BreadcrumbList\",\"@id\":\"https:\\\/\\\/tsf-duelmen.de\\\/index.php\\\/satzung\\\/#breadcrumb\",\"itemListElement\":[{\"@type\":\"ListItem\",\"position\":1,\"name\":\"Home\",\"item\":\"https:\\\/\\\/tsf-duelmen.de\\\/\"},{\"@type\":\"ListItem\",\"position\":2,\"name\":\"Satzung\"}]},{\"@type\":\"WebSite\",\"@id\":\"https:\\\/\\\/tsf-duelmen.de\\\/#website\",\"url\":\"https:\\\/\\\/tsf-duelmen.de\\\/\",\"name\":\"TSF D\u00fclmen\",\"description\":\"Tanzen ist tr\u00e4umen mit de F\u00fcssen\",\"publisher\":{\"@id\":\"https:\\\/\\\/tsf-duelmen.de\\\/#organization\"},\"potentialAction\":[{\"@type\":\"SearchAction\",\"target\":{\"@type\":\"EntryPoint\",\"urlTemplate\":\"https:\\\/\\\/tsf-duelmen.de\\\/?s={search_term_string}\"},\"query-input\":{\"@type\":\"PropertyValueSpecification\",\"valueRequired\":true,\"valueName\":\"search_term_string\"}}],\"inLanguage\":\"de\"},{\"@type\":\"Organization\",\"@id\":\"https:\\\/\\\/tsf-duelmen.de\\\/#organization\",\"name\":\"TSF D\u00fclmen\",\"url\":\"https:\\\/\\\/tsf-duelmen.de\\\/\",\"logo\":{\"@type\":\"ImageObject\",\"inLanguage\":\"de\",\"@id\":\"https:\\\/\\\/tsf-duelmen.de\\\/#\\\/schema\\\/logo\\\/image\\\/\",\"url\":\"https:\\\/\\\/tsf-duelmen.de\\\/wp-content\\\/uploads\\\/2019\\\/12\\\/cropped-TSF_Logo_wH_RZ.png\",\"contentUrl\":\"https:\\\/\\\/tsf-duelmen.de\\\/wp-content\\\/uploads\\\/2019\\\/12\\\/cropped-TSF_Logo_wH_RZ.png\",\"width\":1387,\"height\":793,\"caption\":\"TSF D\u00fclmen\"},\"image\":{\"@id\":\"https:\\\/\\\/tsf-duelmen.de\\\/#\\\/schema\\\/logo\\\/image\\\/\"}}]}<\/script>\n<!-- \/ Yoast SEO plugin. -->","yoast_head_json":{"title":"Satzung - TSF D\u00fclmen","robots":{"index":"index","follow":"follow","max-snippet":"max-snippet:-1","max-image-preview":"max-image-preview:large","max-video-preview":"max-video-preview:-1"},"canonical":"https:\/\/tsf-duelmen.de\/index.php\/satzung\/","og_locale":"de_DE","og_type":"article","og_title":"Satzung - TSF D\u00fclmen","og_description":"Satzung Satzung der Tanzsportfreunde D\u00fclmen e. V. Aufgrund der besseren Lesbarkeit verwenden wir im&nbsp;Rahmen dieser Satzung die m\u00e4nnliche Form f\u00fcr Funktionstr\u00e4ger. Die weibliche Form&nbsp;ist dabei stets impliziert. Stand vom&nbsp;12.11.2021 Pr\u00e4ambel Die TanzSportFreunde D\u00fclmen e.V. bekennen sich zur&nbsp;freiheitlich demokratischen Grundordnung der Bundesrepublik Deutschland und desLandes Nordrhein-Westfalen. Der Verein, seine Amtstr\u00e4ger und [&hellip;]","og_url":"https:\/\/tsf-duelmen.de\/index.php\/satzung\/","og_site_name":"TSF D\u00fclmen","article_modified_time":"2024-02-17T18:09:49+00:00","twitter_card":"summary_large_image","twitter_misc":{"Gesch\u00e4tzte Lesezeit":"24\u00a0Minuten"},"schema":{"@context":"https:\/\/schema.org","@graph":[{"@type":"WebPage","@id":"https:\/\/tsf-duelmen.de\/index.php\/satzung\/","url":"https:\/\/tsf-duelmen.de\/index.php\/satzung\/","name":"Satzung - TSF D\u00fclmen","isPartOf":{"@id":"https:\/\/tsf-duelmen.de\/#website"},"datePublished":"2020-03-17T08:49:12+00:00","dateModified":"2024-02-17T18:09:49+00:00","breadcrumb":{"@id":"https:\/\/tsf-duelmen.de\/index.php\/satzung\/#breadcrumb"},"inLanguage":"de","potentialAction":[{"@type":"ReadAction","target":["https:\/\/tsf-duelmen.de\/index.php\/satzung\/"]}]},{"@type":"BreadcrumbList","@id":"https:\/\/tsf-duelmen.de\/index.php\/satzung\/#breadcrumb","itemListElement":[{"@type":"ListItem","position":1,"name":"Home","item":"https:\/\/tsf-duelmen.de\/"},{"@type":"ListItem","position":2,"name":"Satzung"}]},{"@type":"WebSite","@id":"https:\/\/tsf-duelmen.de\/#website","url":"https:\/\/tsf-duelmen.de\/","name":"TSF D\u00fclmen","description":"Tanzen ist tr\u00e4umen mit de F\u00fcssen","publisher":{"@id":"https:\/\/tsf-duelmen.de\/#organization"},"potentialAction":[{"@type":"SearchAction","target":{"@type":"EntryPoint","urlTemplate":"https:\/\/tsf-duelmen.de\/?s={search_term_string}"},"query-input":{"@type":"PropertyValueSpecification","valueRequired":true,"valueName":"search_term_string"}}],"inLanguage":"de"},{"@type":"Organization","@id":"https:\/\/tsf-duelmen.de\/#organization","name":"TSF D\u00fclmen","url":"https:\/\/tsf-duelmen.de\/","logo":{"@type":"ImageObject","inLanguage":"de","@id":"https:\/\/tsf-duelmen.de\/#\/schema\/logo\/image\/","url":"https:\/\/tsf-duelmen.de\/wp-content\/uploads\/2019\/12\/cropped-TSF_Logo_wH_RZ.png","contentUrl":"https:\/\/tsf-duelmen.de\/wp-content\/uploads\/2019\/12\/cropped-TSF_Logo_wH_RZ.png","width":1387,"height":793,"caption":"TSF D\u00fclmen"},"image":{"@id":"https:\/\/tsf-duelmen.de\/#\/schema\/logo\/image\/"}}]}},"_links":{"self":[{"href":"https:\/\/tsf-duelmen.de\/index.php\/wp-json\/wp\/v2\/pages\/354","targetHints":{"allow":["GET"]}}],"collection":[{"href":"https:\/\/tsf-duelmen.de\/index.php\/wp-json\/wp\/v2\/pages"}],"about":[{"href":"https:\/\/tsf-duelmen.de\/index.php\/wp-json\/wp\/v2\/types\/page"}],"author":[{"embeddable":true,"href":"https:\/\/tsf-duelmen.de\/index.php\/wp-json\/wp\/v2\/users\/1"}],"replies":[{"embeddable":true,"href":"https:\/\/tsf-duelmen.de\/index.php\/wp-json\/wp\/v2\/comments?post=354"}],"version-history":[{"count":5,"href":"https:\/\/tsf-duelmen.de\/index.php\/wp-json\/wp\/v2\/pages\/354\/revisions"}],"predecessor-version":[{"id":1202,"href":"https:\/\/tsf-duelmen.de\/index.php\/wp-json\/wp\/v2\/pages\/354\/revisions\/1202"}],"wp:attachment":[{"href":"https:\/\/tsf-duelmen.de\/index.php\/wp-json\/wp\/v2\/media?parent=354"}],"curies":[{"name":"wp","href":"https:\/\/api.w.org\/{rel}","templated":true}]}}