{"id":2,"date":"2019-12-10T10:23:02","date_gmt":"2019-12-10T10:23:02","guid":{"rendered":"https:\/\/tsf-duelmen.de\/?page_id=2"},"modified":"2026-01-22T17:43:23","modified_gmt":"2026-01-22T17:43:23","slug":"trainingszeiten","status":"publish","type":"page","link":"https:\/\/tsf-duelmen.de\/index.php\/trainingszeiten\/","title":{"rendered":"Trainingszeiten"},"content":{"rendered":"\t\t<div data-elementor-type=\"wp-page\" data-elementor-id=\"2\" class=\"elementor elementor-2\" data-elementor-post-type=\"page\">\n\t\t\t\t\t\t<section class=\"elementor-section elementor-top-section elementor-element elementor-element-79c468b3 elementor-section-boxed elementor-section-height-default elementor-section-height-default\" data-id=\"79c468b3\" data-element_type=\"section\" data-e-type=\"section\">\n\t\t\t\t\t\t<div class=\"elementor-container elementor-column-gap-default\">\n\t\t\t\t\t<div class=\"elementor-column elementor-col-100 elementor-top-column elementor-element elementor-element-348ade53\" data-id=\"348ade53\" data-element_type=\"column\" data-e-type=\"column\">\n\t\t\t<div class=\"elementor-widget-wrap elementor-element-populated\">\n\t\t\t\t\t\t<div class=\"elementor-element elementor-element-88d832c elementor-widget elementor-widget-heading\" data-id=\"88d832c\" data-element_type=\"widget\" data-e-type=\"widget\" data-widget_type=\"heading.default\">\n\t\t\t\t<div class=\"elementor-widget-container\">\n\t\t\t\t\t<h2 class=\"elementor-heading-title elementor-size-default\">Unser Vereins-Kalender<\/h2>\t\t\t\t<\/div>\n\t\t\t\t<\/div>\n\t\t\t\t<div class=\"elementor-element elementor-element-77cc2c7 elementor-widget elementor-widget-text-editor\" data-id=\"77cc2c7\" data-element_type=\"widget\" data-e-type=\"widget\" data-widget_type=\"text-editor.default\">\n\t\t\t\t<div class=\"elementor-widget-container\">\n\t\t\t\t\t\t\t\t\t<p>Januar\u00b426 Unsere derzeitigen Trainingsangebote in der \u00dcbersicht, mehr <a href=\"https:\/\/tsf-duelmen.de\/index.php\/angebote\/\">Details zu den Angeboten hier.<\/a><\/p><p>Stand 22.01.2026<\/p>\t\t\t\t\t\t\t\t<\/div>\n\t\t\t\t<\/div>\n\t\t\t\t<div class=\"elementor-element elementor-element-7e7cdb5 elementor-widget elementor-widget-image\" data-id=\"7e7cdb5\" data-element_type=\"widget\" data-e-type=\"widget\" data-widget_type=\"image.default\">\n\t\t\t\t<div class=\"elementor-widget-container\">\n\t\t\t\t\t\t\t\t\t\t\t\t\t\t\t<img fetchpriority=\"high\" decoding=\"async\" width=\"750\" height=\"690\" src=\"https:\/\/tsf-duelmen.de\/wp-content\/uploads\/2026\/01\/WhatsApp-Image-2026-01-20-at-17.05.36-1024x942.jpeg\" class=\"attachment-large size-large wp-image-1511\" alt=\"\" srcset=\"https:\/\/tsf-duelmen.de\/wp-content\/uploads\/2026\/01\/WhatsApp-Image-2026-01-20-at-17.05.36-1024x942.jpeg 1024w, https:\/\/tsf-duelmen.de\/wp-content\/uploads\/2026\/01\/WhatsApp-Image-2026-01-20-at-17.05.36-300x276.jpeg 300w, https:\/\/tsf-duelmen.de\/wp-content\/uploads\/2026\/01\/WhatsApp-Image-2026-01-20-at-17.05.36-768x707.jpeg 768w, https:\/\/tsf-duelmen.de\/wp-content\/uploads\/2026\/01\/WhatsApp-Image-2026-01-20-at-17.05.36.jpeg 1493w\" sizes=\"(max-width: 750px) 100vw, 750px\" \/>\t\t\t\t\t\t\t\t\t\t\t\t\t\t\t<\/div>\n\t\t\t\t<\/div>\n\t\t\t\t<div class=\"elementor-element elementor-element-7865752d elementor-widget elementor-widget-text-editor\" data-id=\"7865752d\" data-element_type=\"widget\" data-e-type=\"widget\" data-widget_type=\"text-editor.default\">\n\t\t\t\t<div class=\"elementor-widget-container\">\n\t\t\t\t\t\t\t\t\t<p style=\"text-align: left;\"><span style=\"font-size: inherit; color: var( --e-global-color-text ); font-family: var( --e-global-typography-text-font-family ), Sans-serif; font-weight: var( --e-global-typography-text-font-weight );\"><img decoding=\"async\" src=\"https:\/\/tsf-duelmen.de\/wp-content\/uploads\/2023\/01\/warten.png\" alt=\"\" width=\"32\" height=\"32\" \/> <strong><span style=\"color: #339966;\">Kurse mit Warteliste bei Interesse bitte Voranmeldung per <a href=\"https:\/\/tsf-duelmen.de\/\">WhatsApp oder Email<\/a><\/span><\/strong><\/span><\/p><p><strong><span style=\"font-size: inherit; color: var( --e-global-color-text ); font-family: var( --e-global-typography-text-font-family ), Sans-serif;\">+ GKE- <\/span>Geschlossene Kurseinheit \u00fcber 8-10 Einheiten<em> \u2013 Anmeldung vor Kursbeginn nur m\u00f6glich!<\/em><\/strong><\/p><p><span style=\"font-size: inherit; color: var( --e-global-color-text ); font-family: var( --e-global-typography-text-font-family ), Sans-serif; font-weight: var( --e-global-typography-text-font-weight );\">+<\/span><strong style=\"font-size: inherit; color: var( --e-global-color-text ); font-family: var( --e-global-typography-text-font-family ), Sans-serif;\"> Outdoor-Fitness: Crosspower, Mo., 18:30 \u2013 19:30 <\/strong><span style=\"font-size: inherit; color: var( --e-global-color-text ); font-family: var( --e-global-typography-text-font-family ), Sans-serif;\"><b>(individuell buchbar Kosten 65\u20ac \u00e0 10er Karte)<br \/><\/b><\/span><span style=\"font-size: inherit; color: var( --e-global-color-text ); font-family: var( --e-global-typography-text-font-family ), Sans-serif; font-weight: var( --e-global-typography-text-font-weight );\">Ab Ende Oktober DJK Sportplatz, dann wieder ab M\u00e4rz Outdoor-Fitness im Wildpark<\/span><\/p><p><strong>+ Body-Power Fitness<\/strong><br \/>Dieser Kurs findet im Sommer auf dem Dernek\u00e4mper Sch\u00fctzenplatz statt, ansonsten im Clubheim. Anmeldung gerne \u00fcber WhatsApp (mit 10er Karte \u00e0 55\u20ac)<\/p><p><b>+ Engpass-Dehnung im Clubheim: individuell buchbar f\u00fcr Alle &amp; Mitglieder<br \/><\/b><span style=\"font-size: inherit; color: var( --e-global-color-text ); font-family: var( --e-global-typography-text-font-family ), Sans-serif; font-weight: var( --e-global-typography-text-font-weight );\">Sprecht uns gern f\u00fcr weitere Infos sowie Anregungen an.<br \/><\/span><span style=\"font-size: inherit; color: var( --e-global-color-text ); font-family: var( --e-global-typography-text-font-family ), Sans-serif; font-weight: var( --e-global-typography-text-font-weight );\">Ansprechpartner sind unsere Trainer und\/oder Vorstandsmitglieder!<\/span><\/p><p><strong><span style=\"font-size: inherit; color: var( --e-global-color-text ); font-family: var( --e-global-typography-text-font-family ), Sans-serif;\">+ In den Ferien finden keine Kurse statt!!!<\/span><\/strong><\/p>\t\t\t\t\t\t\t\t<\/div>\n\t\t\t\t<\/div>\n\t\t\t\t<div class=\"elementor-element elementor-element-3156776 elementor-widget elementor-widget-heading\" data-id=\"3156776\" data-element_type=\"widget\" data-e-type=\"widget\" data-widget_type=\"heading.default\">\n\t\t\t\t<div class=\"elementor-widget-container\">\n\t\t\t\t\t<h3 class=\"elementor-heading-title elementor-size-default\">Online Kalender<\/h3>\t\t\t\t<\/div>\n\t\t\t\t<\/div>\n\t\t\t\t<div class=\"elementor-element elementor-element-a20b59b elementor-widget elementor-widget-text-editor\" data-id=\"a20b59b\" data-element_type=\"widget\" data-e-type=\"widget\" data-widget_type=\"text-editor.default\">\n\t\t\t\t<div class=\"elementor-widget-container\">\n\t\t\t\t\t\t\t\t\t<p>Die aktuellen Trainingszeiten, Veranstaltungen und andere gebuchte Zeiten. <br \/>Vergleichen sie das obrige Angebot dem tagesaktuellen Plan hier darunter.<br \/>Sollte der Kurs dort nicht angezeigt sein, f\u00e4llt der Kurs an diesem Tag aus.<br \/><br \/><strong>* In den Ferien finden keine Kurse statt!!!<\/strong><\/p>\t\t\t\t\t\t\t\t<\/div>\n\t\t\t\t<\/div>\n\t\t\t\t\t<\/div>\n\t\t<\/div>\n\t\t\t\t\t<\/div>\n\t\t<\/section>\n\t\t\t\t<section class=\"elementor-section elementor-top-section elementor-element elementor-element-e7b8e89 elementor-section-boxed elementor-section-height-default elementor-section-height-default\" data-id=\"e7b8e89\" data-element_type=\"section\" data-e-type=\"section\">\n\t\t\t\t\t\t<div class=\"elementor-container elementor-column-gap-default\">\n\t\t\t\t\t<div class=\"elementor-column elementor-col-100 elementor-top-column elementor-element elementor-element-3875ff0\" data-id=\"3875ff0\" data-element_type=\"column\" data-e-type=\"column\">\n\t\t\t<div class=\"elementor-widget-wrap elementor-element-populated\">\n\t\t\t\t\t\t<div class=\"elementor-element elementor-element-d5195c1 elementor-widget elementor-widget-html\" data-id=\"d5195c1\" data-element_type=\"widget\" data-e-type=\"widget\" data-widget_type=\"html.default\">\n\t\t\t\t<div class=\"elementor-widget-container\">\n\t\t\t\t\t<iframe frameborder=\"0\" height=\"700\" scrolling=\"no\" src=\"https:\/\/www.google.com\/calendar\/embed?showPrint=0&amp;showTitle=0;showCalendars=0&amp;showTz=0&amp;mode=WEEK&amp;height=600&amp;wkst=2&amp;bgcolor=%23FFFFFF&amp;src=tsf.duelmen%40gmail.com&amp;color=%23FFFFFF&amp;ctz=Europe%2FBerlin\" width=\"700\" style=\"border-width:0\"><\/iframe>\t\t\t\t<\/div>\n\t\t\t\t<\/div>\n\t\t\t\t\t<\/div>\n\t\t<\/div>\n\t\t\t\t\t<\/div>\n\t\t<\/section>\n\t\t\t\t<section class=\"elementor-section elementor-top-section elementor-element elementor-element-6ea02ac elementor-section-boxed elementor-section-height-default elementor-section-height-default\" data-id=\"6ea02ac\" data-element_type=\"section\" data-e-type=\"section\">\n\t\t\t\t\t\t<div class=\"elementor-container elementor-column-gap-default\">\n\t\t\t\t\t<div class=\"elementor-column elementor-col-100 elementor-top-column elementor-element elementor-element-2f8c7f2\" data-id=\"2f8c7f2\" data-element_type=\"column\" data-e-type=\"column\">\n\t\t\t<div class=\"elementor-widget-wrap elementor-element-populated\">\n\t\t\t\t\t\t<div class=\"elementor-element elementor-element-81a1ad8 e-grid-align-right elementor-shape-rounded elementor-grid-0 elementor-widget elementor-widget-social-icons\" data-id=\"81a1ad8\" data-element_type=\"widget\" data-e-type=\"widget\" data-widget_type=\"social-icons.default\">\n\t\t\t\t<div class=\"elementor-widget-container\">\n\t\t\t\t\t\t\t<div class=\"elementor-social-icons-wrapper elementor-grid\" role=\"list\">\n\t\t\t\t\t\t\t<span class=\"elementor-grid-item\" role=\"listitem\">\n\t\t\t\t\t<a class=\"elementor-icon elementor-social-icon elementor-social-icon-facebook elementor-repeater-item-71d00db\" href=\"https:\/\/www.facebook.com\/Tanzsportfreunde-D%C3%BClmen-eV-164510870417861\" target=\"_blank\">\n\t\t\t\t\t\t<span class=\"elementor-screen-only\">Facebook<\/span>\n\t\t\t\t\t\t<i aria-hidden=\"true\" class=\"fab fa-facebook\"><\/i>\t\t\t\t\t<\/a>\n\t\t\t\t<\/span>\n\t\t\t\t\t\t\t<span class=\"elementor-grid-item\" role=\"listitem\">\n\t\t\t\t\t<a class=\"elementor-icon elementor-social-icon elementor-social-icon-instagram elementor-repeater-item-053a0fe\" href=\"https:\/\/www.instagram.com\/explore\/locations\/1018771449\/tanzsportfreunde-dulmen-ev\/\" target=\"_blank\">\n\t\t\t\t\t\t<span class=\"elementor-screen-only\">Instagram<\/span>\n\t\t\t\t\t\t<i aria-hidden=\"true\" class=\"fab fa-instagram\"><\/i>\t\t\t\t\t<\/a>\n\t\t\t\t<\/span>\n\t\t\t\t\t<\/div>\n\t\t\t\t\t\t<\/div>\n\t\t\t\t<\/div>\n\t\t\t\t\t<\/div>\n\t\t<\/div>\n\t\t\t\t\t<\/div>\n\t\t<\/section>\n\t\t\t\t<\/div>\n\t\t","protected":false},"excerpt":{"rendered":"<p>Unser Vereins-Kalender Januar\u00b426 Unsere derzeitigen Trainingsangebote in der \u00dcbersicht, mehr Details zu den Angeboten hier. Stand 22.01.2026 Kurse mit Warteliste bei Interesse bitte Voranmeldung per WhatsApp oder Email + GKE- Geschlossene Kurseinheit \u00fcber 8-10 Einheiten \u2013 Anmeldung vor Kursbeginn nur m\u00f6glich! + Outdoor-Fitness: Crosspower, Mo., 18:30 \u2013 19:30 (individuell buchbar [&hellip;]<\/p>\n","protected":false},"author":1,"featured_media":0,"parent":0,"menu_order":1,"comment_status":"closed","ping_status":"closed","template":"","meta":{"footnotes":""},"class_list":["post-2","page","type-page","status-publish","hentry"],"yoast_head":"<!-- This site is optimized with the Yoast SEO plugin v27.5 - https:\/\/yoast.com\/product\/yoast-seo-wordpress\/ -->\n<title>Trainingszeiten - TSF D\u00fclmen<\/title>\n<meta name=\"robots\" content=\"index, follow, max-snippet:-1, max-image-preview:large, max-video-preview:-1\" \/>\n<link rel=\"canonical\" href=\"https:\/\/tsf-duelmen.de\/index.php\/trainingszeiten\/\" \/>\n<meta property=\"og:locale\" content=\"de_DE\" \/>\n<meta property=\"og:type\" content=\"article\" \/>\n<meta property=\"og:title\" content=\"Trainingszeiten - TSF D\u00fclmen\" \/>\n<meta property=\"og:description\" content=\"Unser Vereins-Kalender Januar\u00b426 Unsere derzeitigen Trainingsangebote in der \u00dcbersicht, mehr Details zu den Angeboten hier. Stand 22.01.2026 Kurse mit Warteliste bei Interesse bitte Voranmeldung per WhatsApp oder Email + GKE- Geschlossene Kurseinheit \u00fcber 8-10 Einheiten \u2013 Anmeldung vor Kursbeginn nur m\u00f6glich! + Outdoor-Fitness: Crosspower, Mo., 18:30 \u2013 19:30 (individuell buchbar [&hellip;]\" \/>\n<meta property=\"og:url\" content=\"https:\/\/tsf-duelmen.de\/index.php\/trainingszeiten\/\" \/>\n<meta property=\"og:site_name\" content=\"TSF D\u00fclmen\" \/>\n<meta property=\"article:modified_time\" content=\"2026-01-22T17:43:23+00:00\" \/>\n<meta property=\"og:image\" content=\"https:\/\/tsf-duelmen.de\/wp-content\/uploads\/2026\/01\/WhatsApp-Image-2026-01-20-at-17.05.36.jpeg\" \/>\n\t<meta property=\"og:image:width\" content=\"1493\" \/>\n\t<meta property=\"og:image:height\" content=\"1374\" \/>\n\t<meta property=\"og:image:type\" content=\"image\/jpeg\" \/>\n<meta name=\"twitter:card\" content=\"summary_large_image\" \/>\n<meta name=\"twitter:label1\" content=\"Gesch\u00e4tzte Lesezeit\" \/>\n\t<meta name=\"twitter:data1\" content=\"2\u00a0Minuten\" \/>\n<script type=\"application\/ld+json\" class=\"yoast-schema-graph\">{\"@context\":\"https:\\\/\\\/schema.org\",\"@graph\":[{\"@type\":\"WebPage\",\"@id\":\"https:\\\/\\\/tsf-duelmen.de\\\/index.php\\\/trainingszeiten\\\/\",\"url\":\"https:\\\/\\\/tsf-duelmen.de\\\/index.php\\\/trainingszeiten\\\/\",\"name\":\"Trainingszeiten - TSF D\u00fclmen\",\"isPartOf\":{\"@id\":\"https:\\\/\\\/tsf-duelmen.de\\\/#website\"},\"primaryImageOfPage\":{\"@id\":\"https:\\\/\\\/tsf-duelmen.de\\\/index.php\\\/trainingszeiten\\\/#primaryimage\"},\"image\":{\"@id\":\"https:\\\/\\\/tsf-duelmen.de\\\/index.php\\\/trainingszeiten\\\/#primaryimage\"},\"thumbnailUrl\":\"https:\\\/\\\/tsf-duelmen.de\\\/wp-content\\\/uploads\\\/2026\\\/01\\\/WhatsApp-Image-2026-01-20-at-17.05.36-1024x942.jpeg\",\"datePublished\":\"2019-12-10T10:23:02+00:00\",\"dateModified\":\"2026-01-22T17:43:23+00:00\",\"breadcrumb\":{\"@id\":\"https:\\\/\\\/tsf-duelmen.de\\\/index.php\\\/trainingszeiten\\\/#breadcrumb\"},\"inLanguage\":\"de\",\"potentialAction\":[{\"@type\":\"ReadAction\",\"target\":[\"https:\\\/\\\/tsf-duelmen.de\\\/index.php\\\/trainingszeiten\\\/\"]}]},{\"@type\":\"ImageObject\",\"inLanguage\":\"de\",\"@id\":\"https:\\\/\\\/tsf-duelmen.de\\\/index.php\\\/trainingszeiten\\\/#primaryimage\",\"url\":\"https:\\\/\\\/tsf-duelmen.de\\\/wp-content\\\/uploads\\\/2026\\\/01\\\/WhatsApp-Image-2026-01-20-at-17.05.36.jpeg\",\"contentUrl\":\"https:\\\/\\\/tsf-duelmen.de\\\/wp-content\\\/uploads\\\/2026\\\/01\\\/WhatsApp-Image-2026-01-20-at-17.05.36.jpeg\",\"width\":1493,\"height\":1374},{\"@type\":\"BreadcrumbList\",\"@id\":\"https:\\\/\\\/tsf-duelmen.de\\\/index.php\\\/trainingszeiten\\\/#breadcrumb\",\"itemListElement\":[{\"@type\":\"ListItem\",\"position\":1,\"name\":\"Home\",\"item\":\"https:\\\/\\\/tsf-duelmen.de\\\/\"},{\"@type\":\"ListItem\",\"position\":2,\"name\":\"Trainingszeiten\"}]},{\"@type\":\"WebSite\",\"@id\":\"https:\\\/\\\/tsf-duelmen.de\\\/#website\",\"url\":\"https:\\\/\\\/tsf-duelmen.de\\\/\",\"name\":\"TSF D\u00fclmen\",\"description\":\"Tanzen ist tr\u00e4umen mit de F\u00fcssen\",\"publisher\":{\"@id\":\"https:\\\/\\\/tsf-duelmen.de\\\/#organization\"},\"potentialAction\":[{\"@type\":\"SearchAction\",\"target\":{\"@type\":\"EntryPoint\",\"urlTemplate\":\"https:\\\/\\\/tsf-duelmen.de\\\/?s={search_term_string}\"},\"query-input\":{\"@type\":\"PropertyValueSpecification\",\"valueRequired\":true,\"valueName\":\"search_term_string\"}}],\"inLanguage\":\"de\"},{\"@type\":\"Organization\",\"@id\":\"https:\\\/\\\/tsf-duelmen.de\\\/#organization\",\"name\":\"TSF D\u00fclmen\",\"url\":\"https:\\\/\\\/tsf-duelmen.de\\\/\",\"logo\":{\"@type\":\"ImageObject\",\"inLanguage\":\"de\",\"@id\":\"https:\\\/\\\/tsf-duelmen.de\\\/#\\\/schema\\\/logo\\\/image\\\/\",\"url\":\"https:\\\/\\\/tsf-duelmen.de\\\/wp-content\\\/uploads\\\/2019\\\/12\\\/cropped-TSF_Logo_wH_RZ.png\",\"contentUrl\":\"https:\\\/\\\/tsf-duelmen.de\\\/wp-content\\\/uploads\\\/2019\\\/12\\\/cropped-TSF_Logo_wH_RZ.png\",\"width\":1387,\"height\":793,\"caption\":\"TSF D\u00fclmen\"},\"image\":{\"@id\":\"https:\\\/\\\/tsf-duelmen.de\\\/#\\\/schema\\\/logo\\\/image\\\/\"}}]}<\/script>\n<!-- \/ Yoast SEO plugin. -->","yoast_head_json":{"title":"Trainingszeiten - TSF D\u00fclmen","robots":{"index":"index","follow":"follow","max-snippet":"max-snippet:-1","max-image-preview":"max-image-preview:large","max-video-preview":"max-video-preview:-1"},"canonical":"https:\/\/tsf-duelmen.de\/index.php\/trainingszeiten\/","og_locale":"de_DE","og_type":"article","og_title":"Trainingszeiten - TSF D\u00fclmen","og_description":"Unser Vereins-Kalender Januar\u00b426 Unsere derzeitigen Trainingsangebote in der \u00dcbersicht, mehr Details zu den Angeboten hier. Stand 22.01.2026 Kurse mit Warteliste bei Interesse bitte Voranmeldung per WhatsApp oder Email + GKE- Geschlossene Kurseinheit \u00fcber 8-10 Einheiten \u2013 Anmeldung vor Kursbeginn nur m\u00f6glich! + Outdoor-Fitness: Crosspower, Mo., 18:30 \u2013 19:30 (individuell buchbar [&hellip;]","og_url":"https:\/\/tsf-duelmen.de\/index.php\/trainingszeiten\/","og_site_name":"TSF D\u00fclmen","article_modified_time":"2026-01-22T17:43:23+00:00","og_image":[{"width":1493,"height":1374,"url":"https:\/\/tsf-duelmen.de\/wp-content\/uploads\/2026\/01\/WhatsApp-Image-2026-01-20-at-17.05.36.jpeg","type":"image\/jpeg"}],"twitter_card":"summary_large_image","twitter_misc":{"Gesch\u00e4tzte Lesezeit":"2\u00a0Minuten"},"schema":{"@context":"https:\/\/schema.org","@graph":[{"@type":"WebPage","@id":"https:\/\/tsf-duelmen.de\/index.php\/trainingszeiten\/","url":"https:\/\/tsf-duelmen.de\/index.php\/trainingszeiten\/","name":"Trainingszeiten - TSF D\u00fclmen","isPartOf":{"@id":"https:\/\/tsf-duelmen.de\/#website"},"primaryImageOfPage":{"@id":"https:\/\/tsf-duelmen.de\/index.php\/trainingszeiten\/#primaryimage"},"image":{"@id":"https:\/\/tsf-duelmen.de\/index.php\/trainingszeiten\/#primaryimage"},"thumbnailUrl":"https:\/\/tsf-duelmen.de\/wp-content\/uploads\/2026\/01\/WhatsApp-Image-2026-01-20-at-17.05.36-1024x942.jpeg","datePublished":"2019-12-10T10:23:02+00:00","dateModified":"2026-01-22T17:43:23+00:00","breadcrumb":{"@id":"https:\/\/tsf-duelmen.de\/index.php\/trainingszeiten\/#breadcrumb"},"inLanguage":"de","potentialAction":[{"@type":"ReadAction","target":["https:\/\/tsf-duelmen.de\/index.php\/trainingszeiten\/"]}]},{"@type":"ImageObject","inLanguage":"de","@id":"https:\/\/tsf-duelmen.de\/index.php\/trainingszeiten\/#primaryimage","url":"https:\/\/tsf-duelmen.de\/wp-content\/uploads\/2026\/01\/WhatsApp-Image-2026-01-20-at-17.05.36.jpeg","contentUrl":"https:\/\/tsf-duelmen.de\/wp-content\/uploads\/2026\/01\/WhatsApp-Image-2026-01-20-at-17.05.36.jpeg","width":1493,"height":1374},{"@type":"BreadcrumbList","@id":"https:\/\/tsf-duelmen.de\/index.php\/trainingszeiten\/#breadcrumb","itemListElement":[{"@type":"ListItem","position":1,"name":"Home","item":"https:\/\/tsf-duelmen.de\/"},{"@type":"ListItem","position":2,"name":"Trainingszeiten"}]},{"@type":"WebSite","@id":"https:\/\/tsf-duelmen.de\/#website","url":"https:\/\/tsf-duelmen.de\/","name":"TSF D\u00fclmen","description":"Tanzen ist tr\u00e4umen mit de F\u00fcssen","publisher":{"@id":"https:\/\/tsf-duelmen.de\/#organization"},"potentialAction":[{"@type":"SearchAction","target":{"@type":"EntryPoint","urlTemplate":"https:\/\/tsf-duelmen.de\/?s={search_term_string}"},"query-input":{"@type":"PropertyValueSpecification","valueRequired":true,"valueName":"search_term_string"}}],"inLanguage":"de"},{"@type":"Organization","@id":"https:\/\/tsf-duelmen.de\/#organization","name":"TSF D\u00fclmen","url":"https:\/\/tsf-duelmen.de\/","logo":{"@type":"ImageObject","inLanguage":"de","@id":"https:\/\/tsf-duelmen.de\/#\/schema\/logo\/image\/","url":"https:\/\/tsf-duelmen.de\/wp-content\/uploads\/2019\/12\/cropped-TSF_Logo_wH_RZ.png","contentUrl":"https:\/\/tsf-duelmen.de\/wp-content\/uploads\/2019\/12\/cropped-TSF_Logo_wH_RZ.png","width":1387,"height":793,"caption":"TSF D\u00fclmen"},"image":{"@id":"https:\/\/tsf-duelmen.de\/#\/schema\/logo\/image\/"}}]}},"_links":{"self":[{"href":"https:\/\/tsf-duelmen.de\/index.php\/wp-json\/wp\/v2\/pages\/2","targetHints":{"allow":["GET"]}}],"collection":[{"href":"https:\/\/tsf-duelmen.de\/index.php\/wp-json\/wp\/v2\/pages"}],"about":[{"href":"https:\/\/tsf-duelmen.de\/index.php\/wp-json\/wp\/v2\/types\/page"}],"author":[{"embeddable":true,"href":"https:\/\/tsf-duelmen.de\/index.php\/wp-json\/wp\/v2\/users\/1"}],"replies":[{"embeddable":true,"href":"https:\/\/tsf-duelmen.de\/index.php\/wp-json\/wp\/v2\/comments?post=2"}],"version-history":[{"count":145,"href":"https:\/\/tsf-duelmen.de\/index.php\/wp-json\/wp\/v2\/pages\/2\/revisions"}],"predecessor-version":[{"id":1517,"href":"https:\/\/tsf-duelmen.de\/index.php\/wp-json\/wp\/v2\/pages\/2\/revisions\/1517"}],"wp:attachment":[{"href":"https:\/\/tsf-duelmen.de\/index.php\/wp-json\/wp\/v2\/media?parent=2"}],"curies":[{"name":"wp","href":"https:\/\/api.w.org\/{rel}","templated":true}]}}